{"id":176,"date":"2018-03-28T11:41:30","date_gmt":"2018-03-28T11:41:30","guid":{"rendered":"https:\/\/vocal.erasmus.site\/?page_id=176"},"modified":"2018-09-17T16:04:16","modified_gmt":"2018-09-17T16:04:16","slug":"partnership","status":"publish","type":"page","link":"https:\/\/vocal.erasmus.site\/de\/partnership\/","title":{"rendered":"Partner"},"content":{"rendered":"<p><\/p>\n<div>\n<div style=\"float: left; height: 403px; margin-right: 10px;\"><img fetchpriority=\"high\" decoding=\"async\" data-attachment-id=\"105\" data-permalink=\"https:\/\/vocal.erasmus.site\/de\/partnership\/attachment\/iot_tralee_logo\/\" data-orig-file=\"https:\/\/i0.wp.com\/vocal.erasmus.site\/wp-content\/uploads\/2018\/03\/IoT_tralee_logo.jpg?fit=225%2C225&amp;ssl=1\" data-orig-size=\"225,225\" data-comments-opened=\"0\" data-image-meta=\"{&quot;aperture&quot;:&quot;0&quot;,&quot;credit&quot;:&quot;&quot;,&quot;camera&quot;:&quot;&quot;,&quot;caption&quot;:&quot;&quot;,&quot;created_timestamp&quot;:&quot;0&quot;,&quot;copyright&quot;:&quot;&quot;,&quot;focal_length&quot;:&quot;0&quot;,&quot;iso&quot;:&quot;0&quot;,&quot;shutter_speed&quot;:&quot;0&quot;,&quot;title&quot;:&quot;&quot;,&quot;orientation&quot;:&quot;0&quot;}\" data-image-title=\"IoT_tralee_logo\" data-image-description=\"\" data-image-caption=\"\" data-large-file=\"https:\/\/i0.wp.com\/vocal.erasmus.site\/wp-content\/uploads\/2018\/03\/IoT_tralee_logo.jpg?fit=225%2C225&amp;ssl=1\" class=\"alignnone size-full wp-image-105\" src=\"\/wp-content\/uploads\/2018\/03\/IoT_tralee_logo.jpg\" alt=\"\" width=\"225\" height=\"225\" srcset=\"https:\/\/i0.wp.com\/vocal.erasmus.site\/wp-content\/uploads\/2018\/03\/IoT_tralee_logo.jpg?w=225&amp;ssl=1 225w, https:\/\/i0.wp.com\/vocal.erasmus.site\/wp-content\/uploads\/2018\/03\/IoT_tralee_logo.jpg?resize=150%2C150&amp;ssl=1 150w, https:\/\/i0.wp.com\/vocal.erasmus.site\/wp-content\/uploads\/2018\/03\/IoT_tralee_logo.jpg?resize=220%2C220&amp;ssl=1 220w, https:\/\/i0.wp.com\/vocal.erasmus.site\/wp-content\/uploads\/2018\/03\/IoT_tralee_logo.jpg?resize=50%2C50&amp;ssl=1 50w\" sizes=\"(max-width: 225px) 100vw, 225px\" \/><\/div>\n<div><strong style=\"font-size: 18px; color: #f4a86c;\">Institute of Technology Tralee (IE)<\/strong><br \/>\nSeit seiner Gr\u00fcndung steht das ITT an der Spitze in Sachen Lernen und hat seitdem\u00a0 einen guten Ruf als bedeutendes Zentrum f\u00fcr Lehre, Lernen und Forschung erworben. Das Institut bietet ein breites Spektrum von Voll- und Teilzeitkursen an beginnend von Grundkursen \u00fcber Zertifikatskurse und Studieng\u00e4nge bis hin zu postgradualen Abschl\u00fcssen und Promotionen. Die Weiterentwicklung der Lehrprogramme ist Bestandteil eines Forschungsprogramms auf internationalem Spitzenniveau. Mit zwei Campus, beide in N\u00e4he des Stadtzentrums, ist das Institut verdienterma\u00dfen bekannt f\u00fcr Freundlichkeit und Erfolg. Mehr als 3500 Studenten, die eine bunte Mischung aus inl\u00e4ndischen und Studenten aus der EU sowie \u00dcbersee bilden, und 250 akademische Mitarbeiter garantieren einen herzlichen Empfang im Institut. Aufgrund seiner Lage in der Nachbarschaft zum Kerry Technologiepark pflegt das Institut enge Beziehungen zu den Firmen, die im Park ans\u00e4ssig sind. Unser Millionenprojekt Masterplan hat zu einer wesentlichen Entwicklung der Bereiche Sport, Lehr und Forschung gef\u00fchrt.<\/p>\n<p>Bitte besuchen Sie unsere Website: <a href=\"http:\/\/www.ittralee.ie\" target=\"_blank\" rel=\"noopener\">ittralee.ie<\/a><\/p>\n<\/div>\n<\/div>\n<hr class=\"separator\" \/>\n<div>\n<div style=\"float: left; height: 420px; margin-right: 10px;\"><img decoding=\"async\" data-attachment-id=\"395\" data-permalink=\"https:\/\/vocal.erasmus.site\/de\/partnership\/attachment\/logo_sachsen-2\/\" data-orig-file=\"https:\/\/i0.wp.com\/vocal.erasmus.site\/wp-content\/uploads\/2018\/05\/logo_sachsen.jpg?fit=225%2C225&amp;ssl=1\" data-orig-size=\"225,225\" data-comments-opened=\"0\" data-image-meta=\"{&quot;aperture&quot;:&quot;0&quot;,&quot;credit&quot;:&quot;&quot;,&quot;camera&quot;:&quot;&quot;,&quot;caption&quot;:&quot;&quot;,&quot;created_timestamp&quot;:&quot;1526491942&quot;,&quot;copyright&quot;:&quot;&quot;,&quot;focal_length&quot;:&quot;0&quot;,&quot;iso&quot;:&quot;0&quot;,&quot;shutter_speed&quot;:&quot;0&quot;,&quot;title&quot;:&quot;&quot;,&quot;orientation&quot;:&quot;0&quot;}\" data-image-title=\"logo_sachsen\" data-image-description=\"\" data-image-caption=\"\" data-large-file=\"https:\/\/i0.wp.com\/vocal.erasmus.site\/wp-content\/uploads\/2018\/05\/logo_sachsen.jpg?fit=225%2C225&amp;ssl=1\" class=\"alignnone size-full wp-image-395\" src=\"\/wp-content\/uploads\/2018\/05\/logo_sachsen.jpg\" alt=\"\" width=\"225\" height=\"225\" srcset=\"https:\/\/i0.wp.com\/vocal.erasmus.site\/wp-content\/uploads\/2018\/05\/logo_sachsen.jpg?w=225&amp;ssl=1 225w, https:\/\/i0.wp.com\/vocal.erasmus.site\/wp-content\/uploads\/2018\/05\/logo_sachsen.jpg?resize=150%2C150&amp;ssl=1 150w, https:\/\/i0.wp.com\/vocal.erasmus.site\/wp-content\/uploads\/2018\/05\/logo_sachsen.jpg?resize=220%2C220&amp;ssl=1 220w, https:\/\/i0.wp.com\/vocal.erasmus.site\/wp-content\/uploads\/2018\/05\/logo_sachsen.jpg?resize=50%2C50&amp;ssl=1 50w\" sizes=\"(max-width: 225px) 100vw, 225px\" \/><\/div>\n<div><strong style=\"font-size: 18px; color: #f4a86c;\">Hochschule der S\u00e4chsischen Polizei (FH) (DE)<\/strong><br \/>\nTDie Hochschule der S\u00e4chsischen Polizei (FH) bildet Polizeibeamte f\u00fcr den Freistaat Sachsen aus. Im \u00f6stlichsten Zipfel der Bundesrepublik Deutschland gelegen, ist sie mit Problemen grenz\u00fcberschreitender und Transitkriminalit\u00e4t konfrontiert, was eine enge Zusammenarbeit mit den Polizeien der Nachbarl\u00e4nder erfordert, hohe Sensibilit\u00e4t in interkulturellen Begegnungen sowie Fremdsprachenkenntnisse.<br \/>\nDie Hochschule der S\u00e4chsischen Polizei (FH) ist die einzige Ausbildungseinrichtung f\u00fcr die Polizei in der Region und als solche darauf bedacht, interkulturelle Kompetenz und Fremdsprachen im Lehrplan zu verankern. Der Schwerpunkt liegt dabei auf Englisch, aber auch Tschechisch, Polnisch und Russisch werden in der Sprachfortbildung angeboten.<br \/>\nDie Absolventen werden im gehobenen Polizeivollzugsdienst in verschiedenen Polizeidienststellen Sachsens sowohl in der Schutzpolizei als auch in der Kriminalpolizei eingesetzt.<\/p>\n<p>Weitere Informationen erhalten Sie auf unserer Website: <a href=\"https:\/\/www.polizei.sachsen.de\/de\/polfh.htm\" target=\"_blank\" rel=\"noopener\">polizei.sachsen.de<\/a><\/div>\n<\/div>\n<hr class=\"separator\" \/>\n<div>\n<div style=\"float: left; height: 540px; margin-right: 10px;\"><img decoding=\"async\" data-attachment-id=\"112\" data-permalink=\"https:\/\/vocal.erasmus.site\/de\/partnership\/attachment\/danmar_logo\/\" data-orig-file=\"https:\/\/i0.wp.com\/vocal.erasmus.site\/wp-content\/uploads\/2018\/03\/danmar_logo.jpg?fit=225%2C225&amp;ssl=1\" data-orig-size=\"225,225\" data-comments-opened=\"0\" data-image-meta=\"{&quot;aperture&quot;:&quot;0&quot;,&quot;credit&quot;:&quot;&quot;,&quot;camera&quot;:&quot;&quot;,&quot;caption&quot;:&quot;&quot;,&quot;created_timestamp&quot;:&quot;0&quot;,&quot;copyright&quot;:&quot;&quot;,&quot;focal_length&quot;:&quot;0&quot;,&quot;iso&quot;:&quot;0&quot;,&quot;shutter_speed&quot;:&quot;0&quot;,&quot;title&quot;:&quot;&quot;,&quot;orientation&quot;:&quot;0&quot;}\" data-image-title=\"danmar_logo\" data-image-description=\"\" data-image-caption=\"\" data-large-file=\"https:\/\/i0.wp.com\/vocal.erasmus.site\/wp-content\/uploads\/2018\/03\/danmar_logo.jpg?fit=225%2C225&amp;ssl=1\" class=\"alignnone size-full wp-image-112\" src=\"\/wp-content\/uploads\/2018\/03\/danmar_logo.jpg\" alt=\"\" width=\"225\" height=\"225\" srcset=\"https:\/\/i0.wp.com\/vocal.erasmus.site\/wp-content\/uploads\/2018\/03\/danmar_logo.jpg?w=225&amp;ssl=1 225w, https:\/\/i0.wp.com\/vocal.erasmus.site\/wp-content\/uploads\/2018\/03\/danmar_logo.jpg?resize=150%2C150&amp;ssl=1 150w, https:\/\/i0.wp.com\/vocal.erasmus.site\/wp-content\/uploads\/2018\/03\/danmar_logo.jpg?resize=220%2C220&amp;ssl=1 220w, https:\/\/i0.wp.com\/vocal.erasmus.site\/wp-content\/uploads\/2018\/03\/danmar_logo.jpg?resize=50%2C50&amp;ssl=1 50w\" sizes=\"(max-width: 225px) 100vw, 225px\" \/><\/div>\n<div><strong style=\"font-size: 18px; color: #f4a86c;\">Danmar Computers LLC (PL)<\/strong><br \/>\nDanmar Computers ist ein privates Unternehmen, das berufliche Ausbildung auf dem Gebiet der Informationstechnologie anbietet sowie E-Learning und individuelle ICT-L\u00f6sungen entwickelt. Es befasst sich mit: Ausbildung, Entwicklung von Programmen und Ausbildungsmaterialien, Design von Websites und mobilen Apps, Internetkampagnien und E-Learning-Systemen. Die technischen Mitarbeiter sind in der Lage, jede Art moderner Internet und mobiler App zu entwickeln, indem sie Datenbanken, Web Server und Application Server nutzt. Das schlie\u00dft soziale und Cloud-Dienste ein \u2013 sowohl von der Seite des Kunden als auch der Server. Danmar Computers hat ein Projetmanagement-System designed und entwickelt: AdminProject. Es ist derzeit das einzige Produkt auf dem Markt, das dem Management von EU Projekten dient.<\/p>\n<p>Neben IT-Fachwissen verf\u00fcgt Danmar \u00fcber mehrj\u00e4hrige Erfahrungen in der Umsetzung von europ\u00e4ischen Bildungsprogrammen \u2013 darunter: Progress, Innovationstransfer, Erasmus, Leonardo da Vinci und Grundtvig Partnerschaften. Da der IT-Sektor den eigentlichen T\u00e4tigkeitsbereich von Danmar Computers darstellt, entwickelt die Firma h\u00e4ufig IT Tools, die die Projektarbeit unterst\u00fctzen (Online Frageb\u00f6gen, Interaktive Trainingsprogramme, mobile Apps oder Internet basierte PR-Campagnien).<\/p>\n<p>Bitte besuchen Sie unsere Website: <a href=\"http:\/\/www.danmar-computers.com.pl\/\" target=\"_blank\" rel=\"noopener\">danmar-computers.com.pl<\/a><\/div>\n<\/div>\n<hr class=\"separator\" \/>\n<div>\n<div style=\"float: left; height: 290px; margin-right: 10px;\"><img loading=\"lazy\" decoding=\"async\" data-attachment-id=\"113\" data-permalink=\"https:\/\/vocal.erasmus.site\/de\/partnership\/attachment\/assist_logo\/\" data-orig-file=\"https:\/\/i0.wp.com\/vocal.erasmus.site\/wp-content\/uploads\/2018\/03\/assist_Logo.jpg?fit=225%2C225&amp;ssl=1\" data-orig-size=\"225,225\" data-comments-opened=\"0\" data-image-meta=\"{&quot;aperture&quot;:&quot;0&quot;,&quot;credit&quot;:&quot;&quot;,&quot;camera&quot;:&quot;&quot;,&quot;caption&quot;:&quot;&quot;,&quot;created_timestamp&quot;:&quot;1522275520&quot;,&quot;copyright&quot;:&quot;&quot;,&quot;focal_length&quot;:&quot;0&quot;,&quot;iso&quot;:&quot;0&quot;,&quot;shutter_speed&quot;:&quot;0&quot;,&quot;title&quot;:&quot;&quot;,&quot;orientation&quot;:&quot;0&quot;}\" data-image-title=\"assist_Logo\" data-image-description=\"\" data-image-caption=\"\" data-large-file=\"https:\/\/i0.wp.com\/vocal.erasmus.site\/wp-content\/uploads\/2018\/03\/assist_Logo.jpg?fit=225%2C225&amp;ssl=1\" class=\"alignnone size-full wp-image-113\" src=\"\/wp-content\/uploads\/2018\/03\/assist_Logo.jpg\" alt=\"\" width=\"225\" height=\"225\" srcset=\"https:\/\/i0.wp.com\/vocal.erasmus.site\/wp-content\/uploads\/2018\/03\/assist_Logo.jpg?w=225&amp;ssl=1 225w, https:\/\/i0.wp.com\/vocal.erasmus.site\/wp-content\/uploads\/2018\/03\/assist_Logo.jpg?resize=150%2C150&amp;ssl=1 150w, https:\/\/i0.wp.com\/vocal.erasmus.site\/wp-content\/uploads\/2018\/03\/assist_Logo.jpg?resize=220%2C220&amp;ssl=1 220w, https:\/\/i0.wp.com\/vocal.erasmus.site\/wp-content\/uploads\/2018\/03\/assist_Logo.jpg?resize=50%2C50&amp;ssl=1 50w\" sizes=\"(max-width: 225px) 100vw, 225px\" \/><\/div>\n<div><strong style=\"font-size: 18px; color: #f4a86c;\">assist GmbH (DE)<\/strong><br \/>\nassist International HR ist ein anerkanntes internationales Personalentwicklungsunternehmen mit Sitz in Paderborn, Deutschland, das welt weit t\u00e4tig ist. Das Unternehmen bietet interkulturelles Training, F\u00fchrungskr\u00e4ftetraining und Kommunikationstraining an sowie interkulturelle Workshops, interkulturelle Mediation, interkulturelles Consulting und Trainerausbildung.<\/p>\n<p>Assist legt den Schwerpunkt auf Blended Learning (E-Learning, Webinars, E-Tutorien sowie Gruppenunterricht).<\/p>\n<p>Bitte besuchen Sie unsere Website: <a href=\"http:\/\/www.international-hr.de\/\" target=\"_blank\" rel=\"noopener\">international-hr.de<\/a><\/div>\n<\/div>\n<hr class=\"separator\" \/>\n<div style=\"clear: both;\">\n<div style=\"float: left; height: 470px; margin-right: 10px;\"><img data-recalc-dims=\"1\" loading=\"lazy\" decoding=\"async\" data-attachment-id=\"114\" data-permalink=\"https:\/\/vocal.erasmus.site\/de\/partnership\/attachment\/mykolaromeris_university_logo\/\" data-orig-file=\"https:\/\/i0.wp.com\/vocal.erasmus.site\/wp-content\/uploads\/2018\/03\/MYKOLAROMERIS_UNIVERSITY_logo.jpg?fit=225%2C225&amp;ssl=1\" data-orig-size=\"225,225\" data-comments-opened=\"0\" data-image-meta=\"{&quot;aperture&quot;:&quot;0&quot;,&quot;credit&quot;:&quot;&quot;,&quot;camera&quot;:&quot;&quot;,&quot;caption&quot;:&quot;&quot;,&quot;created_timestamp&quot;:&quot;0&quot;,&quot;copyright&quot;:&quot;&quot;,&quot;focal_length&quot;:&quot;0&quot;,&quot;iso&quot;:&quot;0&quot;,&quot;shutter_speed&quot;:&quot;0&quot;,&quot;title&quot;:&quot;&quot;,&quot;orientation&quot;:&quot;0&quot;}\" data-image-title=\"MYKOLAROMERIS_UNIVERSITY_logo\" data-image-description=\"\" data-image-caption=\"\" data-large-file=\"https:\/\/i0.wp.com\/vocal.erasmus.site\/wp-content\/uploads\/2018\/03\/MYKOLAROMERIS_UNIVERSITY_logo.jpg?fit=225%2C225&amp;ssl=1\" class=\"alignnone size-full wp-image-114\" src=\"https:\/\/i0.wp.com\/vocal.erasmus.site\/wp-content\/uploads\/2018\/03\/MYKOLAROMERIS_UNIVERSITY_logo.jpg?resize=225%2C225&#038;ssl=1\" alt=\"\" width=\"225\" height=\"225\" srcset=\"https:\/\/i0.wp.com\/vocal.erasmus.site\/wp-content\/uploads\/2018\/03\/MYKOLAROMERIS_UNIVERSITY_logo.jpg?w=225&amp;ssl=1 225w, https:\/\/i0.wp.com\/vocal.erasmus.site\/wp-content\/uploads\/2018\/03\/MYKOLAROMERIS_UNIVERSITY_logo.jpg?resize=150%2C150&amp;ssl=1 150w, https:\/\/i0.wp.com\/vocal.erasmus.site\/wp-content\/uploads\/2018\/03\/MYKOLAROMERIS_UNIVERSITY_logo.jpg?resize=220%2C220&amp;ssl=1 220w, https:\/\/i0.wp.com\/vocal.erasmus.site\/wp-content\/uploads\/2018\/03\/MYKOLAROMERIS_UNIVERSITY_logo.jpg?resize=50%2C50&amp;ssl=1 50w\" sizes=\"(max-width: 225px) 100vw, 225px\" \/><\/div>\n<div><strong style=\"font-size: 18px; color: #f4a86c;\">Mycolas Romeris University (LT)<\/strong><br \/>\nDie Universit\u00e4t ist die gr\u00f6\u00dfte Universit\u00e4t Litauens mit Fokus auf Rechtswissenschaften, Psychologie, \u00f6ffentliche Verwaltung, Politikwissenschaft, Wirtschaftswissenschaft und Erziehungswissenschaft in Ausbildung und Forschung.<br \/>\nDie Mykolas Romeris Universit\u00e4t (MRU), eine staatliche Einrichtung, ist eine internationale Universit\u00e4t in Nordeuropa. Jedes Jahr immatrikuliert die Universit\u00e4t eine gro\u00dfe Anzahl kreativer und talentierter junger Menschen.  Sie steht Ver\u00e4nderung offen gegen\u00fcber, f\u00f6rdert intellektuell stimulierende Studieng\u00e4nge und legt den Schwerpunkt auf fortlaufende Forschungsaktivit\u00e4ten. Damit tr\u00e4gt die Mykolas Romeris Universit\u00e4t zur Pers\u00f6nlichkeitsentwicklung reifer, gesch\u00e4ftst\u00fcchtiger und selbst\u00e4ndiger zuk\u00fcnftiger F\u00fchrungskr\u00e4fte und verantwortungsbewusster B\u00fcrger bei. Die Universit\u00e4t hat nahezu 10 000 Studenten, die sich mit Enthusiasmus und hoher Motivation dem von ihnen gew\u00e4hlten Fachgebiet widmen. Die Studieng\u00e4nge werden kontinuierlich erneuert und auf den neuesten Stand gebracht \u2013 in \u00dcbereinstimmung mit den Bed\u00fcrfnissen der Gesellschaft \u2013 und stellen den jungen Menschen das Wissen und die F\u00e4higkeiten zur Verf\u00fcgung die zum Aufbau einer erfolgreichen Karriere n\u00f6tig sind.<\/p>\n<p>Bitte besuchen Sie unsere Website auf: <a href=\"http:\/\/www.mruni.eu\/\" target=\"_blank\" rel=\"noopener\">mruni.eu<\/a><\/div>\n<\/div>\n<hr class=\"separator\" \/>\n<div>\n<div style=\"float: left; height: 378px; margin-right: 10px;\"><img data-recalc-dims=\"1\" loading=\"lazy\" decoding=\"async\" data-attachment-id=\"115\" data-permalink=\"https:\/\/vocal.erasmus.site\/de\/partnership\/attachment\/formazione_logo\/\" data-orig-file=\"https:\/\/i0.wp.com\/vocal.erasmus.site\/wp-content\/uploads\/2018\/03\/formazione_logo.jpg?fit=225%2C225&amp;ssl=1\" data-orig-size=\"225,225\" data-comments-opened=\"0\" data-image-meta=\"{&quot;aperture&quot;:&quot;0&quot;,&quot;credit&quot;:&quot;&quot;,&quot;camera&quot;:&quot;&quot;,&quot;caption&quot;:&quot;&quot;,&quot;created_timestamp&quot;:&quot;1522276320&quot;,&quot;copyright&quot;:&quot;&quot;,&quot;focal_length&quot;:&quot;0&quot;,&quot;iso&quot;:&quot;0&quot;,&quot;shutter_speed&quot;:&quot;0&quot;,&quot;title&quot;:&quot;&quot;,&quot;orientation&quot;:&quot;0&quot;}\" data-image-title=\"formazione_logo\" data-image-description=\"\" data-image-caption=\"\" data-large-file=\"https:\/\/i0.wp.com\/vocal.erasmus.site\/wp-content\/uploads\/2018\/03\/formazione_logo.jpg?fit=225%2C225&amp;ssl=1\" class=\"alignnone size-full wp-image-115\" src=\"https:\/\/i0.wp.com\/vocal.erasmus.site\/wp-content\/uploads\/2018\/03\/formazione_logo.jpg?resize=225%2C225&#038;ssl=1\" alt=\"\" width=\"225\" height=\"225\" srcset=\"https:\/\/i0.wp.com\/vocal.erasmus.site\/wp-content\/uploads\/2018\/03\/formazione_logo.jpg?w=225&amp;ssl=1 225w, https:\/\/i0.wp.com\/vocal.erasmus.site\/wp-content\/uploads\/2018\/03\/formazione_logo.jpg?resize=150%2C150&amp;ssl=1 150w, https:\/\/i0.wp.com\/vocal.erasmus.site\/wp-content\/uploads\/2018\/03\/formazione_logo.jpg?resize=220%2C220&amp;ssl=1 220w, https:\/\/i0.wp.com\/vocal.erasmus.site\/wp-content\/uploads\/2018\/03\/formazione_logo.jpg?resize=50%2C50&amp;ssl=1 50w\" sizes=\"(max-width: 225px) 100vw, 225px\" \/><\/div>\n<div><strong style=\"font-size: 18px; color: #f4a86c;\">FormAzione Co&amp;So Network (IT)<\/strong><br \/>\nDas FormAzione Co&#038;So Network ist ein Konsortium aus zehn Sozialverb\u00e4nden mit Sitz in der italienischen Provinz Florenz.  FormAzione Co&#038;So Network arbeitet im Bereich \u00f6ffentliche Auftragsvergabe f\u00fcr Istitutionen wie Gemeinden und Provinzen und leitet in deren Auftrag verschiedene soziale Dienste (z.B. berufliche Wiedereingliederung, Betreuung von Menschen mit Behinderungen, Unterst\u00fctzung von Integrationsma\u00dfnahmen f\u00fcr Migranten). Das FCN besch\u00e4ftigt 10 Mitarbeiter, insgesamt sind in den dazugeh\u00f6rigen Verb\u00e4nden ca. 3000 Personen t\u00e4tig. FCN ist auch als Ausbildungseinrichtung f\u00fcr die Region Toskana akkreditiert und entwickelt insbesondere Ausbildungsprogramme f\u00fcr benachteiligte Gruppen wie Gefl\u00fcchtete und Asylsuchende.<br \/>\nAn EU-finanzierten Projekten ist FCN seit 2004 beteiligt, insbesondere an den Programmen Erasmus+, AMIF, LLP, EIF und Daphne \u2013 zum einen als Projekttr\u00e4ger und zum anderen  als Partner. FCN hat das UNI EN ISO 9001:2008 Qualit\u00e4tssiegel.<\/p>\n<p>Bitte besuchen Sie unsere Website auf: <a href=\"http:\/\/www.formazionenet.eu\/\" target=\"_blank\" rel=\"noopener\">formazionenet.eu<\/a><\/div>\n<\/div>\n<hr class=\"separator\" \/>\n<div>\n<div style=\"float: left; height: 470px; margin-right: 10px;\"><img data-recalc-dims=\"1\" loading=\"lazy\" decoding=\"async\" data-attachment-id=\"117\" data-permalink=\"https:\/\/vocal.erasmus.site\/de\/partnership\/attachment\/plovdiv_logo\/\" data-orig-file=\"https:\/\/i0.wp.com\/vocal.erasmus.site\/wp-content\/uploads\/2018\/03\/plovdiv_logo.jpg?fit=225%2C225&amp;ssl=1\" data-orig-size=\"225,225\" data-comments-opened=\"0\" data-image-meta=\"{&quot;aperture&quot;:&quot;0&quot;,&quot;credit&quot;:&quot;&quot;,&quot;camera&quot;:&quot;&quot;,&quot;caption&quot;:&quot;&quot;,&quot;created_timestamp&quot;:&quot;0&quot;,&quot;copyright&quot;:&quot;&quot;,&quot;focal_length&quot;:&quot;0&quot;,&quot;iso&quot;:&quot;0&quot;,&quot;shutter_speed&quot;:&quot;0&quot;,&quot;title&quot;:&quot;&quot;,&quot;orientation&quot;:&quot;0&quot;}\" data-image-title=\"plovdiv_logo\" data-image-description=\"\" data-image-caption=\"\" data-large-file=\"https:\/\/i0.wp.com\/vocal.erasmus.site\/wp-content\/uploads\/2018\/03\/plovdiv_logo.jpg?fit=225%2C225&amp;ssl=1\" class=\"alignnone size-full wp-image-117\" src=\"https:\/\/i0.wp.com\/vocal.erasmus.site\/wp-content\/uploads\/2018\/03\/plovdiv_logo.jpg?resize=225%2C225&#038;ssl=1\" alt=\"\" width=\"225\" height=\"225\" srcset=\"https:\/\/i0.wp.com\/vocal.erasmus.site\/wp-content\/uploads\/2018\/03\/plovdiv_logo.jpg?w=225&amp;ssl=1 225w, https:\/\/i0.wp.com\/vocal.erasmus.site\/wp-content\/uploads\/2018\/03\/plovdiv_logo.jpg?resize=150%2C150&amp;ssl=1 150w, https:\/\/i0.wp.com\/vocal.erasmus.site\/wp-content\/uploads\/2018\/03\/plovdiv_logo.jpg?resize=220%2C220&amp;ssl=1 220w, https:\/\/i0.wp.com\/vocal.erasmus.site\/wp-content\/uploads\/2018\/03\/plovdiv_logo.jpg?resize=50%2C50&amp;ssl=1 50w\" sizes=\"(max-width: 225px) 100vw, 225px\" \/><\/div>\n<div><strong style=\"font-size: 18px; color: #f4a86c;\">UNIVERSITY OF PLOVDIV PAISII HILENDARSKI (BG)<\/strong><br \/>\nDie \u201ePaisii Hilendarski\u201c Universit\u00e4t Plovdiv ist das gr\u00f6\u00dfte Bildungs-, Forschungs-, Wissenschafts- und Kulturzentrum der Stadt. Sie ist die gr\u00f6\u00dfte Hochschuleinrichtung in S\u00fcdbulgarien und die zweitgr\u00f6\u00dfte bulgarische Universit\u00e4t. Sie bietet Hochschul-Studieng\u00e4nge in f\u00fcnf Hauptrichtungen an: Naturwissenschaften, Gesellschafts-wissenschaften, Sozialwissenschaft und Wirtschaftswissenschaft. Pro Jahr werden durchschnittlich mehr als 15000 Studenten immatrikuliert, darunter Studenten aus dem Ausland auf Basis von Erasmus oder anderen Mobilit\u00e4tsprogrammen. Die neun Fakult\u00e4ten der Universit\u00e4t bieten zahlreiche Bachelor- und Masterstudieng\u00e4nge sowie Promotionen an.<\/p>\n<p>Das Zentrum f\u00fcr Fremdsprachen und Interkulturelle Kommunikation (CLIC) \u2013 dessen Mitarbeiterteam stellt die Projekt-Teilnehmer der Universit\u00e4t Plovdiv \u2013 geh\u00f6rt zur Fakult\u00e4t Sprachen und Literatur der Universit\u00e4t Plovdiv und hat die Unterst\u00fctzng effektiven Sprachenlernens und der Interkulturellen Kommunikation zum Ziel. Es bietet qualitativ hochwertigen Service auf der Grundlage seiner Forschungen auf den Gebieten Sprache, Kultur und Kommunikation.<\/p>\n<p>Bitte besuchen Sie unsere Website: <a href=\"http:\/\/www.uni-plovdiv.bg\/\" target=\"_blank\" rel=\"noopener\">uni-plovdiv.bg<\/a><\/div>\n<\/div>\n<hr class=\"separator\" \/>\n<div>\n<div style=\"float: left; height: 440px; margin-right: 10px;\"><img loading=\"lazy\" decoding=\"async\" data-attachment-id=\"398\" data-permalink=\"https:\/\/vocal.erasmus.site\/de\/partnership\/attachment\/meb_logo-2\/\" data-orig-file=\"https:\/\/i0.wp.com\/vocal.erasmus.site\/wp-content\/uploads\/2018\/05\/meb_logo.jpg?fit=225%2C225&amp;ssl=1\" data-orig-size=\"225,225\" data-comments-opened=\"0\" data-image-meta=\"{&quot;aperture&quot;:&quot;0&quot;,&quot;credit&quot;:&quot;&quot;,&quot;camera&quot;:&quot;&quot;,&quot;caption&quot;:&quot;&quot;,&quot;created_timestamp&quot;:&quot;1526492667&quot;,&quot;copyright&quot;:&quot;&quot;,&quot;focal_length&quot;:&quot;0&quot;,&quot;iso&quot;:&quot;0&quot;,&quot;shutter_speed&quot;:&quot;0&quot;,&quot;title&quot;:&quot;&quot;,&quot;orientation&quot;:&quot;0&quot;}\" data-image-title=\"meb_logo\" data-image-description=\"\" data-image-caption=\"\" data-large-file=\"https:\/\/i0.wp.com\/vocal.erasmus.site\/wp-content\/uploads\/2018\/05\/meb_logo.jpg?fit=225%2C225&amp;ssl=1\" class=\"alignnone size-full wp-image-398\" src=\"\/wp-content\/uploads\/2018\/05\/meb_logo.jpg\" alt=\"\" width=\"225\" height=\"225\" srcset=\"https:\/\/i0.wp.com\/vocal.erasmus.site\/wp-content\/uploads\/2018\/05\/meb_logo.jpg?w=225&amp;ssl=1 225w, https:\/\/i0.wp.com\/vocal.erasmus.site\/wp-content\/uploads\/2018\/05\/meb_logo.jpg?resize=150%2C150&amp;ssl=1 150w, https:\/\/i0.wp.com\/vocal.erasmus.site\/wp-content\/uploads\/2018\/05\/meb_logo.jpg?resize=220%2C220&amp;ssl=1 220w, https:\/\/i0.wp.com\/vocal.erasmus.site\/wp-content\/uploads\/2018\/05\/meb_logo.jpg?resize=50%2C50&amp;ssl=1 50w\" sizes=\"(max-width: 225px) 100vw, 225px\" \/><\/div>\n<div><strong style=\"font-size: 18px; color: #f4a86c;\">Esenler Mesleki ve Teknik Anadolu Lisesi (TR)<\/strong><br \/>\nDie Berufsschule Esenler wurde 2011 gegr\u00fcndet und hat einige Fachbereiche auf dem Gebiet der beruflichen Englischausbildung. Die Schule hat 80 Lehrer und 1800 Sch\u00fcler. Sie verf\u00fcgt \u00fcber betr\u00e4chtliche Erfahrungen auf dem Gebiet der Berufsausbildung. Die Schule konzentriert sich insbesondere auf die Bereiche Textilindustrie, ICT sowie Elektrotechnik \/ Elektronik.<\/p>\n<p>Die Schule kooperiert sowohl mit kleineren als auch gro\u00dfen Einrichtungen im \u00f6ffentlichen Sektor. Die Esenler Berufsschule arbeitet mit NGOs an der Verbesserung der beruflichen Ausbildung. Ihre Sch\u00fcler werden im letzten Schuljahr an drei Tagen pro Woche in diesen Institutionen ausgebildet.<\/p>\n<p>Die Berufsausbildung in der T\u00fcrkei dauert vier Jahre. Das erste Jahr ist ein Vorbereitungsjahr. Anschlie\u00dfend w\u00e4hlen die Sch\u00fcler ihren Ausbildungsbereich aus. Der Beratungsservice der Schule unterst\u00fctzt die Sch\u00fcler w\u00e4hrend ihrer beruflichen Ausbildung.<\/p>\n<p>Bitte besuchen Sie unsere Website: <a href=\"http:\/\/www.esenlermtal.meb.k12.tr\/\" target=\"_blank\" rel=\"noopener\">esenlermtal.meb.k12.tr<\/a><\/div>\n<\/div>\n<hr class=\"separator\" \/>\n<div>\n<div style=\"float: left; height: 735px; margin-right: 10px;\"><img data-recalc-dims=\"1\" loading=\"lazy\" decoding=\"async\" data-attachment-id=\"120\" data-permalink=\"https:\/\/vocal.erasmus.site\/de\/partnership\/attachment\/berater_logo\/\" data-orig-file=\"https:\/\/i0.wp.com\/vocal.erasmus.site\/wp-content\/uploads\/2018\/03\/berater_logo.jpg?fit=225%2C225&amp;ssl=1\" data-orig-size=\"225,225\" data-comments-opened=\"0\" data-image-meta=\"{&quot;aperture&quot;:&quot;0&quot;,&quot;credit&quot;:&quot;&quot;,&quot;camera&quot;:&quot;&quot;,&quot;caption&quot;:&quot;&quot;,&quot;created_timestamp&quot;:&quot;0&quot;,&quot;copyright&quot;:&quot;&quot;,&quot;focal_length&quot;:&quot;0&quot;,&quot;iso&quot;:&quot;0&quot;,&quot;shutter_speed&quot;:&quot;0&quot;,&quot;title&quot;:&quot;&quot;,&quot;orientation&quot;:&quot;0&quot;}\" data-image-title=\"berater_logo\" data-image-description=\"\" data-image-caption=\"\" data-large-file=\"https:\/\/i0.wp.com\/vocal.erasmus.site\/wp-content\/uploads\/2018\/03\/berater_logo.jpg?fit=225%2C225&amp;ssl=1\" class=\"alignnone size-full wp-image-120\" src=\"https:\/\/i0.wp.com\/vocal.erasmus.site\/wp-content\/uploads\/2018\/03\/berater_logo.jpg?resize=225%2C225&#038;ssl=1\" alt=\"\" width=\"225\" height=\"225\" srcset=\"https:\/\/i0.wp.com\/vocal.erasmus.site\/wp-content\/uploads\/2018\/03\/berater_logo.jpg?w=225&amp;ssl=1 225w, https:\/\/i0.wp.com\/vocal.erasmus.site\/wp-content\/uploads\/2018\/03\/berater_logo.jpg?resize=150%2C150&amp;ssl=1 150w, https:\/\/i0.wp.com\/vocal.erasmus.site\/wp-content\/uploads\/2018\/03\/berater_logo.jpg?resize=220%2C220&amp;ssl=1 220w, https:\/\/i0.wp.com\/vocal.erasmus.site\/wp-content\/uploads\/2018\/03\/berater_logo.jpg?resize=50%2C50&amp;ssl=1 50w\" sizes=\"(max-width: 225px) 100vw, 225px\" \/><\/div>\n<div><strong style=\"font-size: 18px; color: #f4a86c;\">dieBerater (AT)<\/strong><br \/>\nDie Kernkompetenzen von die Berater Unternehmensberatungs GmbH (www.dieberater.com) liegen in den Bereichen Erwachsenenbildung, Berufsausbildung und Personalentwicklung. Gegr\u00fcndet 1998 besch\u00e4ftigt  die Berater\u00ae  inzwischen 350 Menschen an mehr als 30 Standorten in ganz \u00d6sterreich.<\/p>\n<p>In Sachen Planung, Organisation und Durchf\u00fchrung von Personalentwicklungs- und Bildungsprogrammen f\u00fcr ca. 20 000 Teilnehmer j\u00e4hrlich geh\u00f6rt  Berater\u00ae zu den gr\u00f6\u00dften privaten Bildungseinrichtungen in \u00d6sterreich und wurde mit dem \u00d6sterreichischen Staatspreis f\u00fcr Erwachsenenbildung ausgezeichnet.<\/p>\n<p>Das Dienstleistungsangebot richtet sich an Privatpersonen, nationale und internationale Unternehmen und Organisationen in allen Bereichen und aller Gr\u00f6\u00dfen sowie den \u00f6ffentlichen Dienst, einschlie\u00dflich des \u00d6sterreichischen Arbeitsmarktservices (AMS).<\/p>\n<p>die Berater\u00ae hat mit seiner Plattform bridges to Europe in verschiedenen Rollen an mehr als 120 EU-Projekten teilgenommen \u2013 als Projektkoordinator, Partner und Evaluator.  Durch diese Projekte ist ein nachhaltiges europ\u00e4isches Partnernetzwerk von mehr als 500 Organisationen entstanden.<br \/>\nAuf der Grundlage dieser breiten Erfahrung mit vielen EU-Projekten bietet bridges to europe seinen KundInnen Beratung zu Schl\u00fcsselfragen erfolgreicher EU Projekte  an.<\/p>\n<p>Die Abteilung Neue Medien von die Berater entwickelt Bildungsprogramme, bietet individuelle L\u00f6sungen f\u00fcr E-Learning und mobiles Lernen und erstellt E-Learning Inhalte nach aktuellsten Standards.<\/p>\n<p>Bitte besuchen Sie die Unternehmenswebsites: <a href=\"http:\/\/www.dieberater.com\/\" target=\"_blank\" rel=\"noopener\">dieberater.com<\/a>, <a href=\"http:\/\/www.bridgestoeurope.com\/en\/bridges-to-europe\/\" target=\"_blank\">bridgestoeurope.com<\/a><\/p>\n<\/div>\n<\/div>\n<p><\/p>","protected":false},"excerpt":{"rendered":"<p>Institute of Technology Tralee (IE) Seit seiner Gr\u00fcndung steht das ITT an der Spitze in Sachen Lernen und hat seitdem\u00a0 einen guten Ruf als bedeutendes Zentrum f\u00fcr Lehre, Lernen und Forschung erworben. Das Institut bietet ein breites Spektrum von Voll- und Teilzeitkursen an beginnend von Grundkursen \u00fcber Zertifikatskurse und Studieng\u00e4nge bis hin zu postgradualen Abschl\u00fcssen [&hellip;]<\/p>\n","protected":false},"author":1,"featured_media":0,"parent":0,"menu_order":0,"comment_status":"closed","ping_status":"closed","template":"","meta":{"jetpack_post_was_ever_published":false,"footnotes":""},"class_list":["post-176","page","type-page","status-publish","hentry"],"yoast_head":"<!-- This site is optimized with the Yoast SEO plugin v27.4 - https:\/\/yoast.com\/product\/yoast-seo-wordpress\/ -->\n<title>Partner - Vocal in Need<\/title>\n<meta name=\"robots\" content=\"index, follow, max-snippet:-1, max-image-preview:large, max-video-preview:-1\" \/>\n<link rel=\"canonical\" href=\"https:\/\/vocal.erasmus.site\/de\/partnership\/\" \/>\n<meta property=\"og:locale\" content=\"de_DE\" \/>\n<meta property=\"og:type\" content=\"article\" \/>\n<meta property=\"og:title\" content=\"Partner - Vocal in Need\" \/>\n<meta property=\"og:description\" content=\"Institute of Technology Tralee (IE) Seit seiner Gr\u00fcndung steht das ITT an der Spitze in Sachen Lernen und hat seitdem\u00a0 einen guten Ruf als bedeutendes Zentrum f\u00fcr Lehre, Lernen und Forschung erworben. Das Institut bietet ein breites Spektrum von Voll- und Teilzeitkursen an beginnend von Grundkursen \u00fcber Zertifikatskurse und Studieng\u00e4nge bis hin zu postgradualen Abschl\u00fcssen [&hellip;]\" \/>\n<meta property=\"og:url\" content=\"https:\/\/vocal.erasmus.site\/de\/partnership\/\" \/>\n<meta property=\"og:site_name\" content=\"Vocal in Need\" \/>\n<meta property=\"article:modified_time\" content=\"2018-09-17T16:04:16+00:00\" \/>\n<meta property=\"og:image\" content=\"https:\/\/vocal.erasmus.site\/wp-content\/uploads\/2018\/03\/IoT_tralee_logo.jpg\" \/>\n<meta name=\"twitter:card\" content=\"summary_large_image\" \/>\n<meta name=\"twitter:label1\" content=\"Gesch\u00e4tzte Lesezeit\" \/>\n\t<meta name=\"twitter:data1\" content=\"43\u00a0Minuten\" \/>\n<script type=\"application\/ld+json\" class=\"yoast-schema-graph\">{\"@context\":\"https:\\\/\\\/schema.org\",\"@graph\":[{\"@type\":\"WebPage\",\"@id\":\"https:\\\/\\\/vocal.erasmus.site\\\/de\\\/partnership\\\/\",\"url\":\"https:\\\/\\\/vocal.erasmus.site\\\/de\\\/partnership\\\/\",\"name\":\"Partner - Vocal in Need\",\"isPartOf\":{\"@id\":\"https:\\\/\\\/vocal.erasmus.site\\\/#website\"},\"primaryImageOfPage\":{\"@id\":\"https:\\\/\\\/vocal.erasmus.site\\\/de\\\/partnership\\\/#primaryimage\"},\"image\":{\"@id\":\"https:\\\/\\\/vocal.erasmus.site\\\/de\\\/partnership\\\/#primaryimage\"},\"thumbnailUrl\":\"https:\\\/\\\/vocal.erasmus.site\\\/wp-content\\\/uploads\\\/2018\\\/03\\\/MYKOLAROMERIS_UNIVERSITY_logo.jpg\",\"datePublished\":\"2018-03-28T11:41:30+00:00\",\"dateModified\":\"2018-09-17T16:04:16+00:00\",\"breadcrumb\":{\"@id\":\"https:\\\/\\\/vocal.erasmus.site\\\/de\\\/partnership\\\/#breadcrumb\"},\"inLanguage\":\"de\",\"potentialAction\":[{\"@type\":\"ReadAction\",\"target\":[\"https:\\\/\\\/vocal.erasmus.site\\\/de\\\/partnership\\\/\"]}]},{\"@type\":\"ImageObject\",\"inLanguage\":\"de\",\"@id\":\"https:\\\/\\\/vocal.erasmus.site\\\/de\\\/partnership\\\/#primaryimage\",\"url\":\"https:\\\/\\\/vocal.erasmus.site\\\/wp-content\\\/uploads\\\/2018\\\/03\\\/MYKOLAROMERIS_UNIVERSITY_logo.jpg\",\"contentUrl\":\"https:\\\/\\\/vocal.erasmus.site\\\/wp-content\\\/uploads\\\/2018\\\/03\\\/MYKOLAROMERIS_UNIVERSITY_logo.jpg\"},{\"@type\":\"BreadcrumbList\",\"@id\":\"https:\\\/\\\/vocal.erasmus.site\\\/de\\\/partnership\\\/#breadcrumb\",\"itemListElement\":[{\"@type\":\"ListItem\",\"position\":1,\"name\":\"Home\",\"item\":\"https:\\\/\\\/vocal.erasmus.site\\\/\"},{\"@type\":\"ListItem\",\"position\":2,\"name\":\"Partner\"}]},{\"@type\":\"WebSite\",\"@id\":\"https:\\\/\\\/vocal.erasmus.site\\\/#website\",\"url\":\"https:\\\/\\\/vocal.erasmus.site\\\/\",\"name\":\"Vocal in Need\",\"description\":\"\",\"publisher\":{\"@id\":\"https:\\\/\\\/vocal.erasmus.site\\\/#organization\"},\"potentialAction\":[{\"@type\":\"SearchAction\",\"target\":{\"@type\":\"EntryPoint\",\"urlTemplate\":\"https:\\\/\\\/vocal.erasmus.site\\\/?s={search_term_string}\"},\"query-input\":{\"@type\":\"PropertyValueSpecification\",\"valueRequired\":true,\"valueName\":\"search_term_string\"}}],\"inLanguage\":\"de\"},{\"@type\":\"Organization\",\"@id\":\"https:\\\/\\\/vocal.erasmus.site\\\/#organization\",\"name\":\"Vocal in Need\",\"url\":\"https:\\\/\\\/vocal.erasmus.site\\\/\",\"logo\":{\"@type\":\"ImageObject\",\"inLanguage\":\"de\",\"@id\":\"https:\\\/\\\/vocal.erasmus.site\\\/#\\\/schema\\\/logo\\\/image\\\/\",\"url\":\"https:\\\/\\\/i0.wp.com\\\/vocal.erasmus.site\\\/wp-content\\\/uploads\\\/2018\\\/03\\\/LOGO_FINAL-300x75.png?fit=300%2C75&ssl=1\",\"contentUrl\":\"https:\\\/\\\/i0.wp.com\\\/vocal.erasmus.site\\\/wp-content\\\/uploads\\\/2018\\\/03\\\/LOGO_FINAL-300x75.png?fit=300%2C75&ssl=1\",\"width\":300,\"height\":75,\"caption\":\"Vocal in Need\"},\"image\":{\"@id\":\"https:\\\/\\\/vocal.erasmus.site\\\/#\\\/schema\\\/logo\\\/image\\\/\"}}]}<\/script>\n<!-- \/ Yoast SEO plugin. -->","yoast_head_json":{"title":"Partner - Vocal in Need","robots":{"index":"index","follow":"follow","max-snippet":"max-snippet:-1","max-image-preview":"max-image-preview:large","max-video-preview":"max-video-preview:-1"},"canonical":"https:\/\/vocal.erasmus.site\/de\/partnership\/","og_locale":"de_DE","og_type":"article","og_title":"Partner - Vocal in Need","og_description":"Institute of Technology Tralee (IE) Seit seiner Gr\u00fcndung steht das ITT an der Spitze in Sachen Lernen und hat seitdem\u00a0 einen guten Ruf als bedeutendes Zentrum f\u00fcr Lehre, Lernen und Forschung erworben. Das Institut bietet ein breites Spektrum von Voll- und Teilzeitkursen an beginnend von Grundkursen \u00fcber Zertifikatskurse und Studieng\u00e4nge bis hin zu postgradualen Abschl\u00fcssen [&hellip;]","og_url":"https:\/\/vocal.erasmus.site\/de\/partnership\/","og_site_name":"Vocal in Need","article_modified_time":"2018-09-17T16:04:16+00:00","og_image":[{"url":"https:\/\/vocal.erasmus.site\/wp-content\/uploads\/2018\/03\/IoT_tralee_logo.jpg","type":"","width":"","height":""}],"twitter_card":"summary_large_image","twitter_misc":{"Gesch\u00e4tzte Lesezeit":"43\u00a0Minuten"},"schema":{"@context":"https:\/\/schema.org","@graph":[{"@type":"WebPage","@id":"https:\/\/vocal.erasmus.site\/de\/partnership\/","url":"https:\/\/vocal.erasmus.site\/de\/partnership\/","name":"Partner - Vocal in Need","isPartOf":{"@id":"https:\/\/vocal.erasmus.site\/#website"},"primaryImageOfPage":{"@id":"https:\/\/vocal.erasmus.site\/de\/partnership\/#primaryimage"},"image":{"@id":"https:\/\/vocal.erasmus.site\/de\/partnership\/#primaryimage"},"thumbnailUrl":"https:\/\/vocal.erasmus.site\/wp-content\/uploads\/2018\/03\/MYKOLAROMERIS_UNIVERSITY_logo.jpg","datePublished":"2018-03-28T11:41:30+00:00","dateModified":"2018-09-17T16:04:16+00:00","breadcrumb":{"@id":"https:\/\/vocal.erasmus.site\/de\/partnership\/#breadcrumb"},"inLanguage":"de","potentialAction":[{"@type":"ReadAction","target":["https:\/\/vocal.erasmus.site\/de\/partnership\/"]}]},{"@type":"ImageObject","inLanguage":"de","@id":"https:\/\/vocal.erasmus.site\/de\/partnership\/#primaryimage","url":"https:\/\/vocal.erasmus.site\/wp-content\/uploads\/2018\/03\/MYKOLAROMERIS_UNIVERSITY_logo.jpg","contentUrl":"https:\/\/vocal.erasmus.site\/wp-content\/uploads\/2018\/03\/MYKOLAROMERIS_UNIVERSITY_logo.jpg"},{"@type":"BreadcrumbList","@id":"https:\/\/vocal.erasmus.site\/de\/partnership\/#breadcrumb","itemListElement":[{"@type":"ListItem","position":1,"name":"Home","item":"https:\/\/vocal.erasmus.site\/"},{"@type":"ListItem","position":2,"name":"Partner"}]},{"@type":"WebSite","@id":"https:\/\/vocal.erasmus.site\/#website","url":"https:\/\/vocal.erasmus.site\/","name":"Vocal in Need","description":"","publisher":{"@id":"https:\/\/vocal.erasmus.site\/#organization"},"potentialAction":[{"@type":"SearchAction","target":{"@type":"EntryPoint","urlTemplate":"https:\/\/vocal.erasmus.site\/?s={search_term_string}"},"query-input":{"@type":"PropertyValueSpecification","valueRequired":true,"valueName":"search_term_string"}}],"inLanguage":"de"},{"@type":"Organization","@id":"https:\/\/vocal.erasmus.site\/#organization","name":"Vocal in Need","url":"https:\/\/vocal.erasmus.site\/","logo":{"@type":"ImageObject","inLanguage":"de","@id":"https:\/\/vocal.erasmus.site\/#\/schema\/logo\/image\/","url":"https:\/\/i0.wp.com\/vocal.erasmus.site\/wp-content\/uploads\/2018\/03\/LOGO_FINAL-300x75.png?fit=300%2C75&ssl=1","contentUrl":"https:\/\/i0.wp.com\/vocal.erasmus.site\/wp-content\/uploads\/2018\/03\/LOGO_FINAL-300x75.png?fit=300%2C75&ssl=1","width":300,"height":75,"caption":"Vocal in Need"},"image":{"@id":"https:\/\/vocal.erasmus.site\/#\/schema\/logo\/image\/"}}]}},"jetpack_sharing_enabled":true,"jetpack_shortlink":"https:\/\/wp.me\/P9PcbK-2Q","jetpack-related-posts":[],"_links":{"self":[{"href":"https:\/\/vocal.erasmus.site\/de\/wp-json\/wp\/v2\/pages\/176","targetHints":{"allow":["GET"]}}],"collection":[{"href":"https:\/\/vocal.erasmus.site\/de\/wp-json\/wp\/v2\/pages"}],"about":[{"href":"https:\/\/vocal.erasmus.site\/de\/wp-json\/wp\/v2\/types\/page"}],"author":[{"embeddable":true,"href":"https:\/\/vocal.erasmus.site\/de\/wp-json\/wp\/v2\/users\/1"}],"replies":[{"embeddable":true,"href":"https:\/\/vocal.erasmus.site\/de\/wp-json\/wp\/v2\/comments?post=176"}],"version-history":[{"count":55,"href":"https:\/\/vocal.erasmus.site\/de\/wp-json\/wp\/v2\/pages\/176\/revisions"}],"predecessor-version":[{"id":543,"href":"https:\/\/vocal.erasmus.site\/de\/wp-json\/wp\/v2\/pages\/176\/revisions\/543"}],"wp:attachment":[{"href":"https:\/\/vocal.erasmus.site\/de\/wp-json\/wp\/v2\/media?parent=176"}],"curies":[{"name":"wp","href":"https:\/\/api.w.org\/{rel}","templated":true}]}}