{"id":176,"date":"2018-03-28T11:41:30","date_gmt":"2018-03-28T11:41:30","guid":{"rendered":"https:\/\/vocal.erasmus.site\/?page_id=176"},"modified":"2018-09-17T16:04:16","modified_gmt":"2018-09-17T16:04:16","slug":"partnership","status":"publish","type":"page","link":"https:\/\/vocal.erasmus.site\/it\/partnership\/","title":{"rendered":"Partner"},"content":{"rendered":"<p><\/p>\n<div>\n<div style=\"float: left; height: 403px; margin-right: 10px;\"><img fetchpriority=\"high\" decoding=\"async\" data-attachment-id=\"105\" data-permalink=\"https:\/\/vocal.erasmus.site\/it\/partnership\/attachment\/iot_tralee_logo\/\" data-orig-file=\"https:\/\/i0.wp.com\/vocal.erasmus.site\/wp-content\/uploads\/2018\/03\/IoT_tralee_logo.jpg?fit=225%2C225&amp;ssl=1\" data-orig-size=\"225,225\" data-comments-opened=\"0\" data-image-meta=\"{&quot;aperture&quot;:&quot;0&quot;,&quot;credit&quot;:&quot;&quot;,&quot;camera&quot;:&quot;&quot;,&quot;caption&quot;:&quot;&quot;,&quot;created_timestamp&quot;:&quot;0&quot;,&quot;copyright&quot;:&quot;&quot;,&quot;focal_length&quot;:&quot;0&quot;,&quot;iso&quot;:&quot;0&quot;,&quot;shutter_speed&quot;:&quot;0&quot;,&quot;title&quot;:&quot;&quot;,&quot;orientation&quot;:&quot;0&quot;}\" data-image-title=\"IoT_tralee_logo\" data-image-description=\"\" data-image-caption=\"\" data-large-file=\"https:\/\/i0.wp.com\/vocal.erasmus.site\/wp-content\/uploads\/2018\/03\/IoT_tralee_logo.jpg?fit=225%2C225&amp;ssl=1\" class=\"alignnone size-full wp-image-105\" src=\"\/wp-content\/uploads\/2018\/03\/IoT_tralee_logo.jpg\" alt=\"\" width=\"225\" height=\"225\" srcset=\"https:\/\/i0.wp.com\/vocal.erasmus.site\/wp-content\/uploads\/2018\/03\/IoT_tralee_logo.jpg?w=225&amp;ssl=1 225w, https:\/\/i0.wp.com\/vocal.erasmus.site\/wp-content\/uploads\/2018\/03\/IoT_tralee_logo.jpg?resize=150%2C150&amp;ssl=1 150w, https:\/\/i0.wp.com\/vocal.erasmus.site\/wp-content\/uploads\/2018\/03\/IoT_tralee_logo.jpg?resize=220%2C220&amp;ssl=1 220w, https:\/\/i0.wp.com\/vocal.erasmus.site\/wp-content\/uploads\/2018\/03\/IoT_tralee_logo.jpg?resize=50%2C50&amp;ssl=1 50w\" sizes=\"(max-width: 225px) 100vw, 225px\" \/><\/div>\n<div><strong style=\"font-size: 18px; color: #f4a86c;\">Institute of Technology Tralee (IE)<\/strong><br \/>\nITT \u00e8 stata in prima linea nell&#8217;apprendimento sin dalla sua fondazione e da allora si \u00e8 guadagnata la reputazione di centro di eccellenza per l&#8217;insegnamento, l&#8217;apprendimento e la ricerca. L&#8217;istituto offre una gamma di corsi a tempo pieno e part-time che vanno dal livello base, fino a corsi per l\u2019ottenimento del diploma, laurea, post-laurea e dottorato. Migliorare i programmi insegnati all&#8217;Istituto \u00e8 un programma di ricerca di livello mondiale. Basato su due campus, entrambi con facile accesso al centro citt\u00e0, l&#8217;Istituto ha una meritata reputazione di ospitalit\u00e0 e successo. Con una comunit\u00e0 di oltre 3.500 studenti e oltre 250 docenti universitari, costituiti da un mix eterogeneo di studenti nazionali, europei e stranieri, \u00e8 garantito un caloroso benvenuto all&#8217;Istituto. Situato accanto al Kerry Technology Park, l&#8217;Istituto ha favorito stretti legami con le aziende del parco. Il nostro Masterplan multimilionario ha gi\u00e0 visto sviluppi significativi nello sport, nell&#8217;insegnamento e nella ricerca.<\/p>\n<p>Visita il nostro sito web all&#8217;indirizzo: <a href=\"http:\/\/www.ittralee.ie\" target=\"_blank\" rel=\"noopener\">ittralee.ie<\/a><\/p>\n<\/div>\n<\/div>\n<hr class=\"separator\" \/>\n<div>\n<div style=\"float: left; height: 370px; margin-right: 10px;\"><img decoding=\"async\" data-attachment-id=\"395\" data-permalink=\"https:\/\/vocal.erasmus.site\/it\/partnership\/attachment\/logo_sachsen-2\/\" data-orig-file=\"https:\/\/i0.wp.com\/vocal.erasmus.site\/wp-content\/uploads\/2018\/05\/logo_sachsen.jpg?fit=225%2C225&amp;ssl=1\" data-orig-size=\"225,225\" data-comments-opened=\"0\" data-image-meta=\"{&quot;aperture&quot;:&quot;0&quot;,&quot;credit&quot;:&quot;&quot;,&quot;camera&quot;:&quot;&quot;,&quot;caption&quot;:&quot;&quot;,&quot;created_timestamp&quot;:&quot;1526491942&quot;,&quot;copyright&quot;:&quot;&quot;,&quot;focal_length&quot;:&quot;0&quot;,&quot;iso&quot;:&quot;0&quot;,&quot;shutter_speed&quot;:&quot;0&quot;,&quot;title&quot;:&quot;&quot;,&quot;orientation&quot;:&quot;0&quot;}\" data-image-title=\"logo_sachsen\" data-image-description=\"\" data-image-caption=\"\" data-large-file=\"https:\/\/i0.wp.com\/vocal.erasmus.site\/wp-content\/uploads\/2018\/05\/logo_sachsen.jpg?fit=225%2C225&amp;ssl=1\" class=\"alignnone size-full wp-image-395\" src=\"\/wp-content\/uploads\/2018\/05\/logo_sachsen.jpg\" alt=\"\" width=\"225\" height=\"225\" srcset=\"https:\/\/i0.wp.com\/vocal.erasmus.site\/wp-content\/uploads\/2018\/05\/logo_sachsen.jpg?w=225&amp;ssl=1 225w, https:\/\/i0.wp.com\/vocal.erasmus.site\/wp-content\/uploads\/2018\/05\/logo_sachsen.jpg?resize=150%2C150&amp;ssl=1 150w, https:\/\/i0.wp.com\/vocal.erasmus.site\/wp-content\/uploads\/2018\/05\/logo_sachsen.jpg?resize=220%2C220&amp;ssl=1 220w, https:\/\/i0.wp.com\/vocal.erasmus.site\/wp-content\/uploads\/2018\/05\/logo_sachsen.jpg?resize=50%2C50&amp;ssl=1 50w\" sizes=\"(max-width: 225px) 100vw, 225px\" \/><\/div>\n<div><strong style=\"font-size: 18px; color: #f4a86c;\">Hochschule der S\u00e4chsischen Polizei (FH) (DE)<\/strong><br \/>\nLa <em>Saxon University of Applied Police Sciences<\/em> (PolFH) \u00e8 responsabile della formazione di agenti di polizia per lo stato federato della Sassonia. Situato nell&#8217;angolo pi\u00f9 estremo orientale della Repubblica Federale Tedesca, affronta i problemi della criminalit\u00e0 transnazionale e di transito, che richiedono una stretta collaborazione con le forze di polizia vicine, nonch\u00e9 un alto grado di sensibilit\u00e0 nelle situazioni interculturali e nelle competenze linguistiche.L&#8217;Universit\u00e0 \u00e8 l&#8217;unica struttura di formazione per il personale di polizia della regione e come tale si impegna a offrire un forte programma formativo interculturale e linguistico con un&#8217;enfasi sull&#8217;inglese ma includendo anche la preparazione linguistica in lingua ceca, polacca e russa. I diplomati lavorano al comando di diverse unit\u00e0 di polizia sassone in uniforme e in borghese.<\/p>\n<p>Visita il nostro sito web all&#8217;indirizzo: <a href=\"https:\/\/www.polizei.sachsen.de\/de\/polfh.htm\" target=\"_blank\" rel=\"noopener\">polizei.sachsen.de<\/a><\/p>\n<\/div>\n<\/div>\n<hr class=\"separator\" \/>\n<div>\n<div style=\"float: left; height: 520px; margin-right: 10px;\"><img decoding=\"async\" data-attachment-id=\"112\" data-permalink=\"https:\/\/vocal.erasmus.site\/it\/partnership\/attachment\/danmar_logo\/\" data-orig-file=\"https:\/\/i0.wp.com\/vocal.erasmus.site\/wp-content\/uploads\/2018\/03\/danmar_logo.jpg?fit=225%2C225&amp;ssl=1\" data-orig-size=\"225,225\" data-comments-opened=\"0\" data-image-meta=\"{&quot;aperture&quot;:&quot;0&quot;,&quot;credit&quot;:&quot;&quot;,&quot;camera&quot;:&quot;&quot;,&quot;caption&quot;:&quot;&quot;,&quot;created_timestamp&quot;:&quot;0&quot;,&quot;copyright&quot;:&quot;&quot;,&quot;focal_length&quot;:&quot;0&quot;,&quot;iso&quot;:&quot;0&quot;,&quot;shutter_speed&quot;:&quot;0&quot;,&quot;title&quot;:&quot;&quot;,&quot;orientation&quot;:&quot;0&quot;}\" data-image-title=\"danmar_logo\" data-image-description=\"\" data-image-caption=\"\" data-large-file=\"https:\/\/i0.wp.com\/vocal.erasmus.site\/wp-content\/uploads\/2018\/03\/danmar_logo.jpg?fit=225%2C225&amp;ssl=1\" class=\"alignnone size-full wp-image-112\" src=\"\/wp-content\/uploads\/2018\/03\/danmar_logo.jpg\" alt=\"\" width=\"225\" height=\"225\" srcset=\"https:\/\/i0.wp.com\/vocal.erasmus.site\/wp-content\/uploads\/2018\/03\/danmar_logo.jpg?w=225&amp;ssl=1 225w, https:\/\/i0.wp.com\/vocal.erasmus.site\/wp-content\/uploads\/2018\/03\/danmar_logo.jpg?resize=150%2C150&amp;ssl=1 150w, https:\/\/i0.wp.com\/vocal.erasmus.site\/wp-content\/uploads\/2018\/03\/danmar_logo.jpg?resize=220%2C220&amp;ssl=1 220w, https:\/\/i0.wp.com\/vocal.erasmus.site\/wp-content\/uploads\/2018\/03\/danmar_logo.jpg?resize=50%2C50&amp;ssl=1 50w\" sizes=\"(max-width: 225px) 100vw, 225px\" \/><\/div>\n<div><strong style=\"font-size: 18px; color: #f4a86c;\">Danmar Computers LLC (PL)<\/strong><br \/>\nDanmar Computers \u00e8 una societ\u00e0 privata che fornisce formazione professionale nel campo dell&#8217;Information Technology e sviluppa soluzioni di e-learning e TIC personalizzate. Si occupa di: formazione, sviluppo di programmi e materiali formativi, consulenza, progettazione di pagine web e applicazioni mobili, campagne web e sistemi di e-learning. Lo staff tecnico ha la capacit\u00e0 di sviluppare qualsiasi applicazione web e mobile moderna, utilizzando tecnologie di database, server Web e server di applicazioni. Questi includono servizi sociali e cloud, sia dal lato client che server. Danmar Computers ha progettato e sviluppato un sistema di gestione dei progetti &#8211; AdminProject. Attualmente \u00e8 l&#8217;unico prodotto sul mercato dedicato alla gestione di progetti europei.Oltre alle competenze relative alle aree IT, Danmar ha molti anni di esperienza nello svolgimento di programmi educativi dell&#8217;Unione europea, tra cui: Progress, Transfer of Innovation, Erasmus, Leonardo da Vinci e Grundtvig Partnerships. Poich\u00e9 il settore di attivit\u00e0 principale di Danmar Computers \u00e8 il settore IT, l&#8217;azienda spesso crea vari strumenti IT che supportano le attivit\u00e0 del progetto (questionari online, corsi di formazione interattivi, applicazioni mobili o campagne di diffusione basate su Internet).<\/p>\n<p>Visita il nostro sito web all&#8217;indirizzo: <a href=\"http:\/\/www.danmar-computers.com.pl\/\" target=\"_blank\" rel=\"noopener\">danmar-computers.com.pl<\/a><\/p>\n<\/div>\n<\/div>\n<hr class=\"separator\" \/>\n<div>\n<div style=\"float: left; height: 280px; margin-right: 10px;\"><img loading=\"lazy\" decoding=\"async\" data-attachment-id=\"113\" data-permalink=\"https:\/\/vocal.erasmus.site\/it\/partnership\/attachment\/assist_logo\/\" data-orig-file=\"https:\/\/i0.wp.com\/vocal.erasmus.site\/wp-content\/uploads\/2018\/03\/assist_Logo.jpg?fit=225%2C225&amp;ssl=1\" data-orig-size=\"225,225\" data-comments-opened=\"0\" data-image-meta=\"{&quot;aperture&quot;:&quot;0&quot;,&quot;credit&quot;:&quot;&quot;,&quot;camera&quot;:&quot;&quot;,&quot;caption&quot;:&quot;&quot;,&quot;created_timestamp&quot;:&quot;1522275520&quot;,&quot;copyright&quot;:&quot;&quot;,&quot;focal_length&quot;:&quot;0&quot;,&quot;iso&quot;:&quot;0&quot;,&quot;shutter_speed&quot;:&quot;0&quot;,&quot;title&quot;:&quot;&quot;,&quot;orientation&quot;:&quot;0&quot;}\" data-image-title=\"assist_Logo\" data-image-description=\"\" data-image-caption=\"\" data-large-file=\"https:\/\/i0.wp.com\/vocal.erasmus.site\/wp-content\/uploads\/2018\/03\/assist_Logo.jpg?fit=225%2C225&amp;ssl=1\" class=\"alignnone size-full wp-image-113\" src=\"\/wp-content\/uploads\/2018\/03\/assist_Logo.jpg\" alt=\"\" width=\"225\" height=\"225\" srcset=\"https:\/\/i0.wp.com\/vocal.erasmus.site\/wp-content\/uploads\/2018\/03\/assist_Logo.jpg?w=225&amp;ssl=1 225w, https:\/\/i0.wp.com\/vocal.erasmus.site\/wp-content\/uploads\/2018\/03\/assist_Logo.jpg?resize=150%2C150&amp;ssl=1 150w, https:\/\/i0.wp.com\/vocal.erasmus.site\/wp-content\/uploads\/2018\/03\/assist_Logo.jpg?resize=220%2C220&amp;ssl=1 220w, https:\/\/i0.wp.com\/vocal.erasmus.site\/wp-content\/uploads\/2018\/03\/assist_Logo.jpg?resize=50%2C50&amp;ssl=1 50w\" sizes=\"(max-width: 225px) 100vw, 225px\" \/><\/div>\n<div><strong style=\"font-size: 18px; color: #f4a86c;\">assist GmbH (DE)<\/strong><br \/>\nSi tratta di una rinomata organizzazione internazionale per lo sviluppo delle risorse umane con sede a Paderborn, Germania, con attivit\u00e0 in tutto il mondo. La societ\u00e0 offre formazione in competenze interculturali, capacit\u00e0 di leadership, competenze comunicative, workshop interculturali, consulenza interculturale, mediazione interculturale e formazione dei formatori.Assist \u00e8 fortemente focalizzato sull&#8217;apprendimento in modalit\u00e0 blended-learning (e-learning, webinar, e-tutorials e lezioni frontali).<\/p>\n<p>Visita il nostro sito web all&#8217;indirizzo: <a href=\"http:\/\/www.international-hr.de\/\" target=\"_blank\" rel=\"noopener\">international-hr.de<\/a><\/p>\n<\/div>\n<\/div>\n<hr class=\"separator\" \/>\n<div style=\"clear: both;\">\n<div style=\"float: left; height: 445px; margin-right: 10px;\"><img data-recalc-dims=\"1\" loading=\"lazy\" decoding=\"async\" data-attachment-id=\"114\" data-permalink=\"https:\/\/vocal.erasmus.site\/it\/partnership\/attachment\/mykolaromeris_university_logo\/\" data-orig-file=\"https:\/\/i0.wp.com\/vocal.erasmus.site\/wp-content\/uploads\/2018\/03\/MYKOLAROMERIS_UNIVERSITY_logo.jpg?fit=225%2C225&amp;ssl=1\" data-orig-size=\"225,225\" data-comments-opened=\"0\" data-image-meta=\"{&quot;aperture&quot;:&quot;0&quot;,&quot;credit&quot;:&quot;&quot;,&quot;camera&quot;:&quot;&quot;,&quot;caption&quot;:&quot;&quot;,&quot;created_timestamp&quot;:&quot;0&quot;,&quot;copyright&quot;:&quot;&quot;,&quot;focal_length&quot;:&quot;0&quot;,&quot;iso&quot;:&quot;0&quot;,&quot;shutter_speed&quot;:&quot;0&quot;,&quot;title&quot;:&quot;&quot;,&quot;orientation&quot;:&quot;0&quot;}\" data-image-title=\"MYKOLAROMERIS_UNIVERSITY_logo\" data-image-description=\"\" data-image-caption=\"\" data-large-file=\"https:\/\/i0.wp.com\/vocal.erasmus.site\/wp-content\/uploads\/2018\/03\/MYKOLAROMERIS_UNIVERSITY_logo.jpg?fit=225%2C225&amp;ssl=1\" class=\"alignnone size-full wp-image-114\" src=\"https:\/\/i0.wp.com\/vocal.erasmus.site\/wp-content\/uploads\/2018\/03\/MYKOLAROMERIS_UNIVERSITY_logo.jpg?resize=225%2C225&#038;ssl=1\" alt=\"\" width=\"225\" height=\"225\" srcset=\"https:\/\/i0.wp.com\/vocal.erasmus.site\/wp-content\/uploads\/2018\/03\/MYKOLAROMERIS_UNIVERSITY_logo.jpg?w=225&amp;ssl=1 225w, https:\/\/i0.wp.com\/vocal.erasmus.site\/wp-content\/uploads\/2018\/03\/MYKOLAROMERIS_UNIVERSITY_logo.jpg?resize=150%2C150&amp;ssl=1 150w, https:\/\/i0.wp.com\/vocal.erasmus.site\/wp-content\/uploads\/2018\/03\/MYKOLAROMERIS_UNIVERSITY_logo.jpg?resize=220%2C220&amp;ssl=1 220w, https:\/\/i0.wp.com\/vocal.erasmus.site\/wp-content\/uploads\/2018\/03\/MYKOLAROMERIS_UNIVERSITY_logo.jpg?resize=50%2C50&amp;ssl=1 50w\" sizes=\"(max-width: 225px) 100vw, 225px\" \/><\/div>\n<div><strong style=\"font-size: 18px; color: #f4a86c;\">Mycolas Romeris University (LT)<\/strong><br \/>\nL&#8217;Universit\u00e0 \u00e8 una delle pi\u00f9 grandi universit\u00e0 in Lituania che sviluppa attivit\u00e0 accademiche e di ricerca nell\u2019ambito della giurisprudenza, psicologia, pubblica amministrazione, politologia, economia e scienze dell&#8217;educazione.Mykolas Romeris University (MRU), un&#8217;istituzione pubblica, \u00e8 un&#8217;universit\u00e0 internazionale situata nel nord Europa. Ogni anno l&#8217;Universit\u00e0 immatricola un gran numero di giovani creativi e di talento. Ricca di cambiamenti, promozione di studi intellettualmente stimolanti e incentrata su attivit\u00e0 di ricerca coerenti, Mykolas Romeris University contribuisce allo sviluppo di una personalit\u00e0 a tutto tondo: un leader maturo, intraprendente e indipendente e un cittadino responsabile. L&#8217;universit\u00e0 ha quasi 10.000 studenti che si distinguono per la loro motivazione e il loro entusiasmo nel campo di studi scelto. I programmi di studio sono continuamente rinnovati e aggiornati, rispondendo alle esigenze della societ\u00e0 e fornendo ai giovani le conoscenze e le competenze necessarie per costruire una carriera di successo.<\/p>\n<p>Visita il nostro sito web all&#8217;indirizzo: <a href=\"http:\/\/www.mruni.eu\/\" target=\"_blank\" rel=\"noopener\">mruni.eu<\/a><\/p>\n<\/div>\n<\/div>\n<hr class=\"separator\" \/>\n<div>\n<div style=\"float: left; height: 378px; margin-right: 10px;\"><img data-recalc-dims=\"1\" loading=\"lazy\" decoding=\"async\" data-attachment-id=\"115\" data-permalink=\"https:\/\/vocal.erasmus.site\/it\/partnership\/attachment\/formazione_logo\/\" data-orig-file=\"https:\/\/i0.wp.com\/vocal.erasmus.site\/wp-content\/uploads\/2018\/03\/formazione_logo.jpg?fit=225%2C225&amp;ssl=1\" data-orig-size=\"225,225\" data-comments-opened=\"0\" data-image-meta=\"{&quot;aperture&quot;:&quot;0&quot;,&quot;credit&quot;:&quot;&quot;,&quot;camera&quot;:&quot;&quot;,&quot;caption&quot;:&quot;&quot;,&quot;created_timestamp&quot;:&quot;1522276320&quot;,&quot;copyright&quot;:&quot;&quot;,&quot;focal_length&quot;:&quot;0&quot;,&quot;iso&quot;:&quot;0&quot;,&quot;shutter_speed&quot;:&quot;0&quot;,&quot;title&quot;:&quot;&quot;,&quot;orientation&quot;:&quot;0&quot;}\" data-image-title=\"formazione_logo\" data-image-description=\"\" data-image-caption=\"\" data-large-file=\"https:\/\/i0.wp.com\/vocal.erasmus.site\/wp-content\/uploads\/2018\/03\/formazione_logo.jpg?fit=225%2C225&amp;ssl=1\" class=\"alignnone size-full wp-image-115\" src=\"https:\/\/i0.wp.com\/vocal.erasmus.site\/wp-content\/uploads\/2018\/03\/formazione_logo.jpg?resize=225%2C225&#038;ssl=1\" alt=\"\" width=\"225\" height=\"225\" srcset=\"https:\/\/i0.wp.com\/vocal.erasmus.site\/wp-content\/uploads\/2018\/03\/formazione_logo.jpg?w=225&amp;ssl=1 225w, https:\/\/i0.wp.com\/vocal.erasmus.site\/wp-content\/uploads\/2018\/03\/formazione_logo.jpg?resize=150%2C150&amp;ssl=1 150w, https:\/\/i0.wp.com\/vocal.erasmus.site\/wp-content\/uploads\/2018\/03\/formazione_logo.jpg?resize=220%2C220&amp;ssl=1 220w, https:\/\/i0.wp.com\/vocal.erasmus.site\/wp-content\/uploads\/2018\/03\/formazione_logo.jpg?resize=50%2C50&amp;ssl=1 50w\" sizes=\"(max-width: 225px) 100vw, 225px\" \/><\/div>\n<div><strong style=\"font-size: 18px; color: #f4a86c;\">FormAzione Co&amp;So Network (IT)<\/strong><br \/>\nFormAzione Co&amp;So Network \u00e8 un consorzio di dieci cooperative sociali situate nella provincia italiana di Firenze. FormAzione Co&amp;So Network lavora su appalti pubblici di istituzioni come il comune o la provincia e gestisce una variet\u00e0 di servizi sociali per loro conto (ad esempio inserimento lavorativo, tutoraggio di persone con disabilit\u00e0, misure di integrazione rivolte ai migranti). Il personale di FCN \u00e8 composto da 10 dipendenti, ma nel complesso ci sono circa 3.000 persone che lavorano presso le nostre cooperative associate. FCN \u00e8 anche un&#8217;agenzia di formazione accreditata dalla Regione Toscana per sviluppare programmi di formazione, in particolare per gruppi svantaggiati come rifugiati e richiedenti asilo.FCN lavora nel campo dei progetti finanziati dall&#8217;UE dal 2004, in particolare nei programmi Erasmus +, AMIF, LLP, EIF e Daphne, sia come promotore che come partner. Ha ottenuto la certificazione di qualit\u00e0 UNI EN ISO 9001: 2008.<\/p>\n<p>Visita il nostro sito web all&#8217;indirizzo: <a href=\"http:\/\/www.formazionenet.eu\/\" target=\"_blank\" rel=\"noopener\">formazionenet.eu<\/a><\/p>\n<\/div>\n<\/div>\n<hr class=\"separator\" \/>\n<div>\n<div style=\"float: left; height: 445px; margin-right: 10px;\"><img data-recalc-dims=\"1\" loading=\"lazy\" decoding=\"async\" data-attachment-id=\"117\" data-permalink=\"https:\/\/vocal.erasmus.site\/it\/partnership\/attachment\/plovdiv_logo\/\" data-orig-file=\"https:\/\/i0.wp.com\/vocal.erasmus.site\/wp-content\/uploads\/2018\/03\/plovdiv_logo.jpg?fit=225%2C225&amp;ssl=1\" data-orig-size=\"225,225\" data-comments-opened=\"0\" data-image-meta=\"{&quot;aperture&quot;:&quot;0&quot;,&quot;credit&quot;:&quot;&quot;,&quot;camera&quot;:&quot;&quot;,&quot;caption&quot;:&quot;&quot;,&quot;created_timestamp&quot;:&quot;0&quot;,&quot;copyright&quot;:&quot;&quot;,&quot;focal_length&quot;:&quot;0&quot;,&quot;iso&quot;:&quot;0&quot;,&quot;shutter_speed&quot;:&quot;0&quot;,&quot;title&quot;:&quot;&quot;,&quot;orientation&quot;:&quot;0&quot;}\" data-image-title=\"plovdiv_logo\" data-image-description=\"\" data-image-caption=\"\" data-large-file=\"https:\/\/i0.wp.com\/vocal.erasmus.site\/wp-content\/uploads\/2018\/03\/plovdiv_logo.jpg?fit=225%2C225&amp;ssl=1\" class=\"alignnone size-full wp-image-117\" src=\"https:\/\/i0.wp.com\/vocal.erasmus.site\/wp-content\/uploads\/2018\/03\/plovdiv_logo.jpg?resize=225%2C225&#038;ssl=1\" alt=\"\" width=\"225\" height=\"225\" srcset=\"https:\/\/i0.wp.com\/vocal.erasmus.site\/wp-content\/uploads\/2018\/03\/plovdiv_logo.jpg?w=225&amp;ssl=1 225w, https:\/\/i0.wp.com\/vocal.erasmus.site\/wp-content\/uploads\/2018\/03\/plovdiv_logo.jpg?resize=150%2C150&amp;ssl=1 150w, https:\/\/i0.wp.com\/vocal.erasmus.site\/wp-content\/uploads\/2018\/03\/plovdiv_logo.jpg?resize=220%2C220&amp;ssl=1 220w, https:\/\/i0.wp.com\/vocal.erasmus.site\/wp-content\/uploads\/2018\/03\/plovdiv_logo.jpg?resize=50%2C50&amp;ssl=1 50w\" sizes=\"(max-width: 225px) 100vw, 225px\" \/><\/div>\n<div><strong style=\"font-size: 18px; color: #f4a86c;\">UNIVERSITY OF PLOVDIV PAISII HILENDARSKI (BG)<\/strong><br \/>\nL&#8217;Universit\u00e0 di Plovdiv &#8220;Paisii Hilendarski&#8221; \u00e8 il principale centro di insegnamento, ricerca, scienza e cultura della citt\u00e0. \u00c8 la pi\u00f9 grande istituzione di istruzione superiore nel sud della Bulgaria e la seconda pi\u00f9 grande universit\u00e0 bulgara. Fornisce formazione agli studenti nei cinque principali settori dell&#8217;istruzione superiore: scienze naturali, scienze della formazione, scienze umane, studi sociali ed economia. In media, ogni anno oltre 15.000 studenti sono iscritti all&#8217;universit\u00e0, compresi studenti di altri paesi in Erasmus o altri programmi di mobilit\u00e0. Le nove facolt\u00e0 dell&#8217;universit\u00e0 offrono una vasta gamma di programmi che portano a diplomi di laurea, master e dottorato.Il Centro per le lingue e la comunicazione interculturale (CLIC) (il suo team partecipa al progetto VOCAL IN NEED) \u00e8 una struttura all&#8217;interno della Facolt\u00e0 di Lingue e Letteratura dell&#8217;Universit\u00e0 di Plovdiv istituita per promuovere un apprendimento linguistico e comunicazione interculturale efficaci. Fornisce servizi di alta qualit\u00e0 basati sulla ricerca in lingua, cultura e comunicazione.<\/p>\n<p>Visita il nostro sito web all&#8217;indirizzo: <a href=\"http:\/\/www.uni-plovdiv.bg\/\" target=\"_blank\" rel=\"noopener\">uni-plovdiv.bg<\/a><\/p>\n<\/div>\n<\/div>\n<hr class=\"separator\" \/>\n<div>\n<div style=\"float: left; height: 353px; margin-right: 10px;\"><img loading=\"lazy\" decoding=\"async\" data-attachment-id=\"398\" data-permalink=\"https:\/\/vocal.erasmus.site\/it\/partnership\/attachment\/meb_logo-2\/\" data-orig-file=\"https:\/\/i0.wp.com\/vocal.erasmus.site\/wp-content\/uploads\/2018\/05\/meb_logo.jpg?fit=225%2C225&amp;ssl=1\" data-orig-size=\"225,225\" data-comments-opened=\"0\" data-image-meta=\"{&quot;aperture&quot;:&quot;0&quot;,&quot;credit&quot;:&quot;&quot;,&quot;camera&quot;:&quot;&quot;,&quot;caption&quot;:&quot;&quot;,&quot;created_timestamp&quot;:&quot;1526492667&quot;,&quot;copyright&quot;:&quot;&quot;,&quot;focal_length&quot;:&quot;0&quot;,&quot;iso&quot;:&quot;0&quot;,&quot;shutter_speed&quot;:&quot;0&quot;,&quot;title&quot;:&quot;&quot;,&quot;orientation&quot;:&quot;0&quot;}\" data-image-title=\"meb_logo\" data-image-description=\"\" data-image-caption=\"\" data-large-file=\"https:\/\/i0.wp.com\/vocal.erasmus.site\/wp-content\/uploads\/2018\/05\/meb_logo.jpg?fit=225%2C225&amp;ssl=1\" class=\"alignnone size-full wp-image-398\" src=\"\/wp-content\/uploads\/2018\/05\/meb_logo.jpg\" alt=\"\" width=\"225\" height=\"225\" srcset=\"https:\/\/i0.wp.com\/vocal.erasmus.site\/wp-content\/uploads\/2018\/05\/meb_logo.jpg?w=225&amp;ssl=1 225w, https:\/\/i0.wp.com\/vocal.erasmus.site\/wp-content\/uploads\/2018\/05\/meb_logo.jpg?resize=150%2C150&amp;ssl=1 150w, https:\/\/i0.wp.com\/vocal.erasmus.site\/wp-content\/uploads\/2018\/05\/meb_logo.jpg?resize=220%2C220&amp;ssl=1 220w, https:\/\/i0.wp.com\/vocal.erasmus.site\/wp-content\/uploads\/2018\/05\/meb_logo.jpg?resize=50%2C50&amp;ssl=1 50w\" sizes=\"(max-width: 225px) 100vw, 225px\" \/><\/div>\n<div><strong style=\"font-size: 18px; color: #f4a86c;\">Esenler Mesleki ve Teknik Anadolu Lisesi (TR)<\/strong><br \/>\nL&#8217;Esenler scuola di formazione professionale \u00e8 stata fondata nel 2011 e ha alcuni dipartimenti di IFP. La scuola ha 80 insegnanti e 1.800 studenti. Ha una notevole esperienza nella formazione professionale. La scuola si concentra in particolare sui settori tessile, ICT, elettrico ed elettronico.La scuola collabora con aziende grandi e piccole nel settore privato, nonch\u00e9 con le ONG che migliorano l&#8217;istruzione professionale. Gli studenti della scuola si formano in queste aziende tre giorni alla settimana nell&#8217;ultimo anno di scuola.<\/p>\n<p>La formazione professionale \u00e8 di quattro anni in Turchia, di cui il primo anno \u00e8 preparatorio. Quindi gli studenti selezionano la propria area di istruzione. Il servizio di orientamento scolastico fornisce consulenza agli studenti.<\/p>\n<p>Visita il nostro sito web all&#8217;indirizzo: <a href=\"http:\/\/www.esenlermtal.meb.k12.tr\/\" target=\"_blank\" rel=\"noopener\">esenlermtal.meb.k12.tr<\/a><\/p>\n<\/div>\n<\/div>\n<hr class=\"separator\" \/>\n<div>\n<div style=\"float: left; height: 648px; margin-right: 10px;\"><img data-recalc-dims=\"1\" loading=\"lazy\" decoding=\"async\" data-attachment-id=\"120\" data-permalink=\"https:\/\/vocal.erasmus.site\/it\/partnership\/attachment\/berater_logo\/\" data-orig-file=\"https:\/\/i0.wp.com\/vocal.erasmus.site\/wp-content\/uploads\/2018\/03\/berater_logo.jpg?fit=225%2C225&amp;ssl=1\" data-orig-size=\"225,225\" data-comments-opened=\"0\" data-image-meta=\"{&quot;aperture&quot;:&quot;0&quot;,&quot;credit&quot;:&quot;&quot;,&quot;camera&quot;:&quot;&quot;,&quot;caption&quot;:&quot;&quot;,&quot;created_timestamp&quot;:&quot;0&quot;,&quot;copyright&quot;:&quot;&quot;,&quot;focal_length&quot;:&quot;0&quot;,&quot;iso&quot;:&quot;0&quot;,&quot;shutter_speed&quot;:&quot;0&quot;,&quot;title&quot;:&quot;&quot;,&quot;orientation&quot;:&quot;0&quot;}\" data-image-title=\"berater_logo\" data-image-description=\"\" data-image-caption=\"\" data-large-file=\"https:\/\/i0.wp.com\/vocal.erasmus.site\/wp-content\/uploads\/2018\/03\/berater_logo.jpg?fit=225%2C225&amp;ssl=1\" class=\"alignnone size-full wp-image-120\" src=\"https:\/\/i0.wp.com\/vocal.erasmus.site\/wp-content\/uploads\/2018\/03\/berater_logo.jpg?resize=225%2C225&#038;ssl=1\" alt=\"\" width=\"225\" height=\"225\" srcset=\"https:\/\/i0.wp.com\/vocal.erasmus.site\/wp-content\/uploads\/2018\/03\/berater_logo.jpg?w=225&amp;ssl=1 225w, https:\/\/i0.wp.com\/vocal.erasmus.site\/wp-content\/uploads\/2018\/03\/berater_logo.jpg?resize=150%2C150&amp;ssl=1 150w, https:\/\/i0.wp.com\/vocal.erasmus.site\/wp-content\/uploads\/2018\/03\/berater_logo.jpg?resize=220%2C220&amp;ssl=1 220w, https:\/\/i0.wp.com\/vocal.erasmus.site\/wp-content\/uploads\/2018\/03\/berater_logo.jpg?resize=50%2C50&amp;ssl=1 50w\" sizes=\"(max-width: 225px) 100vw, 225px\" \/><\/div>\n<div><strong style=\"font-size: 18px; color: #f4a86c;\">dieBerater (AT)<\/strong><br \/>\ndieBerater Unternehmensberatungs GmbH (www.dieberater.com) si occupa di educazione degli adulti, formazione professionale e sviluppo delle risorse umane. Fondato nel 1998, die Berater\u00ae ora impiega 350 persone in oltre 30 sedi in tutta l&#8217;Austria.Pianificando, organizzando e gestendo programmi di sviluppo e formazione del personale per circa 20.000 partecipanti ogni anno, die Berater\u00ae figura tra i pi\u00f9 grandi istituti di istruzione privati in Austria e ha ricevuto il premio statale per l&#8217;educazione degli adulti (<em>\u00d6sterreichischer Staatspreis f\u00fcr Erwachsenenbildung<\/em>).<\/p>\n<p>I servizi sono rivolti a privati, aziende e organizzazioni nazionali e internazionali di tutti i settori e di qualsiasi dimensione, nonch\u00e9 al settore pubblico, incluso il Centro per l&#8217;impiego austriaco (AMS).<\/p>\n<p>dieBerater\u00ae, con il suo dipartimento \u201e<em>ponte verso l&#8217;Europa<\/em>\u201c, \u00e8 stato coinvolto in pi\u00f9 di 120 progetti finanziati dall&#8217;UE con diversi ruoli &#8211; come coordinatore di progetto, partner e valutatore. Attraverso questi progetti si \u00e8 evoluta una rete sostenibile di partner europei di oltre 500 organizzazioni. Sulla base di questa ampia esperienza con molti programmi di finanziamento dell&#8217;UE, il dipartimento <em>ponte verso l&#8217;Europa<\/em> offre consulenza ai suoi clienti sugli aspetti chiave di successo dei progetti europei.<\/p>\n<p>La nuova unit\u00e0 <em>Media<\/em> di die Berater fornisce soluzioni di e-learning e mobile learning su misura e produce contenuti di e-learning attuali.<\/p>\n<p>Visita il nostro sito web all&#8217;indirizzo: <a href=\"http:\/\/www.dieberater.com\/\" target=\"_blank\" rel=\"noopener\">dieberater.com<\/a>, <a href=\"http:\/\/www.bridgestoeurope.com\/en\/bridges-to-europe\/\" target=\"_blank\" rel=\"noopener\">bridgestoeurope.com<\/a><\/p>\n<\/div>\n<\/div>\n<p><\/p>","protected":false},"excerpt":{"rendered":"<p>Institute of Technology Tralee (IE) ITT \u00e8 stata in prima linea nell&#8217;apprendimento sin dalla sua fondazione e da allora si \u00e8 guadagnata la reputazione di centro di eccellenza per l&#8217;insegnamento, l&#8217;apprendimento e la ricerca. L&#8217;istituto offre una gamma di corsi a tempo pieno e part-time che vanno dal livello base, fino a corsi per l\u2019ottenimento [&hellip;]<\/p>\n","protected":false},"author":1,"featured_media":0,"parent":0,"menu_order":0,"comment_status":"closed","ping_status":"closed","template":"","meta":{"jetpack_post_was_ever_published":false,"footnotes":""},"class_list":["post-176","page","type-page","status-publish","hentry"],"yoast_head":"<!-- This site is optimized with the Yoast SEO plugin v27.4 - https:\/\/yoast.com\/product\/yoast-seo-wordpress\/ -->\n<title>Partner - Vocal in Need<\/title>\n<meta name=\"robots\" content=\"index, follow, max-snippet:-1, max-image-preview:large, max-video-preview:-1\" \/>\n<link rel=\"canonical\" href=\"https:\/\/vocal.erasmus.site\/de\/partnership\/\" \/>\n<meta property=\"og:locale\" content=\"it_IT\" \/>\n<meta property=\"og:type\" content=\"article\" \/>\n<meta property=\"og:title\" content=\"Partner - Vocal in Need\" \/>\n<meta property=\"og:description\" content=\"Institute of Technology Tralee (IE) ITT \u00e8 stata in prima linea nell&#8217;apprendimento sin dalla sua fondazione e da allora si \u00e8 guadagnata la reputazione di centro di eccellenza per l&#8217;insegnamento, l&#8217;apprendimento e la ricerca. L&#8217;istituto offre una gamma di corsi a tempo pieno e part-time che vanno dal livello base, fino a corsi per l\u2019ottenimento [&hellip;]\" \/>\n<meta property=\"og:url\" content=\"https:\/\/vocal.erasmus.site\/de\/partnership\/\" \/>\n<meta property=\"og:site_name\" content=\"Vocal in Need\" \/>\n<meta property=\"article:modified_time\" content=\"2018-09-17T16:04:16+00:00\" \/>\n<meta property=\"og:image\" content=\"https:\/\/vocal.erasmus.site\/wp-content\/uploads\/2018\/03\/IoT_tralee_logo.jpg\" \/>\n<meta name=\"twitter:card\" content=\"summary_large_image\" \/>\n<meta name=\"twitter:label1\" content=\"Tempo di lettura stimato\" \/>\n\t<meta name=\"twitter:data1\" content=\"43 minuti\" \/>\n<script type=\"application\/ld+json\" class=\"yoast-schema-graph\">{\"@context\":\"https:\\\/\\\/schema.org\",\"@graph\":[{\"@type\":\"WebPage\",\"@id\":\"https:\\\/\\\/vocal.erasmus.site\\\/de\\\/partnership\\\/\",\"url\":\"https:\\\/\\\/vocal.erasmus.site\\\/de\\\/partnership\\\/\",\"name\":\"Partner - Vocal in Need\",\"isPartOf\":{\"@id\":\"https:\\\/\\\/vocal.erasmus.site\\\/#website\"},\"primaryImageOfPage\":{\"@id\":\"https:\\\/\\\/vocal.erasmus.site\\\/de\\\/partnership\\\/#primaryimage\"},\"image\":{\"@id\":\"https:\\\/\\\/vocal.erasmus.site\\\/de\\\/partnership\\\/#primaryimage\"},\"thumbnailUrl\":\"https:\\\/\\\/vocal.erasmus.site\\\/wp-content\\\/uploads\\\/2018\\\/03\\\/MYKOLAROMERIS_UNIVERSITY_logo.jpg\",\"datePublished\":\"2018-03-28T11:41:30+00:00\",\"dateModified\":\"2018-09-17T16:04:16+00:00\",\"breadcrumb\":{\"@id\":\"https:\\\/\\\/vocal.erasmus.site\\\/de\\\/partnership\\\/#breadcrumb\"},\"inLanguage\":\"it-IT\",\"potentialAction\":[{\"@type\":\"ReadAction\",\"target\":[\"https:\\\/\\\/vocal.erasmus.site\\\/de\\\/partnership\\\/\"]}]},{\"@type\":\"ImageObject\",\"inLanguage\":\"it-IT\",\"@id\":\"https:\\\/\\\/vocal.erasmus.site\\\/de\\\/partnership\\\/#primaryimage\",\"url\":\"https:\\\/\\\/vocal.erasmus.site\\\/wp-content\\\/uploads\\\/2018\\\/03\\\/MYKOLAROMERIS_UNIVERSITY_logo.jpg\",\"contentUrl\":\"https:\\\/\\\/vocal.erasmus.site\\\/wp-content\\\/uploads\\\/2018\\\/03\\\/MYKOLAROMERIS_UNIVERSITY_logo.jpg\"},{\"@type\":\"BreadcrumbList\",\"@id\":\"https:\\\/\\\/vocal.erasmus.site\\\/de\\\/partnership\\\/#breadcrumb\",\"itemListElement\":[{\"@type\":\"ListItem\",\"position\":1,\"name\":\"Home\",\"item\":\"https:\\\/\\\/vocal.erasmus.site\\\/\"},{\"@type\":\"ListItem\",\"position\":2,\"name\":\"Partner\"}]},{\"@type\":\"WebSite\",\"@id\":\"https:\\\/\\\/vocal.erasmus.site\\\/#website\",\"url\":\"https:\\\/\\\/vocal.erasmus.site\\\/\",\"name\":\"Vocal in Need\",\"description\":\"\",\"publisher\":{\"@id\":\"https:\\\/\\\/vocal.erasmus.site\\\/#organization\"},\"potentialAction\":[{\"@type\":\"SearchAction\",\"target\":{\"@type\":\"EntryPoint\",\"urlTemplate\":\"https:\\\/\\\/vocal.erasmus.site\\\/?s={search_term_string}\"},\"query-input\":{\"@type\":\"PropertyValueSpecification\",\"valueRequired\":true,\"valueName\":\"search_term_string\"}}],\"inLanguage\":\"it-IT\"},{\"@type\":\"Organization\",\"@id\":\"https:\\\/\\\/vocal.erasmus.site\\\/#organization\",\"name\":\"Vocal in Need\",\"url\":\"https:\\\/\\\/vocal.erasmus.site\\\/\",\"logo\":{\"@type\":\"ImageObject\",\"inLanguage\":\"it-IT\",\"@id\":\"https:\\\/\\\/vocal.erasmus.site\\\/#\\\/schema\\\/logo\\\/image\\\/\",\"url\":\"https:\\\/\\\/i0.wp.com\\\/vocal.erasmus.site\\\/wp-content\\\/uploads\\\/2018\\\/03\\\/LOGO_FINAL-300x75.png?fit=300%2C75&ssl=1\",\"contentUrl\":\"https:\\\/\\\/i0.wp.com\\\/vocal.erasmus.site\\\/wp-content\\\/uploads\\\/2018\\\/03\\\/LOGO_FINAL-300x75.png?fit=300%2C75&ssl=1\",\"width\":300,\"height\":75,\"caption\":\"Vocal in Need\"},\"image\":{\"@id\":\"https:\\\/\\\/vocal.erasmus.site\\\/#\\\/schema\\\/logo\\\/image\\\/\"}}]}<\/script>\n<!-- \/ Yoast SEO plugin. -->","yoast_head_json":{"title":"Partner - Vocal in Need","robots":{"index":"index","follow":"follow","max-snippet":"max-snippet:-1","max-image-preview":"max-image-preview:large","max-video-preview":"max-video-preview:-1"},"canonical":"https:\/\/vocal.erasmus.site\/de\/partnership\/","og_locale":"it_IT","og_type":"article","og_title":"Partner - Vocal in Need","og_description":"Institute of Technology Tralee (IE) ITT \u00e8 stata in prima linea nell&#8217;apprendimento sin dalla sua fondazione e da allora si \u00e8 guadagnata la reputazione di centro di eccellenza per l&#8217;insegnamento, l&#8217;apprendimento e la ricerca. L&#8217;istituto offre una gamma di corsi a tempo pieno e part-time che vanno dal livello base, fino a corsi per l\u2019ottenimento [&hellip;]","og_url":"https:\/\/vocal.erasmus.site\/de\/partnership\/","og_site_name":"Vocal in Need","article_modified_time":"2018-09-17T16:04:16+00:00","og_image":[{"url":"https:\/\/vocal.erasmus.site\/wp-content\/uploads\/2018\/03\/IoT_tralee_logo.jpg","type":"","width":"","height":""}],"twitter_card":"summary_large_image","twitter_misc":{"Tempo di lettura stimato":"43 minuti"},"schema":{"@context":"https:\/\/schema.org","@graph":[{"@type":"WebPage","@id":"https:\/\/vocal.erasmus.site\/de\/partnership\/","url":"https:\/\/vocal.erasmus.site\/de\/partnership\/","name":"Partner - Vocal in Need","isPartOf":{"@id":"https:\/\/vocal.erasmus.site\/#website"},"primaryImageOfPage":{"@id":"https:\/\/vocal.erasmus.site\/de\/partnership\/#primaryimage"},"image":{"@id":"https:\/\/vocal.erasmus.site\/de\/partnership\/#primaryimage"},"thumbnailUrl":"https:\/\/vocal.erasmus.site\/wp-content\/uploads\/2018\/03\/MYKOLAROMERIS_UNIVERSITY_logo.jpg","datePublished":"2018-03-28T11:41:30+00:00","dateModified":"2018-09-17T16:04:16+00:00","breadcrumb":{"@id":"https:\/\/vocal.erasmus.site\/de\/partnership\/#breadcrumb"},"inLanguage":"it-IT","potentialAction":[{"@type":"ReadAction","target":["https:\/\/vocal.erasmus.site\/de\/partnership\/"]}]},{"@type":"ImageObject","inLanguage":"it-IT","@id":"https:\/\/vocal.erasmus.site\/de\/partnership\/#primaryimage","url":"https:\/\/vocal.erasmus.site\/wp-content\/uploads\/2018\/03\/MYKOLAROMERIS_UNIVERSITY_logo.jpg","contentUrl":"https:\/\/vocal.erasmus.site\/wp-content\/uploads\/2018\/03\/MYKOLAROMERIS_UNIVERSITY_logo.jpg"},{"@type":"BreadcrumbList","@id":"https:\/\/vocal.erasmus.site\/de\/partnership\/#breadcrumb","itemListElement":[{"@type":"ListItem","position":1,"name":"Home","item":"https:\/\/vocal.erasmus.site\/"},{"@type":"ListItem","position":2,"name":"Partner"}]},{"@type":"WebSite","@id":"https:\/\/vocal.erasmus.site\/#website","url":"https:\/\/vocal.erasmus.site\/","name":"Vocal in Need","description":"","publisher":{"@id":"https:\/\/vocal.erasmus.site\/#organization"},"potentialAction":[{"@type":"SearchAction","target":{"@type":"EntryPoint","urlTemplate":"https:\/\/vocal.erasmus.site\/?s={search_term_string}"},"query-input":{"@type":"PropertyValueSpecification","valueRequired":true,"valueName":"search_term_string"}}],"inLanguage":"it-IT"},{"@type":"Organization","@id":"https:\/\/vocal.erasmus.site\/#organization","name":"Vocal in Need","url":"https:\/\/vocal.erasmus.site\/","logo":{"@type":"ImageObject","inLanguage":"it-IT","@id":"https:\/\/vocal.erasmus.site\/#\/schema\/logo\/image\/","url":"https:\/\/i0.wp.com\/vocal.erasmus.site\/wp-content\/uploads\/2018\/03\/LOGO_FINAL-300x75.png?fit=300%2C75&ssl=1","contentUrl":"https:\/\/i0.wp.com\/vocal.erasmus.site\/wp-content\/uploads\/2018\/03\/LOGO_FINAL-300x75.png?fit=300%2C75&ssl=1","width":300,"height":75,"caption":"Vocal in Need"},"image":{"@id":"https:\/\/vocal.erasmus.site\/#\/schema\/logo\/image\/"}}]}},"jetpack_sharing_enabled":true,"jetpack_shortlink":"https:\/\/wp.me\/P9PcbK-2Q","jetpack-related-posts":[],"_links":{"self":[{"href":"https:\/\/vocal.erasmus.site\/it\/wp-json\/wp\/v2\/pages\/176","targetHints":{"allow":["GET"]}}],"collection":[{"href":"https:\/\/vocal.erasmus.site\/it\/wp-json\/wp\/v2\/pages"}],"about":[{"href":"https:\/\/vocal.erasmus.site\/it\/wp-json\/wp\/v2\/types\/page"}],"author":[{"embeddable":true,"href":"https:\/\/vocal.erasmus.site\/it\/wp-json\/wp\/v2\/users\/1"}],"replies":[{"embeddable":true,"href":"https:\/\/vocal.erasmus.site\/it\/wp-json\/wp\/v2\/comments?post=176"}],"version-history":[{"count":55,"href":"https:\/\/vocal.erasmus.site\/it\/wp-json\/wp\/v2\/pages\/176\/revisions"}],"predecessor-version":[{"id":543,"href":"https:\/\/vocal.erasmus.site\/it\/wp-json\/wp\/v2\/pages\/176\/revisions\/543"}],"wp:attachment":[{"href":"https:\/\/vocal.erasmus.site\/it\/wp-json\/wp\/v2\/media?parent=176"}],"curies":[{"name":"wp","href":"https:\/\/api.w.org\/{rel}","templated":true}]}}