{"id":176,"date":"2018-03-28T11:41:30","date_gmt":"2018-03-28T11:41:30","guid":{"rendered":"https:\/\/vocal.erasmus.site\/?page_id=176"},"modified":"2018-09-17T16:04:16","modified_gmt":"2018-09-17T16:04:16","slug":"partnership","status":"publish","type":"page","link":"https:\/\/vocal.erasmus.site\/lt\/partnership\/","title":{"rendered":"Partneryst\u0117"},"content":{"rendered":"<p><\/p>\n<div>\n<div style=\"float: left; height: 403px; margin-right: 10px;\"><img fetchpriority=\"high\" decoding=\"async\" data-attachment-id=\"105\" data-permalink=\"https:\/\/vocal.erasmus.site\/lt\/partnership\/attachment\/iot_tralee_logo\/\" data-orig-file=\"https:\/\/i0.wp.com\/vocal.erasmus.site\/wp-content\/uploads\/2018\/03\/IoT_tralee_logo.jpg?fit=225%2C225&amp;ssl=1\" data-orig-size=\"225,225\" data-comments-opened=\"0\" data-image-meta=\"{&quot;aperture&quot;:&quot;0&quot;,&quot;credit&quot;:&quot;&quot;,&quot;camera&quot;:&quot;&quot;,&quot;caption&quot;:&quot;&quot;,&quot;created_timestamp&quot;:&quot;0&quot;,&quot;copyright&quot;:&quot;&quot;,&quot;focal_length&quot;:&quot;0&quot;,&quot;iso&quot;:&quot;0&quot;,&quot;shutter_speed&quot;:&quot;0&quot;,&quot;title&quot;:&quot;&quot;,&quot;orientation&quot;:&quot;0&quot;}\" data-image-title=\"IoT_tralee_logo\" data-image-description=\"\" data-image-caption=\"\" data-large-file=\"https:\/\/i0.wp.com\/vocal.erasmus.site\/wp-content\/uploads\/2018\/03\/IoT_tralee_logo.jpg?fit=225%2C225&amp;ssl=1\" class=\"alignnone size-full wp-image-105\" src=\"\/wp-content\/uploads\/2018\/03\/IoT_tralee_logo.jpg\" alt=\"\" width=\"225\" height=\"225\" srcset=\"https:\/\/i0.wp.com\/vocal.erasmus.site\/wp-content\/uploads\/2018\/03\/IoT_tralee_logo.jpg?w=225&amp;ssl=1 225w, https:\/\/i0.wp.com\/vocal.erasmus.site\/wp-content\/uploads\/2018\/03\/IoT_tralee_logo.jpg?resize=150%2C150&amp;ssl=1 150w, https:\/\/i0.wp.com\/vocal.erasmus.site\/wp-content\/uploads\/2018\/03\/IoT_tralee_logo.jpg?resize=220%2C220&amp;ssl=1 220w, https:\/\/i0.wp.com\/vocal.erasmus.site\/wp-content\/uploads\/2018\/03\/IoT_tralee_logo.jpg?resize=50%2C50&amp;ssl=1 50w\" sizes=\"(max-width: 225px) 100vw, 225px\" \/><\/div>\n<div><strong style=\"font-size: 18px; color: #f4a86c;\">Institute of Technology Tralee (IE)<\/strong><br \/>\nTechnologijos institutas Tralee (IE)<br \/>\nNuo pat \u012fk\u016brimo ITT buvo mokymosi organizavimo lyderis, ir \u012fgijo reputacij\u0105 kaip i\u0161skirtinis centras mokymui, mokymuisi ir moksliniams tyrimams. Institutas si\u016blo daugyb\u0119 dienini\u0173 ir neakivaizdini\u0173 kurs\u0173, pradedant baziniu studij\u0173 lygiu, laipsnio neteikian\u010diomis studijomis iki pirmosios, antrosios pakopos ir doktorant\u016bros lygio studijomis. Instituto d\u0117stom\u0173 program\u0173 tobulinimas remiasi pasaulinio lygmens mokslini\u0173 tyrim\u0173 programa. Institutas, \u012fkurdintas dviejuose miesteliuose, i\u0161 kuri\u0173 lengvai pasiekiamas miesto centras. Institutas turi reputacij\u0105 kaip draugi\u0161kas ir s\u0117kmingas. Instituto bendruomen\u0119 sudaro daugiau kaip 3500 ES ir u\u017esienio student\u0173 ir daugiau kaip 250 d\u0117stytoj\u0173. \u0160is institutas, \u012fsik\u016br\u0119s \u0161alia Kerry technologij\u0173 parko, palaik\u0117 glaud\u017eius ry\u0161ius su bendrov\u0117mis, \u012fsik\u016brusiomis parke. Daugiametis Euro Masterplan \u012ftakojo didelius poky\u010dius sporto, mokymo ir mokslini\u0173 tyrim\u0173 srityje.<\/p>\n<p>Pra\u0161ome apsilankyti m\u016bs\u0173 svetain\u0117je adresu: <a href=\"http:\/\/www.ittralee.ie\" target=\"_blank\" rel=\"noopener\">ittralee.ie<\/a><\/p>\n<\/div>\n<\/div>\n<hr class=\"separator\" \/>\n<div>\n<div style=\"float: left; height: 370px; margin-right: 10px;\"><img decoding=\"async\" data-attachment-id=\"395\" data-permalink=\"https:\/\/vocal.erasmus.site\/lt\/partnership\/attachment\/logo_sachsen-2\/\" data-orig-file=\"https:\/\/i0.wp.com\/vocal.erasmus.site\/wp-content\/uploads\/2018\/05\/logo_sachsen.jpg?fit=225%2C225&amp;ssl=1\" data-orig-size=\"225,225\" data-comments-opened=\"0\" data-image-meta=\"{&quot;aperture&quot;:&quot;0&quot;,&quot;credit&quot;:&quot;&quot;,&quot;camera&quot;:&quot;&quot;,&quot;caption&quot;:&quot;&quot;,&quot;created_timestamp&quot;:&quot;1526491942&quot;,&quot;copyright&quot;:&quot;&quot;,&quot;focal_length&quot;:&quot;0&quot;,&quot;iso&quot;:&quot;0&quot;,&quot;shutter_speed&quot;:&quot;0&quot;,&quot;title&quot;:&quot;&quot;,&quot;orientation&quot;:&quot;0&quot;}\" data-image-title=\"logo_sachsen\" data-image-description=\"\" data-image-caption=\"\" data-large-file=\"https:\/\/i0.wp.com\/vocal.erasmus.site\/wp-content\/uploads\/2018\/05\/logo_sachsen.jpg?fit=225%2C225&amp;ssl=1\" class=\"alignnone size-full wp-image-395\" src=\"\/wp-content\/uploads\/2018\/05\/logo_sachsen.jpg\" alt=\"\" width=\"225\" height=\"225\" srcset=\"https:\/\/i0.wp.com\/vocal.erasmus.site\/wp-content\/uploads\/2018\/05\/logo_sachsen.jpg?w=225&amp;ssl=1 225w, https:\/\/i0.wp.com\/vocal.erasmus.site\/wp-content\/uploads\/2018\/05\/logo_sachsen.jpg?resize=150%2C150&amp;ssl=1 150w, https:\/\/i0.wp.com\/vocal.erasmus.site\/wp-content\/uploads\/2018\/05\/logo_sachsen.jpg?resize=220%2C220&amp;ssl=1 220w, https:\/\/i0.wp.com\/vocal.erasmus.site\/wp-content\/uploads\/2018\/05\/logo_sachsen.jpg?resize=50%2C50&amp;ssl=1 50w\" sizes=\"(max-width: 225px) 100vw, 225px\" \/><\/div>\n<div><strong style=\"font-size: 18px; color: #f4a86c;\">Hochschule der S\u00e4chsischen Polizei (FH) (DE)<\/strong><br \/>\nSaksonijos taikom\u0173j\u0173 policijos moksl\u0173 auk\u0161toji mokykla (PolFH) yra atsakinga u\u017e Saksonijos policijos pareig\u016bn\u0173 mokym\u0105. \u012esik\u016brusi rytin\u0117je Vokietijos Federacin\u0117s Respublikos dalyje, Saksonija susiduria su tarpvalstybini\u0173 ir tranzitini\u0173 nusikaltim\u0173 problemomis, d\u0117l kuri\u0173 reikia glaud\u017eiai bendradarbiauti su kaimynin\u0117mis policijos paj\u0117gomis, taip pat Saksonijos pareig\u016bnams tenka demonstruoti jautrum\u0105 tarpkult\u016brin\u0117se situacijose ir kalb\u0173 \u012fg\u016bd\u017eius.<br \/>\nSaksonijos taikom\u0173j\u0173 policijos moksl\u0173 auk\u0161toji mokykla (PolFH) yra vienintelis \u0161io regiono policijos personalo mokymo centras ir tod\u0117l yra pasiry\u017e\u0119s pasi\u016blyti stipri\u0105 tarpkult\u016brin\u0119 ir kalb\u0173 mokymo program\u0105, ypating\u0105 d\u0117mes\u012f skiriant angl\u0173 kalbai, o taip pat si\u016blant ir \u010dek\u0173, lenk\u0173 ir rus\u0173 kalbos mokym\u0105.<br \/>\nAbsolventai dirba \u012fvairi\u0173 Saksonijos policijos padalini\u0173 tarnybose.<\/p>\n<p>Apsilankykite m\u016bs\u0173 tinklalapyje: <a href=\"https:\/\/www.polizei.sachsen.de\/de\/polfh.htm\" target=\"_blank\" rel=\"noopener\">polizei.sachsen.de<\/a><\/p>\n<\/div>\n<\/div>\n<hr class=\"separator\" \/>\n<div>\n<div style=\"float: left; height: 500px; margin-right: 10px;\"><img decoding=\"async\" data-attachment-id=\"112\" data-permalink=\"https:\/\/vocal.erasmus.site\/lt\/partnership\/attachment\/danmar_logo\/\" data-orig-file=\"https:\/\/i0.wp.com\/vocal.erasmus.site\/wp-content\/uploads\/2018\/03\/danmar_logo.jpg?fit=225%2C225&amp;ssl=1\" data-orig-size=\"225,225\" data-comments-opened=\"0\" data-image-meta=\"{&quot;aperture&quot;:&quot;0&quot;,&quot;credit&quot;:&quot;&quot;,&quot;camera&quot;:&quot;&quot;,&quot;caption&quot;:&quot;&quot;,&quot;created_timestamp&quot;:&quot;0&quot;,&quot;copyright&quot;:&quot;&quot;,&quot;focal_length&quot;:&quot;0&quot;,&quot;iso&quot;:&quot;0&quot;,&quot;shutter_speed&quot;:&quot;0&quot;,&quot;title&quot;:&quot;&quot;,&quot;orientation&quot;:&quot;0&quot;}\" data-image-title=\"danmar_logo\" data-image-description=\"\" data-image-caption=\"\" data-large-file=\"https:\/\/i0.wp.com\/vocal.erasmus.site\/wp-content\/uploads\/2018\/03\/danmar_logo.jpg?fit=225%2C225&amp;ssl=1\" class=\"alignnone size-full wp-image-112\" src=\"\/wp-content\/uploads\/2018\/03\/danmar_logo.jpg\" alt=\"\" width=\"225\" height=\"225\" srcset=\"https:\/\/i0.wp.com\/vocal.erasmus.site\/wp-content\/uploads\/2018\/03\/danmar_logo.jpg?w=225&amp;ssl=1 225w, https:\/\/i0.wp.com\/vocal.erasmus.site\/wp-content\/uploads\/2018\/03\/danmar_logo.jpg?resize=150%2C150&amp;ssl=1 150w, https:\/\/i0.wp.com\/vocal.erasmus.site\/wp-content\/uploads\/2018\/03\/danmar_logo.jpg?resize=220%2C220&amp;ssl=1 220w, https:\/\/i0.wp.com\/vocal.erasmus.site\/wp-content\/uploads\/2018\/03\/danmar_logo.jpg?resize=50%2C50&amp;ssl=1 50w\" sizes=\"(max-width: 225px) 100vw, 225px\" \/><\/div>\n<div><strong style=\"font-size: 18px; color: #f4a86c;\">Danmar Computers LLC (PL)<\/strong><br \/>\n&#8222;Danmar Computers&#8221; yra privati bendrov\u0117, teikianti profesin\u012f mokym\u0105 informacini\u0173 technologij\u0173 srityje ir kurdama elektronin\u012f mokym\u0105 bei pritaikytus IRT sprendimus. Bendrov\u0117 dirba \u0161iose srityse: mokymas, program\u0173 ir mokymo priemoni\u0173 k\u016brimas, konsultavimas, interneto svetaini\u0173 ir mobili\u0173j\u0173 program\u0173 k\u016brimas, interneto kampanijos ir e-mokymo sistemos. Techninis personalas turi galimyb\u0119 kurti bet kokias \u0161iuolaikines interneto svetaines ir mobili\u0105sias programas, naudojant duomen\u0173 bazi\u0173 technologijas, \u017einiatinklio serverius ir program\u0173 serverius. Tai apima socialines ir debes\u0173 paslaugas tiek kliento, tiek serverio pus\u0117je. Danmar Computers suk\u016br\u0117 projekto valdymo sistem\u0105 &#8211; AdminProject. \u0160iuo metu rinkoje tai yra vienintelis produktas, skirtas Europos projekt\u0173 valdymui.<br \/>\nBe patirties, susijusios su IT sritimis, &#8222;Danmar&#8221; turi ilgamet\u0119 patirt\u012f vykdant Europos S\u0105jungos \u0161vietimo programas, \u012fskaitant pa\u017eang\u0105, inovacij\u0173 perk\u0117lim\u0105, &#8222;Erasmus&#8221;, &#8222;Leonardo da Vinci&#8221; ir &#8222;Grundtvig&#8221; partnerystes. Kadangi Danmar Computers pagrindin\u0117 veikla &#8211; IT sektoriuje, bendrov\u0117 da\u017enai kuria \u012fvairias IT priemones, kurios remia projekto veikl\u0105 (internetiniai klausimynai, interaktyv\u016bs mokymai, mobiliosios programos ar internetin\u0117s informacijos sklaidos kampanijos).<\/p>\n<p>Pra\u0161ome apsilankyti m\u016bs\u0173 svetain\u0117je adresu: <a href=\"http:\/\/www.danmar-computers.com.pl\/\" target=\"_blank\" rel=\"noopener\">danmar-computers.com.pl<\/a><\/p>\n<\/div>\n<\/div>\n<hr class=\"separator\" \/>\n<div>\n<div style=\"float: left; height: 420px; margin-right: 10px;\"><img loading=\"lazy\" decoding=\"async\" data-attachment-id=\"113\" data-permalink=\"https:\/\/vocal.erasmus.site\/lt\/partnership\/attachment\/assist_logo\/\" data-orig-file=\"https:\/\/i0.wp.com\/vocal.erasmus.site\/wp-content\/uploads\/2018\/03\/assist_Logo.jpg?fit=225%2C225&amp;ssl=1\" data-orig-size=\"225,225\" data-comments-opened=\"0\" data-image-meta=\"{&quot;aperture&quot;:&quot;0&quot;,&quot;credit&quot;:&quot;&quot;,&quot;camera&quot;:&quot;&quot;,&quot;caption&quot;:&quot;&quot;,&quot;created_timestamp&quot;:&quot;1522275520&quot;,&quot;copyright&quot;:&quot;&quot;,&quot;focal_length&quot;:&quot;0&quot;,&quot;iso&quot;:&quot;0&quot;,&quot;shutter_speed&quot;:&quot;0&quot;,&quot;title&quot;:&quot;&quot;,&quot;orientation&quot;:&quot;0&quot;}\" data-image-title=\"assist_Logo\" data-image-description=\"\" data-image-caption=\"\" data-large-file=\"https:\/\/i0.wp.com\/vocal.erasmus.site\/wp-content\/uploads\/2018\/03\/assist_Logo.jpg?fit=225%2C225&amp;ssl=1\" class=\"alignnone size-full wp-image-113\" src=\"\/wp-content\/uploads\/2018\/03\/assist_Logo.jpg\" alt=\"\" width=\"225\" height=\"225\" srcset=\"https:\/\/i0.wp.com\/vocal.erasmus.site\/wp-content\/uploads\/2018\/03\/assist_Logo.jpg?w=225&amp;ssl=1 225w, https:\/\/i0.wp.com\/vocal.erasmus.site\/wp-content\/uploads\/2018\/03\/assist_Logo.jpg?resize=150%2C150&amp;ssl=1 150w, https:\/\/i0.wp.com\/vocal.erasmus.site\/wp-content\/uploads\/2018\/03\/assist_Logo.jpg?resize=220%2C220&amp;ssl=1 220w, https:\/\/i0.wp.com\/vocal.erasmus.site\/wp-content\/uploads\/2018\/03\/assist_Logo.jpg?resize=50%2C50&amp;ssl=1 50w\" sizes=\"(max-width: 225px) 100vw, 225px\" \/><\/div>\n<div><strong style=\"font-size: 18px; color: #f4a86c;\">assist GmbH (DE)<\/strong><br \/>\nassist International HR yra garsi tarptautin\u0117 \u017emogi\u0161k\u0173j\u0173 i\u0161tekli\u0173 pl\u0117tros organizacija, \u012fsik\u016brusi Paderborne (Vokietija) (vykdanti veikl\u0105 visame pasaulyje). Bendrov\u0117 vykdo tarpkult\u016brini\u0173 \u012fg\u016bd\u017ei\u0173, vadovavimo \u012fg\u016bd\u017ei\u0173, bendravimo \u012fg\u016bd\u017ei\u0173 mokymus, veda seminarus, tarpkult\u016brinio tarpininkavimo tarpkult\u016brini\u0173 konsultacij\u0173 ir instruktori\u0173 mokymo srityje.<br \/>\nAssist daugiausia d\u0117mesio skiria mi\u0161rajam mokymuisi (e-mokymui, internetiniams seminarams, elektroniniams vadovams ir tradiciniam frontaliniam mokymui).<\/p>\n<p>Pra\u0161ome apsilankyti m\u016bs\u0173 svetain\u0117je adresu: <a href=\"http:\/\/www.international-hr.de\/\" target=\"_blank\" rel=\"noopener\">international-hr.de<\/a><\/p>\n<\/div>\n<\/div>\n<hr class=\"separator\" \/>\n<div style=\"clear: both;\">\n<div style=\"float: left; height: 403px; margin-right: 10px;\"><img data-recalc-dims=\"1\" loading=\"lazy\" decoding=\"async\" data-attachment-id=\"114\" data-permalink=\"https:\/\/vocal.erasmus.site\/lt\/partnership\/attachment\/mykolaromeris_university_logo\/\" data-orig-file=\"https:\/\/i0.wp.com\/vocal.erasmus.site\/wp-content\/uploads\/2018\/03\/MYKOLAROMERIS_UNIVERSITY_logo.jpg?fit=225%2C225&amp;ssl=1\" data-orig-size=\"225,225\" data-comments-opened=\"0\" data-image-meta=\"{&quot;aperture&quot;:&quot;0&quot;,&quot;credit&quot;:&quot;&quot;,&quot;camera&quot;:&quot;&quot;,&quot;caption&quot;:&quot;&quot;,&quot;created_timestamp&quot;:&quot;0&quot;,&quot;copyright&quot;:&quot;&quot;,&quot;focal_length&quot;:&quot;0&quot;,&quot;iso&quot;:&quot;0&quot;,&quot;shutter_speed&quot;:&quot;0&quot;,&quot;title&quot;:&quot;&quot;,&quot;orientation&quot;:&quot;0&quot;}\" data-image-title=\"MYKOLAROMERIS_UNIVERSITY_logo\" data-image-description=\"\" data-image-caption=\"\" data-large-file=\"https:\/\/i0.wp.com\/vocal.erasmus.site\/wp-content\/uploads\/2018\/03\/MYKOLAROMERIS_UNIVERSITY_logo.jpg?fit=225%2C225&amp;ssl=1\" class=\"alignnone size-full wp-image-114\" src=\"https:\/\/i0.wp.com\/vocal.erasmus.site\/wp-content\/uploads\/2018\/03\/MYKOLAROMERIS_UNIVERSITY_logo.jpg?resize=225%2C225&#038;ssl=1\" alt=\"\" width=\"225\" height=\"225\" srcset=\"https:\/\/i0.wp.com\/vocal.erasmus.site\/wp-content\/uploads\/2018\/03\/MYKOLAROMERIS_UNIVERSITY_logo.jpg?w=225&amp;ssl=1 225w, https:\/\/i0.wp.com\/vocal.erasmus.site\/wp-content\/uploads\/2018\/03\/MYKOLAROMERIS_UNIVERSITY_logo.jpg?resize=150%2C150&amp;ssl=1 150w, https:\/\/i0.wp.com\/vocal.erasmus.site\/wp-content\/uploads\/2018\/03\/MYKOLAROMERIS_UNIVERSITY_logo.jpg?resize=220%2C220&amp;ssl=1 220w, https:\/\/i0.wp.com\/vocal.erasmus.site\/wp-content\/uploads\/2018\/03\/MYKOLAROMERIS_UNIVERSITY_logo.jpg?resize=50%2C50&amp;ssl=1 50w\" sizes=\"(max-width: 225px) 100vw, 225px\" \/><\/div>\n<div><strong style=\"font-size: 18px; color: #f4a86c;\">Mycolas Romeris University (LT)<\/strong><br \/>\nUniversitetas yra vienas did\u017eiausi\u0173 Lietuvos universitet\u0173, kurio akademin\u0117s ir mokslin\u0117s veiklos akcentai yra teis\u0117s, psichologijos, vie\u0161ojo administravimo, politologijos, ekonomikos ir \u0161vietimo moksl\u0173 sritys.<br \/>\nVie\u0161oji \u012fstaiga Mykolo Romerio universitetas (MRU) yra tarptautinis universitetas, \u012fsik\u016br\u0119s \u0160iaur\u0117s Europoje. Universitetas kasmet priima studijuoti daug k\u016brybing\u0173 ir talenting\u0173 jaunuoli\u0173. Mykolo Romerio universitetas remia intelektual\u0173j\u012f tyrim\u0105 skatinan\u010di\u0173 studij\u0173 vystym\u0105 ir orientavim\u0105 \u012f nuosekli\u0105 mokslin\u0119 veikl\u0105, prisideda prie visapusi\u0161ko asmenyb\u0117s ugdymo: subrend\u0119s, iniciatyvus ir nepriklausomas b\u016bsimas lyderis bei atsakingas pilietis. Universitete yra beveik 10 000 motyvuot\u0173 ir entuziasting\u0173 student\u0173. Studij\u0173 programos nuolat atnaujinamos, reaguojant \u012f visuomen\u0117s poreikius ir suteikiant jaunimui \u017eini\u0173 ir \u012fg\u016bd\u017ei\u0173, reikaling\u0173 s\u0117kmingai karjerai sukurti.<\/p>\n<p>Pra\u0161ome apsilankyti m\u016bs\u0173 svetain\u0117je adresu: <a href=\"http:\/\/www.mruni.eu\/\" target=\"_blank\" rel=\"noopener\">mruni.eu<\/a><\/p>\n<\/div>\n<\/div>\n<hr class=\"separator\" \/>\n<div>\n<div style=\"float: left; height: 420px; margin-right: 10px;\"><img data-recalc-dims=\"1\" loading=\"lazy\" decoding=\"async\" data-attachment-id=\"115\" data-permalink=\"https:\/\/vocal.erasmus.site\/lt\/partnership\/attachment\/formazione_logo\/\" data-orig-file=\"https:\/\/i0.wp.com\/vocal.erasmus.site\/wp-content\/uploads\/2018\/03\/formazione_logo.jpg?fit=225%2C225&amp;ssl=1\" data-orig-size=\"225,225\" data-comments-opened=\"0\" data-image-meta=\"{&quot;aperture&quot;:&quot;0&quot;,&quot;credit&quot;:&quot;&quot;,&quot;camera&quot;:&quot;&quot;,&quot;caption&quot;:&quot;&quot;,&quot;created_timestamp&quot;:&quot;1522276320&quot;,&quot;copyright&quot;:&quot;&quot;,&quot;focal_length&quot;:&quot;0&quot;,&quot;iso&quot;:&quot;0&quot;,&quot;shutter_speed&quot;:&quot;0&quot;,&quot;title&quot;:&quot;&quot;,&quot;orientation&quot;:&quot;0&quot;}\" data-image-title=\"formazione_logo\" data-image-description=\"\" data-image-caption=\"\" data-large-file=\"https:\/\/i0.wp.com\/vocal.erasmus.site\/wp-content\/uploads\/2018\/03\/formazione_logo.jpg?fit=225%2C225&amp;ssl=1\" class=\"alignnone size-full wp-image-115\" src=\"https:\/\/i0.wp.com\/vocal.erasmus.site\/wp-content\/uploads\/2018\/03\/formazione_logo.jpg?resize=225%2C225&#038;ssl=1\" alt=\"\" width=\"225\" height=\"225\" srcset=\"https:\/\/i0.wp.com\/vocal.erasmus.site\/wp-content\/uploads\/2018\/03\/formazione_logo.jpg?w=225&amp;ssl=1 225w, https:\/\/i0.wp.com\/vocal.erasmus.site\/wp-content\/uploads\/2018\/03\/formazione_logo.jpg?resize=150%2C150&amp;ssl=1 150w, https:\/\/i0.wp.com\/vocal.erasmus.site\/wp-content\/uploads\/2018\/03\/formazione_logo.jpg?resize=220%2C220&amp;ssl=1 220w, https:\/\/i0.wp.com\/vocal.erasmus.site\/wp-content\/uploads\/2018\/03\/formazione_logo.jpg?resize=50%2C50&amp;ssl=1 50w\" sizes=\"(max-width: 225px) 100vw, 225px\" \/><\/div>\n<div><strong style=\"font-size: 18px; color: #f4a86c;\">FormAzione Co&amp;So Network (IT)<\/strong><br \/>\n&#8222;FormAzione Co &#038; So Network&#8221; yra de\u0161imties socialini\u0173 kooperatyv\u0173 konsorciumas, \u012fsik\u016br\u0119s Italijos Florencijos provincijoje. &#8222;FormAzione Co &#038; So Network&#8221; dirba vie\u0161\u0173j\u0173 institucij\u0173, toki\u0173 kaip savivaldyb\u0117 ar provincija, vie\u0161\u0173j\u0173 pirkim\u0173 srityje ir valdo \u012fvairias socialines paslaugas (pvz., \u012edarbinimo, ne\u012fgali\u0173 asmen\u0173 mokymo, imigrantams skirt\u0173 integracijos priemoni\u0173 palaikymo). &#8222;FCN&#8221; personal\u0105 sudaro 10 darbuotoj\u0173, ta\u010diau kartu dirba apie 3000 \u017emoni\u0173, dirban\u010di\u0173 m\u016bs\u0173 asocijuotuose kooperatyvuose. FCN taip pat yra mokymo agent\u016bra, akredituota Toskanos regiono, kuriant mokymo programas, ypa\u010d tokioms nepalankioje pad\u0117tyje esan\u010dioms grup\u0117ms kaip pab\u0117g\u0117liai ir prieglobs\u010dio pra\u0161ytojai.<br \/>\nNuo 2004 m. FCN dirba ES finansuojamuose projektuose, ypa\u010d Erasmus +, AMIF, LLP, EIF ir Daphne programoje, tiek kaip iniciator\u0117, tiek partner\u0117. Tai liudija kokyb\u0117s sertifikatas UNI EN ISO 9001: 2008.<\/p>\n<p>Pra\u0161ome apsilankyti m\u016bs\u0173 svetain\u0117je adresu: <a href=\"http:\/\/www.formazionenet.eu\/\" target=\"_blank\" rel=\"noopener\">formazionenet.eu<\/a><\/p>\n<\/div>\n<\/div>\n<hr class=\"separator\" \/>\n<div>\n<div style=\"float: left; height: 470px; margin-right: 10px;\"><img data-recalc-dims=\"1\" loading=\"lazy\" decoding=\"async\" data-attachment-id=\"117\" data-permalink=\"https:\/\/vocal.erasmus.site\/lt\/partnership\/attachment\/plovdiv_logo\/\" data-orig-file=\"https:\/\/i0.wp.com\/vocal.erasmus.site\/wp-content\/uploads\/2018\/03\/plovdiv_logo.jpg?fit=225%2C225&amp;ssl=1\" data-orig-size=\"225,225\" data-comments-opened=\"0\" data-image-meta=\"{&quot;aperture&quot;:&quot;0&quot;,&quot;credit&quot;:&quot;&quot;,&quot;camera&quot;:&quot;&quot;,&quot;caption&quot;:&quot;&quot;,&quot;created_timestamp&quot;:&quot;0&quot;,&quot;copyright&quot;:&quot;&quot;,&quot;focal_length&quot;:&quot;0&quot;,&quot;iso&quot;:&quot;0&quot;,&quot;shutter_speed&quot;:&quot;0&quot;,&quot;title&quot;:&quot;&quot;,&quot;orientation&quot;:&quot;0&quot;}\" data-image-title=\"plovdiv_logo\" data-image-description=\"\" data-image-caption=\"\" data-large-file=\"https:\/\/i0.wp.com\/vocal.erasmus.site\/wp-content\/uploads\/2018\/03\/plovdiv_logo.jpg?fit=225%2C225&amp;ssl=1\" class=\"alignnone size-full wp-image-117\" src=\"https:\/\/i0.wp.com\/vocal.erasmus.site\/wp-content\/uploads\/2018\/03\/plovdiv_logo.jpg?resize=225%2C225&#038;ssl=1\" alt=\"\" width=\"225\" height=\"225\" srcset=\"https:\/\/i0.wp.com\/vocal.erasmus.site\/wp-content\/uploads\/2018\/03\/plovdiv_logo.jpg?w=225&amp;ssl=1 225w, https:\/\/i0.wp.com\/vocal.erasmus.site\/wp-content\/uploads\/2018\/03\/plovdiv_logo.jpg?resize=150%2C150&amp;ssl=1 150w, https:\/\/i0.wp.com\/vocal.erasmus.site\/wp-content\/uploads\/2018\/03\/plovdiv_logo.jpg?resize=220%2C220&amp;ssl=1 220w, https:\/\/i0.wp.com\/vocal.erasmus.site\/wp-content\/uploads\/2018\/03\/plovdiv_logo.jpg?resize=50%2C50&amp;ssl=1 50w\" sizes=\"(max-width: 225px) 100vw, 225px\" \/><\/div>\n<div><strong style=\"font-size: 18px; color: #f4a86c;\">UNIVERSITY OF PLOVDIV PAISII HILENDARSKI (BG)<\/strong><br \/>\nPlovdivo universitetas &#8222;Paisii Hilendarski&#8221; yra pagrindinis miesto mokymo, mokslini\u0173 tyrim\u0173, mokslo ir kult\u016bros centras. Tai did\u017eiausia auk\u0161tojo mokslo \u012fstaiga pietin\u0117je Bulgarijoje ir antras pagal dyd\u012f Bulgarijos universitetas. Ji organizuoja studijas penkiose pagrindin\u0117se auk\u0161tojo mokslo srityse: gamtos moksl\u0173, tiksli\u0173j\u0173 moksl\u0173, humanitarini\u0173 moksl\u0173, socialini\u0173 moksl\u0173 ir ekonomikos. Kiekvienais metais universitete pradeda studijuoti daugiau nei 15 000 student\u0173, tarp j\u0173 &#8211; student\u0173 i\u0161 kit\u0173 \u0161ali\u0173 pagal &#8222;Erasmus&#8221; ar kitas mobilumo<br \/>\nprogramas. Universiteto devyni fakultetai si\u016blo plat\u0173 program\u0173, suteikian\u010di\u0173 bakalauro, magistro ir daktaro laipsnius spektr\u0105.<br \/>\nKalbos ir tarpkult\u016brinio bendravimo centras (CLIC) (jo partneri\u0173 komanda teikia projekto dalyvius i\u0161 Plovdivo universiteto) priklauso Kalbos ir literat\u016bros fakultetui.<br \/>\nPlovdivo universitetas \u012fsteigtas siekiant skatinti veiksming\u0105 kalb\u0173 mokym\u0105si ir tarpkult\u016brin\u012f bendravim\u0105. Jis teikia auk\u0161tos kokyb\u0117s paslaugas, pagr\u012fstas kalbos, kult\u016bros ir komunikacijos tyrimais.<\/p>\n<p>Pra\u0161ome apsilankyti m\u016bs\u0173 svetain\u0117je adresu: <a href=\"http:\/\/www.uni-plovdiv.bg\/\" target=\"_blank\" rel=\"noopener\">uni-plovdiv.bg<\/a><\/p>\n<\/div>\n<\/div>\n<hr class=\"separator\" \/>\n<div>\n<div style=\"float: left; height: 353px; margin-right: 10px;\"><img loading=\"lazy\" decoding=\"async\" data-attachment-id=\"398\" data-permalink=\"https:\/\/vocal.erasmus.site\/lt\/partnership\/attachment\/meb_logo-2\/\" data-orig-file=\"https:\/\/i0.wp.com\/vocal.erasmus.site\/wp-content\/uploads\/2018\/05\/meb_logo.jpg?fit=225%2C225&amp;ssl=1\" data-orig-size=\"225,225\" data-comments-opened=\"0\" data-image-meta=\"{&quot;aperture&quot;:&quot;0&quot;,&quot;credit&quot;:&quot;&quot;,&quot;camera&quot;:&quot;&quot;,&quot;caption&quot;:&quot;&quot;,&quot;created_timestamp&quot;:&quot;1526492667&quot;,&quot;copyright&quot;:&quot;&quot;,&quot;focal_length&quot;:&quot;0&quot;,&quot;iso&quot;:&quot;0&quot;,&quot;shutter_speed&quot;:&quot;0&quot;,&quot;title&quot;:&quot;&quot;,&quot;orientation&quot;:&quot;0&quot;}\" data-image-title=\"meb_logo\" data-image-description=\"\" data-image-caption=\"\" data-large-file=\"https:\/\/i0.wp.com\/vocal.erasmus.site\/wp-content\/uploads\/2018\/05\/meb_logo.jpg?fit=225%2C225&amp;ssl=1\" class=\"alignnone size-full wp-image-398\" src=\"\/wp-content\/uploads\/2018\/05\/meb_logo.jpg\" alt=\"\" width=\"225\" height=\"225\" srcset=\"https:\/\/i0.wp.com\/vocal.erasmus.site\/wp-content\/uploads\/2018\/05\/meb_logo.jpg?w=225&amp;ssl=1 225w, https:\/\/i0.wp.com\/vocal.erasmus.site\/wp-content\/uploads\/2018\/05\/meb_logo.jpg?resize=150%2C150&amp;ssl=1 150w, https:\/\/i0.wp.com\/vocal.erasmus.site\/wp-content\/uploads\/2018\/05\/meb_logo.jpg?resize=220%2C220&amp;ssl=1 220w, https:\/\/i0.wp.com\/vocal.erasmus.site\/wp-content\/uploads\/2018\/05\/meb_logo.jpg?resize=50%2C50&amp;ssl=1 50w\" sizes=\"(max-width: 225px) 100vw, 225px\" \/><\/div>\n<div><strong style=\"font-size: 18px; color: #f4a86c;\">Esenler Mesleki ve Teknik Anadolu Lisesi (TR)<\/strong><br \/>\nEsenlerio profesin\u0117 mokykla buvo \u012fkurta 2011 m., ji turi kelet\u0105 profesinio mokymo skyri\u0173. Mokykla turi 80 mokytoj\u0173 ir 1800 student\u0173. Ji turi didel\u0119 profesinio mokymo patirt\u012f. Mokykloje daugiausia d\u0117mesio skiriama tekstil\u0117s, IRT, elektros ir elektronikos sektoriams.<br \/>\nMokykla bendradarbiauja su didel\u0117mis ir ma\u017eomis privataus sektoriaus \u012fmon\u0117mis. Esenlerio profesin\u0117 mokykla bendradarbiauja su nevyriausybin\u0117mis organizacijomis, kurios tobulina profesin\u012f i\u0161silavinim\u0105. Mokyklos mokiniai \u0161iose kompanijose mokosi tris dienas per savait\u0119 paskutiniais studij\u0173 mokykloje metais. Profesinis rengimas Turkijoje trunka ketverius metus. Pirmieji metai yra vadinami parengiamo\u0105ja klase. Po pirm\u0173j\u0173 met\u0173 mokiniai pasirenka savo mokymosi krypt\u012f. Mokyklos profesinio orientavimo tarnyba teikia studentams karjeros konsultacijas.<\/p>\n<p>Pra\u0161ome apsilankyti m\u016bs\u0173 svetain\u0117je adresu: <a href=\"http:\/\/www.esenlermtal.meb.k12.tr\/\" target=\"_blank\" rel=\"noopener\">esenlermtal.meb.k12.tr<\/a><\/p>\n<\/div>\n<\/div>\n<hr class=\"separator\" \/>\n<div>\n<div style=\"float: left; height: 630px; margin-right: 10px;\"><img data-recalc-dims=\"1\" loading=\"lazy\" decoding=\"async\" data-attachment-id=\"120\" data-permalink=\"https:\/\/vocal.erasmus.site\/lt\/partnership\/attachment\/berater_logo\/\" data-orig-file=\"https:\/\/i0.wp.com\/vocal.erasmus.site\/wp-content\/uploads\/2018\/03\/berater_logo.jpg?fit=225%2C225&amp;ssl=1\" data-orig-size=\"225,225\" data-comments-opened=\"0\" data-image-meta=\"{&quot;aperture&quot;:&quot;0&quot;,&quot;credit&quot;:&quot;&quot;,&quot;camera&quot;:&quot;&quot;,&quot;caption&quot;:&quot;&quot;,&quot;created_timestamp&quot;:&quot;0&quot;,&quot;copyright&quot;:&quot;&quot;,&quot;focal_length&quot;:&quot;0&quot;,&quot;iso&quot;:&quot;0&quot;,&quot;shutter_speed&quot;:&quot;0&quot;,&quot;title&quot;:&quot;&quot;,&quot;orientation&quot;:&quot;0&quot;}\" data-image-title=\"berater_logo\" data-image-description=\"\" data-image-caption=\"\" data-large-file=\"https:\/\/i0.wp.com\/vocal.erasmus.site\/wp-content\/uploads\/2018\/03\/berater_logo.jpg?fit=225%2C225&amp;ssl=1\" class=\"alignnone size-full wp-image-120\" src=\"https:\/\/i0.wp.com\/vocal.erasmus.site\/wp-content\/uploads\/2018\/03\/berater_logo.jpg?resize=225%2C225&#038;ssl=1\" alt=\"\" width=\"225\" height=\"225\" srcset=\"https:\/\/i0.wp.com\/vocal.erasmus.site\/wp-content\/uploads\/2018\/03\/berater_logo.jpg?w=225&amp;ssl=1 225w, https:\/\/i0.wp.com\/vocal.erasmus.site\/wp-content\/uploads\/2018\/03\/berater_logo.jpg?resize=150%2C150&amp;ssl=1 150w, https:\/\/i0.wp.com\/vocal.erasmus.site\/wp-content\/uploads\/2018\/03\/berater_logo.jpg?resize=220%2C220&amp;ssl=1 220w, https:\/\/i0.wp.com\/vocal.erasmus.site\/wp-content\/uploads\/2018\/03\/berater_logo.jpg?resize=50%2C50&amp;ssl=1 50w\" sizes=\"(max-width: 225px) 100vw, 225px\" \/><\/div>\n<div><strong style=\"font-size: 18px; color: #f4a86c;\">dieBerater (AT)<\/strong><br \/>\nDieBerater Unternehmensberatungs GmbH (www.dieberater.com) daugiausia d\u0117mesio skiriama suaugusi\u0173j\u0173 \u0161vietimui, profesiniam mokymui ir \u017emogi\u0161k\u0173j\u0173 i\u0161tekli\u0173 pl\u0117trai. \u012ekurta 1998 m., &#8222;Berater\u00ae&#8221; dabar dirba 350 \u017emoni\u0173 daugiau nei 30 vietovi\u0173 visoje Austrijoje.<br \/>\nKiekvienais metais ma\u017edaug 20 000 dalyvi\u0173 planuoja, organizuoja ir vykdo personalo pl\u0117tros ir \u0161vietimo programas. Bereter\u00ae yra viena did\u017eiausi\u0173 priva\u010di\u0173 mokymo \u012fstaig\u0173 Austrijoje ir buvo apdovanotas valstybiniu apdovanojimu u\u017e suaugusi\u0173j\u0173 \u0161vietim\u0105 (\u00d6sterreichischer Staatspreis f\u00fcr Erwachsenenbildung).<br \/>\nPaslaugos yra skirtos fiziniams asmenims, nacionalin\u0117ms ir tarptautin\u0117ms kompanijoms ir organizacijoms visuose sektoriuose ir bet kokio dyd\u017eio, taip pat vie\u0161ajam sektoriui, \u012fskaitant Austrijos u\u017eimtumo tarnyb\u0105 (AMS).<br \/>\n&#8222;DieBerater\u00ae&#8221;, kurio departamentas yra tiltas \u012f Europ\u0105, dalyvauja daugiau nei 120 ES finansuojam\u0173 projekt\u0173, kuriuose atlieka skirting\u0105 vaidmen\u012f: die Berater veikia kaip projekto koordinatorius, partneris ir vertintojas. Per \u0161iuos projektus i\u0161pl\u0117totas daugiau kaip 500 organizacij\u0173 t\u0119stinis Europos partneri\u0173 tinklas. Remiantis \u0161ia pla\u010dia patirtimi su daugeliu ES finansavimo program\u0173 tiltais Europai si\u016bloma konsultuoti klientus ir pristatyti jiems svarbiausius s\u0117kming\u0173 ES projekt\u0173 aspektus.<br \/>\n&#8222;die Berater&#8221; naujosios \u017einiasklaidos vienetas vysto edukacines strukt\u016bras, pateikia pritaikytus el. mokymosi ir mobiliojo mokymosi sprendimus ir kuria  naujausi\u0105 e. mokymosi turin\u012f.<\/p>\n<p>Pra\u0161ome apsilankyti m\u016bs\u0173 svetain\u0117je adresu: <a href=\"http:\/\/www.dieberater.com\/\" target=\"_blank\" rel=\"noopener\">dieberater.com<\/a>, <a href=\"http:\/\/www.bridgestoeurope.com\/en\/bridges-to-europe\/\" target=\"_blank\" rel=\"noopener\">bridgestoeurope.com<\/a><\/p>\n<\/div>\n<\/div>\n<p><\/p>","protected":false},"excerpt":{"rendered":"<p>Institute of Technology Tralee (IE) Technologijos institutas Tralee (IE) Nuo pat \u012fk\u016brimo ITT buvo mokymosi organizavimo lyderis, ir \u012fgijo reputacij\u0105 kaip i\u0161skirtinis centras mokymui, mokymuisi ir moksliniams tyrimams. Institutas si\u016blo daugyb\u0119 dienini\u0173 ir neakivaizdini\u0173 kurs\u0173, pradedant baziniu studij\u0173 lygiu, laipsnio neteikian\u010diomis studijomis iki pirmosios, antrosios pakopos ir doktorant\u016bros lygio studijomis. Instituto d\u0117stom\u0173 program\u0173 tobulinimas remiasi [&hellip;]<\/p>\n","protected":false},"author":1,"featured_media":0,"parent":0,"menu_order":0,"comment_status":"closed","ping_status":"closed","template":"","meta":{"jetpack_post_was_ever_published":false,"footnotes":""},"class_list":["post-176","page","type-page","status-publish","hentry"],"yoast_head":"<!-- This site is optimized with the Yoast SEO plugin v27.4 - https:\/\/yoast.com\/product\/yoast-seo-wordpress\/ -->\n<title>Partneryst\u0117 - Vocal in Need<\/title>\n<meta name=\"robots\" content=\"index, follow, max-snippet:-1, max-image-preview:large, max-video-preview:-1\" \/>\n<link rel=\"canonical\" href=\"https:\/\/vocal.erasmus.site\/de\/partnership\/\" \/>\n<meta property=\"og:locale\" content=\"lt_LT\" \/>\n<meta property=\"og:type\" content=\"article\" \/>\n<meta property=\"og:title\" content=\"Partneryst\u0117 - Vocal in Need\" \/>\n<meta property=\"og:description\" content=\"Institute of Technology Tralee (IE) Technologijos institutas Tralee (IE) Nuo pat \u012fk\u016brimo ITT buvo mokymosi organizavimo lyderis, ir \u012fgijo reputacij\u0105 kaip i\u0161skirtinis centras mokymui, mokymuisi ir moksliniams tyrimams. Institutas si\u016blo daugyb\u0119 dienini\u0173 ir neakivaizdini\u0173 kurs\u0173, pradedant baziniu studij\u0173 lygiu, laipsnio neteikian\u010diomis studijomis iki pirmosios, antrosios pakopos ir doktorant\u016bros lygio studijomis. Instituto d\u0117stom\u0173 program\u0173 tobulinimas remiasi [&hellip;]\" \/>\n<meta property=\"og:url\" content=\"https:\/\/vocal.erasmus.site\/de\/partnership\/\" \/>\n<meta property=\"og:site_name\" content=\"Vocal in Need\" \/>\n<meta property=\"article:modified_time\" content=\"2018-09-17T16:04:16+00:00\" \/>\n<meta property=\"og:image\" content=\"https:\/\/vocal.erasmus.site\/wp-content\/uploads\/2018\/03\/IoT_tralee_logo.jpg\" \/>\n<meta name=\"twitter:card\" content=\"summary_large_image\" \/>\n<meta name=\"twitter:label1\" content=\"Est. reading time\" \/>\n\t<meta name=\"twitter:data1\" content=\"43 minut\u0117s\" \/>\n<script type=\"application\/ld+json\" class=\"yoast-schema-graph\">{\"@context\":\"https:\\\/\\\/schema.org\",\"@graph\":[{\"@type\":\"WebPage\",\"@id\":\"https:\\\/\\\/vocal.erasmus.site\\\/de\\\/partnership\\\/\",\"url\":\"https:\\\/\\\/vocal.erasmus.site\\\/de\\\/partnership\\\/\",\"name\":\"Partneryst\u0117 - Vocal in Need\",\"isPartOf\":{\"@id\":\"https:\\\/\\\/vocal.erasmus.site\\\/#website\"},\"primaryImageOfPage\":{\"@id\":\"https:\\\/\\\/vocal.erasmus.site\\\/de\\\/partnership\\\/#primaryimage\"},\"image\":{\"@id\":\"https:\\\/\\\/vocal.erasmus.site\\\/de\\\/partnership\\\/#primaryimage\"},\"thumbnailUrl\":\"https:\\\/\\\/vocal.erasmus.site\\\/wp-content\\\/uploads\\\/2018\\\/03\\\/MYKOLAROMERIS_UNIVERSITY_logo.jpg\",\"datePublished\":\"2018-03-28T11:41:30+00:00\",\"dateModified\":\"2018-09-17T16:04:16+00:00\",\"breadcrumb\":{\"@id\":\"https:\\\/\\\/vocal.erasmus.site\\\/de\\\/partnership\\\/#breadcrumb\"},\"inLanguage\":\"lt-LT\",\"potentialAction\":[{\"@type\":\"ReadAction\",\"target\":[\"https:\\\/\\\/vocal.erasmus.site\\\/de\\\/partnership\\\/\"]}]},{\"@type\":\"ImageObject\",\"inLanguage\":\"lt-LT\",\"@id\":\"https:\\\/\\\/vocal.erasmus.site\\\/de\\\/partnership\\\/#primaryimage\",\"url\":\"https:\\\/\\\/vocal.erasmus.site\\\/wp-content\\\/uploads\\\/2018\\\/03\\\/MYKOLAROMERIS_UNIVERSITY_logo.jpg\",\"contentUrl\":\"https:\\\/\\\/vocal.erasmus.site\\\/wp-content\\\/uploads\\\/2018\\\/03\\\/MYKOLAROMERIS_UNIVERSITY_logo.jpg\"},{\"@type\":\"BreadcrumbList\",\"@id\":\"https:\\\/\\\/vocal.erasmus.site\\\/de\\\/partnership\\\/#breadcrumb\",\"itemListElement\":[{\"@type\":\"ListItem\",\"position\":1,\"name\":\"Home\",\"item\":\"https:\\\/\\\/vocal.erasmus.site\\\/\"},{\"@type\":\"ListItem\",\"position\":2,\"name\":\"Partner\"}]},{\"@type\":\"WebSite\",\"@id\":\"https:\\\/\\\/vocal.erasmus.site\\\/#website\",\"url\":\"https:\\\/\\\/vocal.erasmus.site\\\/\",\"name\":\"Vocal in Need\",\"description\":\"\",\"publisher\":{\"@id\":\"https:\\\/\\\/vocal.erasmus.site\\\/#organization\"},\"potentialAction\":[{\"@type\":\"SearchAction\",\"target\":{\"@type\":\"EntryPoint\",\"urlTemplate\":\"https:\\\/\\\/vocal.erasmus.site\\\/?s={search_term_string}\"},\"query-input\":{\"@type\":\"PropertyValueSpecification\",\"valueRequired\":true,\"valueName\":\"search_term_string\"}}],\"inLanguage\":\"lt-LT\"},{\"@type\":\"Organization\",\"@id\":\"https:\\\/\\\/vocal.erasmus.site\\\/#organization\",\"name\":\"Vocal in Need\",\"url\":\"https:\\\/\\\/vocal.erasmus.site\\\/\",\"logo\":{\"@type\":\"ImageObject\",\"inLanguage\":\"lt-LT\",\"@id\":\"https:\\\/\\\/vocal.erasmus.site\\\/#\\\/schema\\\/logo\\\/image\\\/\",\"url\":\"https:\\\/\\\/i0.wp.com\\\/vocal.erasmus.site\\\/wp-content\\\/uploads\\\/2018\\\/03\\\/LOGO_FINAL-300x75.png?fit=300%2C75&ssl=1\",\"contentUrl\":\"https:\\\/\\\/i0.wp.com\\\/vocal.erasmus.site\\\/wp-content\\\/uploads\\\/2018\\\/03\\\/LOGO_FINAL-300x75.png?fit=300%2C75&ssl=1\",\"width\":300,\"height\":75,\"caption\":\"Vocal in Need\"},\"image\":{\"@id\":\"https:\\\/\\\/vocal.erasmus.site\\\/#\\\/schema\\\/logo\\\/image\\\/\"}}]}<\/script>\n<!-- \/ Yoast SEO plugin. -->","yoast_head_json":{"title":"Partneryst\u0117 - Vocal in Need","robots":{"index":"index","follow":"follow","max-snippet":"max-snippet:-1","max-image-preview":"max-image-preview:large","max-video-preview":"max-video-preview:-1"},"canonical":"https:\/\/vocal.erasmus.site\/de\/partnership\/","og_locale":"lt_LT","og_type":"article","og_title":"Partneryst\u0117 - Vocal in Need","og_description":"Institute of Technology Tralee (IE) Technologijos institutas Tralee (IE) Nuo pat \u012fk\u016brimo ITT buvo mokymosi organizavimo lyderis, ir \u012fgijo reputacij\u0105 kaip i\u0161skirtinis centras mokymui, mokymuisi ir moksliniams tyrimams. Institutas si\u016blo daugyb\u0119 dienini\u0173 ir neakivaizdini\u0173 kurs\u0173, pradedant baziniu studij\u0173 lygiu, laipsnio neteikian\u010diomis studijomis iki pirmosios, antrosios pakopos ir doktorant\u016bros lygio studijomis. Instituto d\u0117stom\u0173 program\u0173 tobulinimas remiasi [&hellip;]","og_url":"https:\/\/vocal.erasmus.site\/de\/partnership\/","og_site_name":"Vocal in Need","article_modified_time":"2018-09-17T16:04:16+00:00","og_image":[{"url":"https:\/\/vocal.erasmus.site\/wp-content\/uploads\/2018\/03\/IoT_tralee_logo.jpg","type":"","width":"","height":""}],"twitter_card":"summary_large_image","twitter_misc":{"Est. reading time":"43 minut\u0117s"},"schema":{"@context":"https:\/\/schema.org","@graph":[{"@type":"WebPage","@id":"https:\/\/vocal.erasmus.site\/de\/partnership\/","url":"https:\/\/vocal.erasmus.site\/de\/partnership\/","name":"Partneryst\u0117 - Vocal in Need","isPartOf":{"@id":"https:\/\/vocal.erasmus.site\/#website"},"primaryImageOfPage":{"@id":"https:\/\/vocal.erasmus.site\/de\/partnership\/#primaryimage"},"image":{"@id":"https:\/\/vocal.erasmus.site\/de\/partnership\/#primaryimage"},"thumbnailUrl":"https:\/\/vocal.erasmus.site\/wp-content\/uploads\/2018\/03\/MYKOLAROMERIS_UNIVERSITY_logo.jpg","datePublished":"2018-03-28T11:41:30+00:00","dateModified":"2018-09-17T16:04:16+00:00","breadcrumb":{"@id":"https:\/\/vocal.erasmus.site\/de\/partnership\/#breadcrumb"},"inLanguage":"lt-LT","potentialAction":[{"@type":"ReadAction","target":["https:\/\/vocal.erasmus.site\/de\/partnership\/"]}]},{"@type":"ImageObject","inLanguage":"lt-LT","@id":"https:\/\/vocal.erasmus.site\/de\/partnership\/#primaryimage","url":"https:\/\/vocal.erasmus.site\/wp-content\/uploads\/2018\/03\/MYKOLAROMERIS_UNIVERSITY_logo.jpg","contentUrl":"https:\/\/vocal.erasmus.site\/wp-content\/uploads\/2018\/03\/MYKOLAROMERIS_UNIVERSITY_logo.jpg"},{"@type":"BreadcrumbList","@id":"https:\/\/vocal.erasmus.site\/de\/partnership\/#breadcrumb","itemListElement":[{"@type":"ListItem","position":1,"name":"Home","item":"https:\/\/vocal.erasmus.site\/"},{"@type":"ListItem","position":2,"name":"Partner"}]},{"@type":"WebSite","@id":"https:\/\/vocal.erasmus.site\/#website","url":"https:\/\/vocal.erasmus.site\/","name":"Vocal in Need","description":"","publisher":{"@id":"https:\/\/vocal.erasmus.site\/#organization"},"potentialAction":[{"@type":"SearchAction","target":{"@type":"EntryPoint","urlTemplate":"https:\/\/vocal.erasmus.site\/?s={search_term_string}"},"query-input":{"@type":"PropertyValueSpecification","valueRequired":true,"valueName":"search_term_string"}}],"inLanguage":"lt-LT"},{"@type":"Organization","@id":"https:\/\/vocal.erasmus.site\/#organization","name":"Vocal in Need","url":"https:\/\/vocal.erasmus.site\/","logo":{"@type":"ImageObject","inLanguage":"lt-LT","@id":"https:\/\/vocal.erasmus.site\/#\/schema\/logo\/image\/","url":"https:\/\/i0.wp.com\/vocal.erasmus.site\/wp-content\/uploads\/2018\/03\/LOGO_FINAL-300x75.png?fit=300%2C75&ssl=1","contentUrl":"https:\/\/i0.wp.com\/vocal.erasmus.site\/wp-content\/uploads\/2018\/03\/LOGO_FINAL-300x75.png?fit=300%2C75&ssl=1","width":300,"height":75,"caption":"Vocal in Need"},"image":{"@id":"https:\/\/vocal.erasmus.site\/#\/schema\/logo\/image\/"}}]}},"jetpack_sharing_enabled":true,"jetpack_shortlink":"https:\/\/wp.me\/P9PcbK-2Q","jetpack-related-posts":[],"_links":{"self":[{"href":"https:\/\/vocal.erasmus.site\/lt\/wp-json\/wp\/v2\/pages\/176","targetHints":{"allow":["GET"]}}],"collection":[{"href":"https:\/\/vocal.erasmus.site\/lt\/wp-json\/wp\/v2\/pages"}],"about":[{"href":"https:\/\/vocal.erasmus.site\/lt\/wp-json\/wp\/v2\/types\/page"}],"author":[{"embeddable":true,"href":"https:\/\/vocal.erasmus.site\/lt\/wp-json\/wp\/v2\/users\/1"}],"replies":[{"embeddable":true,"href":"https:\/\/vocal.erasmus.site\/lt\/wp-json\/wp\/v2\/comments?post=176"}],"version-history":[{"count":55,"href":"https:\/\/vocal.erasmus.site\/lt\/wp-json\/wp\/v2\/pages\/176\/revisions"}],"predecessor-version":[{"id":543,"href":"https:\/\/vocal.erasmus.site\/lt\/wp-json\/wp\/v2\/pages\/176\/revisions\/543"}],"wp:attachment":[{"href":"https:\/\/vocal.erasmus.site\/lt\/wp-json\/wp\/v2\/media?parent=176"}],"curies":[{"name":"wp","href":"https:\/\/api.w.org\/{rel}","templated":true}]}}