{"id":176,"date":"2018-03-28T11:41:30","date_gmt":"2018-03-28T11:41:30","guid":{"rendered":"https:\/\/vocal.erasmus.site\/?page_id=176"},"modified":"2018-09-17T16:04:16","modified_gmt":"2018-09-17T16:04:16","slug":"partnership","status":"publish","type":"page","link":"https:\/\/vocal.erasmus.site\/pl\/partnership\/","title":{"rendered":"Partnerzy"},"content":{"rendered":"<p><\/p>\n<div>\n<div style=\"float: left; height: 403px; margin-right: 10px;\"><img fetchpriority=\"high\" decoding=\"async\" data-attachment-id=\"105\" data-permalink=\"https:\/\/vocal.erasmus.site\/pl\/partnership\/attachment\/iot_tralee_logo\/\" data-orig-file=\"https:\/\/i0.wp.com\/vocal.erasmus.site\/wp-content\/uploads\/2018\/03\/IoT_tralee_logo.jpg?fit=225%2C225&amp;ssl=1\" data-orig-size=\"225,225\" data-comments-opened=\"0\" data-image-meta=\"{&quot;aperture&quot;:&quot;0&quot;,&quot;credit&quot;:&quot;&quot;,&quot;camera&quot;:&quot;&quot;,&quot;caption&quot;:&quot;&quot;,&quot;created_timestamp&quot;:&quot;0&quot;,&quot;copyright&quot;:&quot;&quot;,&quot;focal_length&quot;:&quot;0&quot;,&quot;iso&quot;:&quot;0&quot;,&quot;shutter_speed&quot;:&quot;0&quot;,&quot;title&quot;:&quot;&quot;,&quot;orientation&quot;:&quot;0&quot;}\" data-image-title=\"IoT_tralee_logo\" data-image-description=\"\" data-image-caption=\"\" data-large-file=\"https:\/\/i0.wp.com\/vocal.erasmus.site\/wp-content\/uploads\/2018\/03\/IoT_tralee_logo.jpg?fit=225%2C225&amp;ssl=1\" class=\"alignnone size-full wp-image-105\" src=\"\/wp-content\/uploads\/2018\/03\/IoT_tralee_logo.jpg\" alt=\"\" width=\"225\" height=\"225\" srcset=\"https:\/\/i0.wp.com\/vocal.erasmus.site\/wp-content\/uploads\/2018\/03\/IoT_tralee_logo.jpg?w=225&amp;ssl=1 225w, https:\/\/i0.wp.com\/vocal.erasmus.site\/wp-content\/uploads\/2018\/03\/IoT_tralee_logo.jpg?resize=150%2C150&amp;ssl=1 150w, https:\/\/i0.wp.com\/vocal.erasmus.site\/wp-content\/uploads\/2018\/03\/IoT_tralee_logo.jpg?resize=220%2C220&amp;ssl=1 220w, https:\/\/i0.wp.com\/vocal.erasmus.site\/wp-content\/uploads\/2018\/03\/IoT_tralee_logo.jpg?resize=50%2C50&amp;ssl=1 50w\" sizes=\"(max-width: 225px) 100vw, 225px\" \/><\/div>\n<div><strong style=\"font-size: 18px; color: #f4a86c;\">Institute of Technology Tralee (IE)<\/strong><br \/>\nITT jest liderem w edukacji od samego momentu powstania. Instytut cieszy si\u0119 renom\u0105 jednego z najlepszych centrum w zakresie nauczania, uczenia si\u0119 i bada\u0144, oferuj\u0105c szereg kurs\u00f3w w pe\u0142nym i niepe\u0142nym wymiarze godzin na poziomach: podstawowym (foundation level), certyfikowanym, stopnia naukowego, studi\u00f3w podyplomowych i doktoranckim. Ulepszanie program\u00f3w nauczania w Instytucie prowadzone jest w ramach \u015bwiatowej klasy bada\u0144 naukowych. Mieszcz\u0105cy si\u0119 na dw\u00f3ch kampusach, oba z \u0142atwym dost\u0119pem do centrum miasta, Instytut ma zas\u0142u\u017con\u0105 opini\u0119 przyjaznej i odnosz\u0105cej sukces plac\u00f3wki. Dzi\u0119ki wsp\u00f3lnocie ponad 3500 student\u00f3w i ponad 250 pracownik\u00f3w akademickich, z r\u00f3\u017cnych cz\u0119\u015bci \u015bwiata, studenci z UE i zagranicy b\u0119d\u0105 tu mile powitani. Po\u0142o\u017cony obok parku technologicznego Kerry, Instytut nawi\u0105za\u0142 bliskie kontakty z firmami tam zlokalizowanymi. Nasz wielomilionowy Euro Masterplan ju\u017c zosta\u0142 zauwa\u017cony w dziedzinach sportu, nauczania oraz bada\u0144.<\/p>\n<p>Odwied\u017a nasz\u0105 stron\u0119: <a href=\"http:\/\/www.ittralee.ie\" target=\"_blank\" rel=\"noopener\">ittralee.ie<\/a><\/p>\n<\/div>\n<\/div>\n<hr class=\"separator\" \/>\n<div>\n<div style=\"float: left; height: 370px; margin-right: 10px;\"><img decoding=\"async\" data-attachment-id=\"395\" data-permalink=\"https:\/\/vocal.erasmus.site\/pl\/partnership\/attachment\/logo_sachsen-2\/\" data-orig-file=\"https:\/\/i0.wp.com\/vocal.erasmus.site\/wp-content\/uploads\/2018\/05\/logo_sachsen.jpg?fit=225%2C225&amp;ssl=1\" data-orig-size=\"225,225\" data-comments-opened=\"0\" data-image-meta=\"{&quot;aperture&quot;:&quot;0&quot;,&quot;credit&quot;:&quot;&quot;,&quot;camera&quot;:&quot;&quot;,&quot;caption&quot;:&quot;&quot;,&quot;created_timestamp&quot;:&quot;1526491942&quot;,&quot;copyright&quot;:&quot;&quot;,&quot;focal_length&quot;:&quot;0&quot;,&quot;iso&quot;:&quot;0&quot;,&quot;shutter_speed&quot;:&quot;0&quot;,&quot;title&quot;:&quot;&quot;,&quot;orientation&quot;:&quot;0&quot;}\" data-image-title=\"logo_sachsen\" data-image-description=\"\" data-image-caption=\"\" data-large-file=\"https:\/\/i0.wp.com\/vocal.erasmus.site\/wp-content\/uploads\/2018\/05\/logo_sachsen.jpg?fit=225%2C225&amp;ssl=1\" class=\"alignnone size-full wp-image-395\" src=\"\/wp-content\/uploads\/2018\/05\/logo_sachsen.jpg\" alt=\"\" width=\"225\" height=\"225\" srcset=\"https:\/\/i0.wp.com\/vocal.erasmus.site\/wp-content\/uploads\/2018\/05\/logo_sachsen.jpg?w=225&amp;ssl=1 225w, https:\/\/i0.wp.com\/vocal.erasmus.site\/wp-content\/uploads\/2018\/05\/logo_sachsen.jpg?resize=150%2C150&amp;ssl=1 150w, https:\/\/i0.wp.com\/vocal.erasmus.site\/wp-content\/uploads\/2018\/05\/logo_sachsen.jpg?resize=220%2C220&amp;ssl=1 220w, https:\/\/i0.wp.com\/vocal.erasmus.site\/wp-content\/uploads\/2018\/05\/logo_sachsen.jpg?resize=50%2C50&amp;ssl=1 50w\" sizes=\"(max-width: 225px) 100vw, 225px\" \/><\/div>\n<div><strong style=\"font-size: 18px; color: #f4a86c;\">Hochschule der S\u00e4chsischen Polizei (FH) (DE)<\/strong><br \/>\nThe Saxon University of Applied Police Sciences (PolFH) odpowiada za szkolenie funkcjonariuszy policji w landzie Saksonia. Po\u0142o\u017cona w najbardziej na wsch\u00f3d wysuni\u0119tej cz\u0119\u015bci Republiki Federalnej Niemiec, Saksonia musi walczy\u0107 z problemami przest\u0119pczo\u015bci transgranicznej i tranzytowej, wymagaj\u0105cej \u015bcis\u0142ej wsp\u00f3\u0142pracy z s\u0105siaduj\u0105cymi si\u0142ami policyjnymi, wysokiego stopnia wra\u017cliwo\u015bci w sytuacjach mi\u0119dzykulturowych i umiej\u0119tno\u015bci j\u0119zykowych.PolFH jest jedynym o\u015brodkiem szkoleniowym dla personelu policji w tym regionie, oferuj\u0105cym mi\u0119dzykulturowe oraz j\u0119zykowe programy nauczania, z naciskiem na j\u0119zyk angielski, ale tak\u017ce oferuje kursy j\u0119zyka czeskiego, polskiego i rosyjskiego. Absolwenci pracuj\u0105 w dow\u00f3dztwie r\u00f3\u017cnych sakso\u0144skich jednostek policji, zar\u00f3wno w oddzia\u0142ach mundurowych, jak i patrolach cywilnych.<\/p>\n<p>Odwied\u017a nasz\u0105 stron\u0119: <a href=\"https:\/\/www.polizei.sachsen.de\/de\/polfh.htm\" target=\"_blank\" rel=\"noopener\">polizei.sachsen.de<\/a><\/p>\n<\/div>\n<\/div>\n<hr class=\"separator\" \/>\n<div>\n<div style=\"float: left; height: 500px; margin-right: 10px;\"><img decoding=\"async\" data-attachment-id=\"112\" data-permalink=\"https:\/\/vocal.erasmus.site\/pl\/partnership\/attachment\/danmar_logo\/\" data-orig-file=\"https:\/\/i0.wp.com\/vocal.erasmus.site\/wp-content\/uploads\/2018\/03\/danmar_logo.jpg?fit=225%2C225&amp;ssl=1\" data-orig-size=\"225,225\" data-comments-opened=\"0\" data-image-meta=\"{&quot;aperture&quot;:&quot;0&quot;,&quot;credit&quot;:&quot;&quot;,&quot;camera&quot;:&quot;&quot;,&quot;caption&quot;:&quot;&quot;,&quot;created_timestamp&quot;:&quot;0&quot;,&quot;copyright&quot;:&quot;&quot;,&quot;focal_length&quot;:&quot;0&quot;,&quot;iso&quot;:&quot;0&quot;,&quot;shutter_speed&quot;:&quot;0&quot;,&quot;title&quot;:&quot;&quot;,&quot;orientation&quot;:&quot;0&quot;}\" data-image-title=\"danmar_logo\" data-image-description=\"\" data-image-caption=\"\" data-large-file=\"https:\/\/i0.wp.com\/vocal.erasmus.site\/wp-content\/uploads\/2018\/03\/danmar_logo.jpg?fit=225%2C225&amp;ssl=1\" class=\"alignnone size-full wp-image-112\" src=\"\/wp-content\/uploads\/2018\/03\/danmar_logo.jpg\" alt=\"\" width=\"225\" height=\"225\" srcset=\"https:\/\/i0.wp.com\/vocal.erasmus.site\/wp-content\/uploads\/2018\/03\/danmar_logo.jpg?w=225&amp;ssl=1 225w, https:\/\/i0.wp.com\/vocal.erasmus.site\/wp-content\/uploads\/2018\/03\/danmar_logo.jpg?resize=150%2C150&amp;ssl=1 150w, https:\/\/i0.wp.com\/vocal.erasmus.site\/wp-content\/uploads\/2018\/03\/danmar_logo.jpg?resize=220%2C220&amp;ssl=1 220w, https:\/\/i0.wp.com\/vocal.erasmus.site\/wp-content\/uploads\/2018\/03\/danmar_logo.jpg?resize=50%2C50&amp;ssl=1 50w\" sizes=\"(max-width: 225px) 100vw, 225px\" \/><\/div>\n<div><strong style=\"font-size: 18px; color: #f4a86c;\">Danmar Computers LLC (PL)<\/strong><br \/>\nDanmar Computers jest prywatn\u0105 firm\u0105 dzia\u0142aj\u0105c\u0105 w obszarze Technologii Informacyjnych, oferuj\u0105c\u0105 szkolenia zawodowe w tym zakresie, a tak\u017ce e-learning oraz inne rozwi\u0105zania z zakresu ICT dostosowane do oczekiwa\u0144 klienta. Danmar specjalizuje si\u0119 w szkoleniach, tworzeniu program\u00f3w, projektowaniu stron internetowych i aplikacji mobilnych, kampaniach internetowych, a tak\u017ce \u015bcie\u017ckach e-learningowych. Pracownicy firmy potrafi\u0105 stworzy\u0107 ka\u017cd\u0105 aplikacj\u0119 mobiln\u0105 z wykorzystaniem dost\u0119pnych technologii oraz serwer\u00f3w, w tym us\u0142ugi w chmurze. Danmar Computers jest tw\u00f3rc\u0105 i dostawc\u0105 systemu do zarz\u0105dzania projektami &#8211; AdminProject (adminproject.eu), kt\u00f3ry obecnie jest jedynym tego typu narz\u0119dziem do zarz\u0105dzania projektami europejskimi.<br \/>\nPoza obszarem IT, Danmar posiada r\u00f3wnie\u017c wieloletnie do\u015bwiadczenie w realizacji edukacyjnych projekt\u00f3w unijnych, w tym w ramach program\u00f3w: Progress, Transfer of Innovation, Erasmus, Leonardo da Vinci oraz Grundtvig Partnerships.<br \/>\nFirma Danmar Computers g\u0142\u00f3wnie dzia\u0142a w obszarze IT, tworz\u0105c narz\u0119dzia na cele projektowe (kwestionariusze online, interaktywne szkolenia, aplikacje mobilne, czy kampania upowszechniaj\u0105ce w Internecie).<\/p>\n<p>Odwied\u017a nasz\u0105 stron\u0119: <a href=\"http:\/\/www.danmar-computers.com.pl\/\" target=\"_blank\" rel=\"noopener\">danmar-computers.com.pl<\/a><\/p>\n<\/div>\n<\/div>\n<hr class=\"separator\" \/>\n<div>\n<div style=\"float: left; height: 420px; margin-right: 10px;\"><img loading=\"lazy\" decoding=\"async\" data-attachment-id=\"113\" data-permalink=\"https:\/\/vocal.erasmus.site\/pl\/partnership\/attachment\/assist_logo\/\" data-orig-file=\"https:\/\/i0.wp.com\/vocal.erasmus.site\/wp-content\/uploads\/2018\/03\/assist_Logo.jpg?fit=225%2C225&amp;ssl=1\" data-orig-size=\"225,225\" data-comments-opened=\"0\" data-image-meta=\"{&quot;aperture&quot;:&quot;0&quot;,&quot;credit&quot;:&quot;&quot;,&quot;camera&quot;:&quot;&quot;,&quot;caption&quot;:&quot;&quot;,&quot;created_timestamp&quot;:&quot;1522275520&quot;,&quot;copyright&quot;:&quot;&quot;,&quot;focal_length&quot;:&quot;0&quot;,&quot;iso&quot;:&quot;0&quot;,&quot;shutter_speed&quot;:&quot;0&quot;,&quot;title&quot;:&quot;&quot;,&quot;orientation&quot;:&quot;0&quot;}\" data-image-title=\"assist_Logo\" data-image-description=\"\" data-image-caption=\"\" data-large-file=\"https:\/\/i0.wp.com\/vocal.erasmus.site\/wp-content\/uploads\/2018\/03\/assist_Logo.jpg?fit=225%2C225&amp;ssl=1\" class=\"alignnone size-full wp-image-113\" src=\"\/wp-content\/uploads\/2018\/03\/assist_Logo.jpg\" alt=\"\" width=\"225\" height=\"225\" srcset=\"https:\/\/i0.wp.com\/vocal.erasmus.site\/wp-content\/uploads\/2018\/03\/assist_Logo.jpg?w=225&amp;ssl=1 225w, https:\/\/i0.wp.com\/vocal.erasmus.site\/wp-content\/uploads\/2018\/03\/assist_Logo.jpg?resize=150%2C150&amp;ssl=1 150w, https:\/\/i0.wp.com\/vocal.erasmus.site\/wp-content\/uploads\/2018\/03\/assist_Logo.jpg?resize=220%2C220&amp;ssl=1 220w, https:\/\/i0.wp.com\/vocal.erasmus.site\/wp-content\/uploads\/2018\/03\/assist_Logo.jpg?resize=50%2C50&amp;ssl=1 50w\" sizes=\"(max-width: 225px) 100vw, 225px\" \/><\/div>\n<div><strong style=\"font-size: 18px; color: #f4a86c;\">assist GmbH (DE)<\/strong><br \/>\nassist International HR to \u015bredniej wielko\u015bci organizacja zajmuj\u0105ca si\u0119 Human Resource Development z siedzib\u0105 w Niemczech (2 biura, g\u0142\u00f3wna siedziba w Paderborn i Monachium) i Anglii (1 biuro w Coventry). Firma ta zosta\u0142a za\u0142o\u017cona w 1992 roku, jako dostawca us\u0142ug edukacyjnych, szkole\u0144, doradztwa i coachingu w zakresie mi\u0119dzynarodowego rozwoju zasob\u00f3w ludzkich i szkole\u0144 mi\u0119dzykulturowych.<br \/>\nassist International HR posiada ponad 20-letnie do\u015bwiadczenie w zasobach ludzkich na poziomie mi\u0119dzynarodowym oraz w szkoleniach mi\u0119dzykulturowych w sektorze non-profit i s\u0142u\u017cby cywilnej, tak\u017ce z si\u0142ami zbrojnymi. Organizacja ta k\u0142adzie du\u017cy nacisk na nauczanie mieszane (e-learning, webinaria, e-tutoriale i kontakt bezpo\u015bredni), aktywnie pomaga pracownikom i liderom w rozwijaniu kariery w organizacjach mi\u0119dzynarodowych i zapewnia szeroki zakres szkole\u0144 z zakresu tematyki mi\u0119dzykulturowej, w tym mi\u0119dzykulturowe przyw\u00f3dztwo i negocjacje mi\u0119dzykulturowe.<\/p>\n<p>Odwied\u017a nasz\u0105 stron\u0119: <a href=\"http:\/\/www.international-hr.de\/\" target=\"_blank\" rel=\"noopener\">international-hr.de<\/a><\/p>\n<\/div>\n<\/div>\n<hr class=\"separator\" \/>\n<div style=\"clear: both;\">\n<div style=\"float: left; height: 403px; margin-right: 10px;\"><img data-recalc-dims=\"1\" loading=\"lazy\" decoding=\"async\" data-attachment-id=\"114\" data-permalink=\"https:\/\/vocal.erasmus.site\/pl\/partnership\/attachment\/mykolaromeris_university_logo\/\" data-orig-file=\"https:\/\/i0.wp.com\/vocal.erasmus.site\/wp-content\/uploads\/2018\/03\/MYKOLAROMERIS_UNIVERSITY_logo.jpg?fit=225%2C225&amp;ssl=1\" data-orig-size=\"225,225\" data-comments-opened=\"0\" data-image-meta=\"{&quot;aperture&quot;:&quot;0&quot;,&quot;credit&quot;:&quot;&quot;,&quot;camera&quot;:&quot;&quot;,&quot;caption&quot;:&quot;&quot;,&quot;created_timestamp&quot;:&quot;0&quot;,&quot;copyright&quot;:&quot;&quot;,&quot;focal_length&quot;:&quot;0&quot;,&quot;iso&quot;:&quot;0&quot;,&quot;shutter_speed&quot;:&quot;0&quot;,&quot;title&quot;:&quot;&quot;,&quot;orientation&quot;:&quot;0&quot;}\" data-image-title=\"MYKOLAROMERIS_UNIVERSITY_logo\" data-image-description=\"\" data-image-caption=\"\" data-large-file=\"https:\/\/i0.wp.com\/vocal.erasmus.site\/wp-content\/uploads\/2018\/03\/MYKOLAROMERIS_UNIVERSITY_logo.jpg?fit=225%2C225&amp;ssl=1\" class=\"alignnone size-full wp-image-114\" src=\"https:\/\/i0.wp.com\/vocal.erasmus.site\/wp-content\/uploads\/2018\/03\/MYKOLAROMERIS_UNIVERSITY_logo.jpg?resize=225%2C225&#038;ssl=1\" alt=\"\" width=\"225\" height=\"225\" srcset=\"https:\/\/i0.wp.com\/vocal.erasmus.site\/wp-content\/uploads\/2018\/03\/MYKOLAROMERIS_UNIVERSITY_logo.jpg?w=225&amp;ssl=1 225w, https:\/\/i0.wp.com\/vocal.erasmus.site\/wp-content\/uploads\/2018\/03\/MYKOLAROMERIS_UNIVERSITY_logo.jpg?resize=150%2C150&amp;ssl=1 150w, https:\/\/i0.wp.com\/vocal.erasmus.site\/wp-content\/uploads\/2018\/03\/MYKOLAROMERIS_UNIVERSITY_logo.jpg?resize=220%2C220&amp;ssl=1 220w, https:\/\/i0.wp.com\/vocal.erasmus.site\/wp-content\/uploads\/2018\/03\/MYKOLAROMERIS_UNIVERSITY_logo.jpg?resize=50%2C50&amp;ssl=1 50w\" sizes=\"(max-width: 225px) 100vw, 225px\" \/><\/div>\n<div><strong style=\"font-size: 18px; color: #f4a86c;\">Mycolas Romeris University (LT)<\/strong><br \/>\nUniwersytet jest jedn\u0105 z najwi\u0119kszych uczelni na Litwie, gdzie prawo, psychologia, administracja publiczna, politologia, ekonomia oraz pedagogika s\u0105 g\u0142\u00f3wnym obszarami dzia\u0142alno\u015bci na poziomach akademickim i badawczym.<br \/>\nMRU, instytucja publiczna, to mi\u0119dzynarodowy uniwersytet zlokalizowany w p\u00f3\u0142nocnej Europie. Ka\u017cdego roku Uniwersytet przyjmuje du\u017c\u0105 liczb\u0119 kreatywnych i utalentowanych m\u0142odych ludzi. Otwarty na zmiany, promuj\u0105cy intelektualnie stymuluj\u0105ce studia i skoncentrowany na konsekwentnych dzia\u0142aniach badawczych, MRU przyczynia si\u0119 do rozwoju dobrze ukszta\u0142towanej osobowo\u015bci: dojrza\u0142ego, przedsi\u0119biorczego i niezale\u017cnego przysz\u0142ego lidera oraz odpowiedzialnego obywatela. Uniwersytet ma prawie 10 000 student\u00f3w, kt\u00f3rzy wyr\u00f3\u017cniaj\u0105 si\u0119 wysok\u0105 motywacj\u0105 i entuzjazmem w wybranej przez siebie dziedzinie studi\u00f3w. Programy studi\u00f3w s\u0105 stale aktualizowane, aby odpowiada\u0142y potrzebom spo\u0142ecze\u0144stwa i zapewnia\u0142y m\u0142odym ludziom wiedz\u0119 oraz umiej\u0119tno\u015bci konieczne do udanej kariery.<\/p>\n<p>Odwied\u017a nasz\u0105 stron\u0119: <a href=\"http:\/\/www.mruni.eu\/\" target=\"_blank\" rel=\"noopener\">mruni.eu<\/a><\/p>\n<\/div>\n<\/div>\n<hr class=\"separator\" \/>\n<div>\n<div style=\"float: left; height: 420px; margin-right: 10px;\"><img data-recalc-dims=\"1\" loading=\"lazy\" decoding=\"async\" data-attachment-id=\"115\" data-permalink=\"https:\/\/vocal.erasmus.site\/pl\/partnership\/attachment\/formazione_logo\/\" data-orig-file=\"https:\/\/i0.wp.com\/vocal.erasmus.site\/wp-content\/uploads\/2018\/03\/formazione_logo.jpg?fit=225%2C225&amp;ssl=1\" data-orig-size=\"225,225\" data-comments-opened=\"0\" data-image-meta=\"{&quot;aperture&quot;:&quot;0&quot;,&quot;credit&quot;:&quot;&quot;,&quot;camera&quot;:&quot;&quot;,&quot;caption&quot;:&quot;&quot;,&quot;created_timestamp&quot;:&quot;1522276320&quot;,&quot;copyright&quot;:&quot;&quot;,&quot;focal_length&quot;:&quot;0&quot;,&quot;iso&quot;:&quot;0&quot;,&quot;shutter_speed&quot;:&quot;0&quot;,&quot;title&quot;:&quot;&quot;,&quot;orientation&quot;:&quot;0&quot;}\" data-image-title=\"formazione_logo\" data-image-description=\"\" data-image-caption=\"\" data-large-file=\"https:\/\/i0.wp.com\/vocal.erasmus.site\/wp-content\/uploads\/2018\/03\/formazione_logo.jpg?fit=225%2C225&amp;ssl=1\" class=\"alignnone size-full wp-image-115\" src=\"https:\/\/i0.wp.com\/vocal.erasmus.site\/wp-content\/uploads\/2018\/03\/formazione_logo.jpg?resize=225%2C225&#038;ssl=1\" alt=\"\" width=\"225\" height=\"225\" srcset=\"https:\/\/i0.wp.com\/vocal.erasmus.site\/wp-content\/uploads\/2018\/03\/formazione_logo.jpg?w=225&amp;ssl=1 225w, https:\/\/i0.wp.com\/vocal.erasmus.site\/wp-content\/uploads\/2018\/03\/formazione_logo.jpg?resize=150%2C150&amp;ssl=1 150w, https:\/\/i0.wp.com\/vocal.erasmus.site\/wp-content\/uploads\/2018\/03\/formazione_logo.jpg?resize=220%2C220&amp;ssl=1 220w, https:\/\/i0.wp.com\/vocal.erasmus.site\/wp-content\/uploads\/2018\/03\/formazione_logo.jpg?resize=50%2C50&amp;ssl=1 50w\" sizes=\"(max-width: 225px) 100vw, 225px\" \/><\/div>\n<div><strong style=\"font-size: 18px; color: #f4a86c;\">FormAzione Co&amp;So Network (IT)<\/strong><br \/>\nFormAzione Co&amp;So Network (FCN) to konsorcjum dziesi\u0119ciu sp\u00f3\u0142dzielni socjalnych zlokalizowane we w\u0142oskiej prowincji Florencja. FCN dzia\u0142a w oparciu o zam\u00f3wienia publiczne instytucji takich jak gmina lub prowincja i zarz\u0105dza r\u00f3\u017cnorodnymi us\u0142ugami spo\u0142ecznymi (np. zatrudnianiem, opiek\u0105 nad osobami niepe\u0142nosprawnymi, wspieraniem dzia\u0142a\u0144 integracyjnych skierowanych do migrant\u00f3w) w ich imieniu. Personel FCN sk\u0142ada si\u0119 z 10 pracownik\u00f3w, ale suma wszystkich os\u00f3b pracuj\u0105cych we stowarzyszonych sp\u00f3\u0142dzielniach wynosi oko\u0142o 3000. FCN jest r\u00f3wnie\u017c akredytowan\u0105 w regionie Toskanii agencj\u0105 szkoleniow\u0105, kt\u00f3ra opracowuje programy szkoleniowe, szczeg\u00f3lnie dla grup w niekorzystnej sytuacji, takich jak uchod\u017acy i osoby ubiegaj\u0105ce si\u0119 o azyl.<br \/>\nFCN pracuje w dziedzinie projekt\u00f3w finansowanych z UE od 2004 roku, w szczeg\u00f3lno\u015bci w ramach program\u00f3w Erasmus +, AMIF, LLP, EIF i Daphne, zar\u00f3wno jako koordynator, jak i partner. FCN posiada certyfikat jako\u015bci UNI EN ISO 9001: 2008.<\/p>\n<p>Odwied\u017a nasz\u0105 stron\u0119: <a href=\"http:\/\/www.formazionenet.eu\/\" target=\"_blank\" rel=\"noopener\">formazionenet.eu<\/a><\/p>\n<\/div>\n<\/div>\n<hr class=\"separator\" \/>\n<div>\n<div style=\"float: left; height: 470px; margin-right: 10px;\"><img data-recalc-dims=\"1\" loading=\"lazy\" decoding=\"async\" data-attachment-id=\"117\" data-permalink=\"https:\/\/vocal.erasmus.site\/pl\/partnership\/attachment\/plovdiv_logo\/\" data-orig-file=\"https:\/\/i0.wp.com\/vocal.erasmus.site\/wp-content\/uploads\/2018\/03\/plovdiv_logo.jpg?fit=225%2C225&amp;ssl=1\" data-orig-size=\"225,225\" data-comments-opened=\"0\" data-image-meta=\"{&quot;aperture&quot;:&quot;0&quot;,&quot;credit&quot;:&quot;&quot;,&quot;camera&quot;:&quot;&quot;,&quot;caption&quot;:&quot;&quot;,&quot;created_timestamp&quot;:&quot;0&quot;,&quot;copyright&quot;:&quot;&quot;,&quot;focal_length&quot;:&quot;0&quot;,&quot;iso&quot;:&quot;0&quot;,&quot;shutter_speed&quot;:&quot;0&quot;,&quot;title&quot;:&quot;&quot;,&quot;orientation&quot;:&quot;0&quot;}\" data-image-title=\"plovdiv_logo\" data-image-description=\"\" data-image-caption=\"\" data-large-file=\"https:\/\/i0.wp.com\/vocal.erasmus.site\/wp-content\/uploads\/2018\/03\/plovdiv_logo.jpg?fit=225%2C225&amp;ssl=1\" class=\"alignnone size-full wp-image-117\" src=\"https:\/\/i0.wp.com\/vocal.erasmus.site\/wp-content\/uploads\/2018\/03\/plovdiv_logo.jpg?resize=225%2C225&#038;ssl=1\" alt=\"\" width=\"225\" height=\"225\" srcset=\"https:\/\/i0.wp.com\/vocal.erasmus.site\/wp-content\/uploads\/2018\/03\/plovdiv_logo.jpg?w=225&amp;ssl=1 225w, https:\/\/i0.wp.com\/vocal.erasmus.site\/wp-content\/uploads\/2018\/03\/plovdiv_logo.jpg?resize=150%2C150&amp;ssl=1 150w, https:\/\/i0.wp.com\/vocal.erasmus.site\/wp-content\/uploads\/2018\/03\/plovdiv_logo.jpg?resize=220%2C220&amp;ssl=1 220w, https:\/\/i0.wp.com\/vocal.erasmus.site\/wp-content\/uploads\/2018\/03\/plovdiv_logo.jpg?resize=50%2C50&amp;ssl=1 50w\" sizes=\"(max-width: 225px) 100vw, 225px\" \/><\/div>\n<div><strong style=\"font-size: 18px; color: #f4a86c;\">UNIVERSITY OF PLOVDIV PAISII HILENDARSKI (BG)<\/strong><br \/>\nUniwersytet \u201ePaisii Hilendarski\u201d jest wiod\u0105cym o\u015brodkiem naukowym, badawczym, naukowym i kulturalnym w mie\u015bcie P\u0142owdiw, najwi\u0119ksz\u0105<br \/>\nInstytucj\u0105 szkolnictwa wy\u017cszego w po\u0142udniowej Bu\u0142garii i drug\u0105, co do wielko\u015bci bu\u0142garsk\u0105 uczelni\u0105. Instytut ten zapewnia szkolenia dla student\u00f3w w pi\u0119ciu g\u0142\u00f3wnych obszarach szkolnictwa wy\u017cszego: nauk przyrodniczych, nauk formalnych, humanistycznych, spo\u0142ecznych oraz ekonomicznych. \u015arednio, ka\u017cdego roku przyjmuje si\u0119 ponad 15 000 student\u00f3w, w tym student\u00f3w z innych kraj\u00f3w w ramach programu Erasmus lub innego programu mobilno\u015bci. 9 wydzia\u0142\u00f3w Uniwersytetu oferuje szerok\u0105 gam\u0119 program\u00f3w prowadz\u0105cych do uzyskania dyplomu na poziomie studi\u00f3w licencjackich, magisterskich i doktorskich.<br \/>\nCentrum J\u0119zyk\u00f3w i Komunikacji Mi\u0119dzykulturowej (CLIC) (jego zesp\u00f3\u0142 wsp\u00f3\u0142pracownik\u00f3w z Uniwersytetu w P\u0142owdiw) to struktura w ramach Wydzia\u0142u J\u0119zyk\u00f3w i Literatury Uniwersytetu w P\u0142owdiw powo\u0142ana w celu promowania skutecznego uczenia si\u0119 j\u0119zyk\u00f3w i komunikacji mi\u0119dzykulturowej. Centrum to zapewnia wysok\u0105 jako\u015b\u0107 us\u0142ug szkoleniowych opartych na badaniach nad j\u0119zykiem, kultur\u0105 i komunikacj\u0105.<\/p>\n<p>Odwied\u017a nasz\u0105 stron\u0119: <a href=\"http:\/\/www.uni-plovdiv.bg\/\" target=\"_blank\" rel=\"noopener\">uni-plovdiv.bg<\/a><\/p>\n<\/div>\n<\/div>\n<hr class=\"separator\" \/>\n<div>\n<div style=\"float: left; height: 353px; margin-right: 10px;\"><img loading=\"lazy\" decoding=\"async\" data-attachment-id=\"398\" data-permalink=\"https:\/\/vocal.erasmus.site\/pl\/partnership\/attachment\/meb_logo-2\/\" data-orig-file=\"https:\/\/i0.wp.com\/vocal.erasmus.site\/wp-content\/uploads\/2018\/05\/meb_logo.jpg?fit=225%2C225&amp;ssl=1\" data-orig-size=\"225,225\" data-comments-opened=\"0\" data-image-meta=\"{&quot;aperture&quot;:&quot;0&quot;,&quot;credit&quot;:&quot;&quot;,&quot;camera&quot;:&quot;&quot;,&quot;caption&quot;:&quot;&quot;,&quot;created_timestamp&quot;:&quot;1526492667&quot;,&quot;copyright&quot;:&quot;&quot;,&quot;focal_length&quot;:&quot;0&quot;,&quot;iso&quot;:&quot;0&quot;,&quot;shutter_speed&quot;:&quot;0&quot;,&quot;title&quot;:&quot;&quot;,&quot;orientation&quot;:&quot;0&quot;}\" data-image-title=\"meb_logo\" data-image-description=\"\" data-image-caption=\"\" data-large-file=\"https:\/\/i0.wp.com\/vocal.erasmus.site\/wp-content\/uploads\/2018\/05\/meb_logo.jpg?fit=225%2C225&amp;ssl=1\" class=\"alignnone size-full wp-image-398\" src=\"\/wp-content\/uploads\/2018\/05\/meb_logo.jpg\" alt=\"\" width=\"225\" height=\"225\" srcset=\"https:\/\/i0.wp.com\/vocal.erasmus.site\/wp-content\/uploads\/2018\/05\/meb_logo.jpg?w=225&amp;ssl=1 225w, https:\/\/i0.wp.com\/vocal.erasmus.site\/wp-content\/uploads\/2018\/05\/meb_logo.jpg?resize=150%2C150&amp;ssl=1 150w, https:\/\/i0.wp.com\/vocal.erasmus.site\/wp-content\/uploads\/2018\/05\/meb_logo.jpg?resize=220%2C220&amp;ssl=1 220w, https:\/\/i0.wp.com\/vocal.erasmus.site\/wp-content\/uploads\/2018\/05\/meb_logo.jpg?resize=50%2C50&amp;ssl=1 50w\" sizes=\"(max-width: 225px) 100vw, 225px\" \/><\/div>\n<div><strong style=\"font-size: 18px; color: #f4a86c;\">Esenler Mesleki ve Teknik Anadolu Lisesi (TR)<\/strong><br \/>\nSzko\u0142a zawodowa Esenler zosta\u0142a za\u0142o\u017cona w 2011, i posiada w swojej strukturze oddzia\u0142y kszta\u0142cenia zawodowego. W szkole pracuje 80 nauczycieli i uczy si\u0119 1800 uczni\u00f3w. Szko\u0142a posiada du\u017ce do\u015bwiadczenie w kszta\u0142ceniu zawodowym i koncentruje si\u0119 na bran\u017cach tekstylnej, ICT, elektrycznej i elektronicznej. Szko\u0142a wsp\u00f3\u0142pracuje zar\u00f3wno z ma\u0142ymi jak I du\u017cymi firmami z tych sektor\u00f3w, jak r\u00f3wnie\u017c z NGO, w celu ulepszenia oferty edukacyjnej. Nasi uczniowie maj\u0105 praktyki w tych firmach, trzy dni w tygodniu, w ostatnim roku szkolnym.<br \/>\nW Turcji kszta\u0142cenie zawodowe trwa cztery lata. Pierwszy rok to okres wprowadzenia. Nast\u0119pnie uczniowie wybieraj\u0105 swoj\u0105 specjalizacj\u0119. Opieka nad uczniami obejmuje r\u00f3wnie\u017c doradztwo zawodowe.<\/p>\n<p>Wi\u0119cej informacji na naszej stronie: <a href=\"http:\/\/www.esenlermtal.meb.k12.tr\/\" target=\"_blank\" rel=\"noopener\">esenlermtal.meb.k12.tr<\/a><\/p>\n<\/div>\n<\/div>\n<hr class=\"separator\" \/>\n<div>\n<div style=\"float: left; height: 630px; margin-right: 10px;\"><img data-recalc-dims=\"1\" loading=\"lazy\" decoding=\"async\" data-attachment-id=\"120\" data-permalink=\"https:\/\/vocal.erasmus.site\/pl\/partnership\/attachment\/berater_logo\/\" data-orig-file=\"https:\/\/i0.wp.com\/vocal.erasmus.site\/wp-content\/uploads\/2018\/03\/berater_logo.jpg?fit=225%2C225&amp;ssl=1\" data-orig-size=\"225,225\" data-comments-opened=\"0\" data-image-meta=\"{&quot;aperture&quot;:&quot;0&quot;,&quot;credit&quot;:&quot;&quot;,&quot;camera&quot;:&quot;&quot;,&quot;caption&quot;:&quot;&quot;,&quot;created_timestamp&quot;:&quot;0&quot;,&quot;copyright&quot;:&quot;&quot;,&quot;focal_length&quot;:&quot;0&quot;,&quot;iso&quot;:&quot;0&quot;,&quot;shutter_speed&quot;:&quot;0&quot;,&quot;title&quot;:&quot;&quot;,&quot;orientation&quot;:&quot;0&quot;}\" data-image-title=\"berater_logo\" data-image-description=\"\" data-image-caption=\"\" data-large-file=\"https:\/\/i0.wp.com\/vocal.erasmus.site\/wp-content\/uploads\/2018\/03\/berater_logo.jpg?fit=225%2C225&amp;ssl=1\" class=\"alignnone size-full wp-image-120\" src=\"https:\/\/i0.wp.com\/vocal.erasmus.site\/wp-content\/uploads\/2018\/03\/berater_logo.jpg?resize=225%2C225&#038;ssl=1\" alt=\"\" width=\"225\" height=\"225\" srcset=\"https:\/\/i0.wp.com\/vocal.erasmus.site\/wp-content\/uploads\/2018\/03\/berater_logo.jpg?w=225&amp;ssl=1 225w, https:\/\/i0.wp.com\/vocal.erasmus.site\/wp-content\/uploads\/2018\/03\/berater_logo.jpg?resize=150%2C150&amp;ssl=1 150w, https:\/\/i0.wp.com\/vocal.erasmus.site\/wp-content\/uploads\/2018\/03\/berater_logo.jpg?resize=220%2C220&amp;ssl=1 220w, https:\/\/i0.wp.com\/vocal.erasmus.site\/wp-content\/uploads\/2018\/03\/berater_logo.jpg?resize=50%2C50&amp;ssl=1 50w\" sizes=\"(max-width: 225px) 100vw, 225px\" \/><\/div>\n<div><strong style=\"font-size: 18px; color: #f4a86c;\">dieBerater (AT)<\/strong><br \/>\ndieBerater Unternehmensberatungs GmbH (www.dieberater.com) dzia\u0142a w obszarze edukacji os\u00f3b doros\u0142ych, kszta\u0142cenia zawodowego i rozwoju zawodowym. Za\u0142o\u017cona w 1998, die Berater\u00ae obecnie zatrudnia 350 pracownik\u00f3w, w ponad 30 oddzia\u0142ach, w ca\u0142ej Austrii.<br \/>\nPlanuj\u0105c, organizuj\u0105c i prowadz\u0105c programy kszta\u0142cenia i rozwoju zawodowego dla oko\u0142o 20000 uczestnik\u00f3w, co roku, die Berater\u00ae jest obecnie jedn\u0105 z najwi\u0119kszych prywatnych organizacji szkoleniowych w Austrii, i zosta\u0142o nagrodzone nagrod\u0105 pa\u0144stwow\u0105 w dziedzinie kszta\u0142cenia zawodowego (\u00d6sterreichischer Staatspreis f\u00fcr Erwachsenenbildung).<br \/>\nUs\u0142ugi organizacji skierowane sa do os\u00f3b prywatnych, firm krajowych i mi\u0119dzynarodowych, oraz organizacji ka\u017cdej wielko\u015bci, dzia\u0142aj\u0105cych we wszystkich sektorach, jak r\u00f3wnie\u017c sektora publicznego, wliczaj\u0105c w to Austriackie S\u0142u\u017cby Zatrudnienia (AMS).<br \/>\ndieBerater\u00ae, ze swoim oddzia\u0142em bridges to Europe by\u0142a zaanga\u017cowana w ponad 120 projekt\u00f3w UE, zar\u00f3wno jako koordynator, partner i ewaluator. W wyniku realizacji tych projekt\u00f3w, uda\u0142o si\u0119 stworzy\u0107 mi\u0119dzynarodow\u0105 sie\u0107 ponad 500 organizacji. Ze wzgl\u0119du na to do\u015bwiadczenie wynikaj\u0105ce z realizacji tak wielu projekt\u00f3w, bridges to \u0435urope oferuje us\u0142ugi konsultingowe w zakresie kluczowych zagadnie\u0144 zwi\u0105zanych z realizacj\u0105 projekt\u00f3w UE.<br \/>\nJednostka die Berater &#8211; New Media opracowuje rozwi\u0105zania edukacyjne, dostarcza indywidualne rozwi\u0105zania e-learning i m-learning, oraz tworzy wysokiej jako\u015bci tre\u015bci szkoleniowe do kurs\u00f3w e-learning.<\/p>\n<p>Wi\u0119cej na naszej stronie: <a href=\"http:\/\/www.dieberater.com\/\" target=\"_blank\" rel=\"noopener\">dieberater.com<\/a>, <a href=\"http:\/\/www.bridgestoeurope.com\/en\/bridges-to-europe\/\" target=\"_blank\" rel=\"noopener\">bridgestoeurope.com<\/a><\/p>\n<\/div>\n<\/div>\n<p><\/p>","protected":false},"excerpt":{"rendered":"<p>Institute of Technology Tralee (IE) ITT jest liderem w edukacji od samego momentu powstania. Instytut cieszy si\u0119 renom\u0105 jednego z najlepszych centrum w zakresie nauczania, uczenia si\u0119 i bada\u0144, oferuj\u0105c szereg kurs\u00f3w w pe\u0142nym i niepe\u0142nym wymiarze godzin na poziomach: podstawowym (foundation level), certyfikowanym, stopnia naukowego, studi\u00f3w podyplomowych i doktoranckim. Ulepszanie program\u00f3w nauczania w Instytucie [&hellip;]<\/p>\n","protected":false},"author":1,"featured_media":0,"parent":0,"menu_order":0,"comment_status":"closed","ping_status":"closed","template":"","meta":{"jetpack_post_was_ever_published":false,"footnotes":""},"class_list":["post-176","page","type-page","status-publish","hentry"],"yoast_head":"<!-- This site is optimized with the Yoast SEO plugin v27.4 - https:\/\/yoast.com\/product\/yoast-seo-wordpress\/ -->\n<title>Partnerzy - Vocal in Need<\/title>\n<meta name=\"robots\" content=\"index, follow, max-snippet:-1, max-image-preview:large, max-video-preview:-1\" \/>\n<link rel=\"canonical\" href=\"https:\/\/vocal.erasmus.site\/de\/partnership\/\" \/>\n<meta property=\"og:locale\" content=\"pl_PL\" \/>\n<meta property=\"og:type\" content=\"article\" \/>\n<meta property=\"og:title\" content=\"Partnerzy - Vocal in Need\" \/>\n<meta property=\"og:description\" content=\"Institute of Technology Tralee (IE) ITT jest liderem w edukacji od samego momentu powstania. Instytut cieszy si\u0119 renom\u0105 jednego z najlepszych centrum w zakresie nauczania, uczenia si\u0119 i bada\u0144, oferuj\u0105c szereg kurs\u00f3w w pe\u0142nym i niepe\u0142nym wymiarze godzin na poziomach: podstawowym (foundation level), certyfikowanym, stopnia naukowego, studi\u00f3w podyplomowych i doktoranckim. Ulepszanie program\u00f3w nauczania w Instytucie [&hellip;]\" \/>\n<meta property=\"og:url\" content=\"https:\/\/vocal.erasmus.site\/de\/partnership\/\" \/>\n<meta property=\"og:site_name\" content=\"Vocal in Need\" \/>\n<meta property=\"article:modified_time\" content=\"2018-09-17T16:04:16+00:00\" \/>\n<meta property=\"og:image\" content=\"https:\/\/vocal.erasmus.site\/wp-content\/uploads\/2018\/03\/IoT_tralee_logo.jpg\" \/>\n<meta name=\"twitter:card\" content=\"summary_large_image\" \/>\n<meta name=\"twitter:label1\" content=\"Szacowany czas czytania\" \/>\n\t<meta name=\"twitter:data1\" content=\"43 minuty\" \/>\n<script type=\"application\/ld+json\" class=\"yoast-schema-graph\">{\"@context\":\"https:\\\/\\\/schema.org\",\"@graph\":[{\"@type\":\"WebPage\",\"@id\":\"https:\\\/\\\/vocal.erasmus.site\\\/de\\\/partnership\\\/\",\"url\":\"https:\\\/\\\/vocal.erasmus.site\\\/de\\\/partnership\\\/\",\"name\":\"Partnerzy - Vocal in Need\",\"isPartOf\":{\"@id\":\"https:\\\/\\\/vocal.erasmus.site\\\/#website\"},\"primaryImageOfPage\":{\"@id\":\"https:\\\/\\\/vocal.erasmus.site\\\/de\\\/partnership\\\/#primaryimage\"},\"image\":{\"@id\":\"https:\\\/\\\/vocal.erasmus.site\\\/de\\\/partnership\\\/#primaryimage\"},\"thumbnailUrl\":\"https:\\\/\\\/vocal.erasmus.site\\\/wp-content\\\/uploads\\\/2018\\\/03\\\/MYKOLAROMERIS_UNIVERSITY_logo.jpg\",\"datePublished\":\"2018-03-28T11:41:30+00:00\",\"dateModified\":\"2018-09-17T16:04:16+00:00\",\"breadcrumb\":{\"@id\":\"https:\\\/\\\/vocal.erasmus.site\\\/de\\\/partnership\\\/#breadcrumb\"},\"inLanguage\":\"pl-PL\",\"potentialAction\":[{\"@type\":\"ReadAction\",\"target\":[\"https:\\\/\\\/vocal.erasmus.site\\\/de\\\/partnership\\\/\"]}]},{\"@type\":\"ImageObject\",\"inLanguage\":\"pl-PL\",\"@id\":\"https:\\\/\\\/vocal.erasmus.site\\\/de\\\/partnership\\\/#primaryimage\",\"url\":\"https:\\\/\\\/vocal.erasmus.site\\\/wp-content\\\/uploads\\\/2018\\\/03\\\/MYKOLAROMERIS_UNIVERSITY_logo.jpg\",\"contentUrl\":\"https:\\\/\\\/vocal.erasmus.site\\\/wp-content\\\/uploads\\\/2018\\\/03\\\/MYKOLAROMERIS_UNIVERSITY_logo.jpg\"},{\"@type\":\"BreadcrumbList\",\"@id\":\"https:\\\/\\\/vocal.erasmus.site\\\/de\\\/partnership\\\/#breadcrumb\",\"itemListElement\":[{\"@type\":\"ListItem\",\"position\":1,\"name\":\"Home\",\"item\":\"https:\\\/\\\/vocal.erasmus.site\\\/\"},{\"@type\":\"ListItem\",\"position\":2,\"name\":\"Partner\"}]},{\"@type\":\"WebSite\",\"@id\":\"https:\\\/\\\/vocal.erasmus.site\\\/#website\",\"url\":\"https:\\\/\\\/vocal.erasmus.site\\\/\",\"name\":\"Vocal in Need\",\"description\":\"\",\"publisher\":{\"@id\":\"https:\\\/\\\/vocal.erasmus.site\\\/#organization\"},\"potentialAction\":[{\"@type\":\"SearchAction\",\"target\":{\"@type\":\"EntryPoint\",\"urlTemplate\":\"https:\\\/\\\/vocal.erasmus.site\\\/?s={search_term_string}\"},\"query-input\":{\"@type\":\"PropertyValueSpecification\",\"valueRequired\":true,\"valueName\":\"search_term_string\"}}],\"inLanguage\":\"pl-PL\"},{\"@type\":\"Organization\",\"@id\":\"https:\\\/\\\/vocal.erasmus.site\\\/#organization\",\"name\":\"Vocal in Need\",\"url\":\"https:\\\/\\\/vocal.erasmus.site\\\/\",\"logo\":{\"@type\":\"ImageObject\",\"inLanguage\":\"pl-PL\",\"@id\":\"https:\\\/\\\/vocal.erasmus.site\\\/#\\\/schema\\\/logo\\\/image\\\/\",\"url\":\"https:\\\/\\\/i0.wp.com\\\/vocal.erasmus.site\\\/wp-content\\\/uploads\\\/2018\\\/03\\\/LOGO_FINAL-300x75.png?fit=300%2C75&ssl=1\",\"contentUrl\":\"https:\\\/\\\/i0.wp.com\\\/vocal.erasmus.site\\\/wp-content\\\/uploads\\\/2018\\\/03\\\/LOGO_FINAL-300x75.png?fit=300%2C75&ssl=1\",\"width\":300,\"height\":75,\"caption\":\"Vocal in Need\"},\"image\":{\"@id\":\"https:\\\/\\\/vocal.erasmus.site\\\/#\\\/schema\\\/logo\\\/image\\\/\"}}]}<\/script>\n<!-- \/ Yoast SEO plugin. -->","yoast_head_json":{"title":"Partnerzy - Vocal in Need","robots":{"index":"index","follow":"follow","max-snippet":"max-snippet:-1","max-image-preview":"max-image-preview:large","max-video-preview":"max-video-preview:-1"},"canonical":"https:\/\/vocal.erasmus.site\/de\/partnership\/","og_locale":"pl_PL","og_type":"article","og_title":"Partnerzy - Vocal in Need","og_description":"Institute of Technology Tralee (IE) ITT jest liderem w edukacji od samego momentu powstania. Instytut cieszy si\u0119 renom\u0105 jednego z najlepszych centrum w zakresie nauczania, uczenia si\u0119 i bada\u0144, oferuj\u0105c szereg kurs\u00f3w w pe\u0142nym i niepe\u0142nym wymiarze godzin na poziomach: podstawowym (foundation level), certyfikowanym, stopnia naukowego, studi\u00f3w podyplomowych i doktoranckim. Ulepszanie program\u00f3w nauczania w Instytucie [&hellip;]","og_url":"https:\/\/vocal.erasmus.site\/de\/partnership\/","og_site_name":"Vocal in Need","article_modified_time":"2018-09-17T16:04:16+00:00","og_image":[{"url":"https:\/\/vocal.erasmus.site\/wp-content\/uploads\/2018\/03\/IoT_tralee_logo.jpg","type":"","width":"","height":""}],"twitter_card":"summary_large_image","twitter_misc":{"Szacowany czas czytania":"43 minuty"},"schema":{"@context":"https:\/\/schema.org","@graph":[{"@type":"WebPage","@id":"https:\/\/vocal.erasmus.site\/de\/partnership\/","url":"https:\/\/vocal.erasmus.site\/de\/partnership\/","name":"Partnerzy - Vocal in Need","isPartOf":{"@id":"https:\/\/vocal.erasmus.site\/#website"},"primaryImageOfPage":{"@id":"https:\/\/vocal.erasmus.site\/de\/partnership\/#primaryimage"},"image":{"@id":"https:\/\/vocal.erasmus.site\/de\/partnership\/#primaryimage"},"thumbnailUrl":"https:\/\/vocal.erasmus.site\/wp-content\/uploads\/2018\/03\/MYKOLAROMERIS_UNIVERSITY_logo.jpg","datePublished":"2018-03-28T11:41:30+00:00","dateModified":"2018-09-17T16:04:16+00:00","breadcrumb":{"@id":"https:\/\/vocal.erasmus.site\/de\/partnership\/#breadcrumb"},"inLanguage":"pl-PL","potentialAction":[{"@type":"ReadAction","target":["https:\/\/vocal.erasmus.site\/de\/partnership\/"]}]},{"@type":"ImageObject","inLanguage":"pl-PL","@id":"https:\/\/vocal.erasmus.site\/de\/partnership\/#primaryimage","url":"https:\/\/vocal.erasmus.site\/wp-content\/uploads\/2018\/03\/MYKOLAROMERIS_UNIVERSITY_logo.jpg","contentUrl":"https:\/\/vocal.erasmus.site\/wp-content\/uploads\/2018\/03\/MYKOLAROMERIS_UNIVERSITY_logo.jpg"},{"@type":"BreadcrumbList","@id":"https:\/\/vocal.erasmus.site\/de\/partnership\/#breadcrumb","itemListElement":[{"@type":"ListItem","position":1,"name":"Home","item":"https:\/\/vocal.erasmus.site\/"},{"@type":"ListItem","position":2,"name":"Partner"}]},{"@type":"WebSite","@id":"https:\/\/vocal.erasmus.site\/#website","url":"https:\/\/vocal.erasmus.site\/","name":"Vocal in Need","description":"","publisher":{"@id":"https:\/\/vocal.erasmus.site\/#organization"},"potentialAction":[{"@type":"SearchAction","target":{"@type":"EntryPoint","urlTemplate":"https:\/\/vocal.erasmus.site\/?s={search_term_string}"},"query-input":{"@type":"PropertyValueSpecification","valueRequired":true,"valueName":"search_term_string"}}],"inLanguage":"pl-PL"},{"@type":"Organization","@id":"https:\/\/vocal.erasmus.site\/#organization","name":"Vocal in Need","url":"https:\/\/vocal.erasmus.site\/","logo":{"@type":"ImageObject","inLanguage":"pl-PL","@id":"https:\/\/vocal.erasmus.site\/#\/schema\/logo\/image\/","url":"https:\/\/i0.wp.com\/vocal.erasmus.site\/wp-content\/uploads\/2018\/03\/LOGO_FINAL-300x75.png?fit=300%2C75&ssl=1","contentUrl":"https:\/\/i0.wp.com\/vocal.erasmus.site\/wp-content\/uploads\/2018\/03\/LOGO_FINAL-300x75.png?fit=300%2C75&ssl=1","width":300,"height":75,"caption":"Vocal in Need"},"image":{"@id":"https:\/\/vocal.erasmus.site\/#\/schema\/logo\/image\/"}}]}},"jetpack_sharing_enabled":true,"jetpack_shortlink":"https:\/\/wp.me\/P9PcbK-2Q","jetpack-related-posts":[],"_links":{"self":[{"href":"https:\/\/vocal.erasmus.site\/pl\/wp-json\/wp\/v2\/pages\/176","targetHints":{"allow":["GET"]}}],"collection":[{"href":"https:\/\/vocal.erasmus.site\/pl\/wp-json\/wp\/v2\/pages"}],"about":[{"href":"https:\/\/vocal.erasmus.site\/pl\/wp-json\/wp\/v2\/types\/page"}],"author":[{"embeddable":true,"href":"https:\/\/vocal.erasmus.site\/pl\/wp-json\/wp\/v2\/users\/1"}],"replies":[{"embeddable":true,"href":"https:\/\/vocal.erasmus.site\/pl\/wp-json\/wp\/v2\/comments?post=176"}],"version-history":[{"count":55,"href":"https:\/\/vocal.erasmus.site\/pl\/wp-json\/wp\/v2\/pages\/176\/revisions"}],"predecessor-version":[{"id":543,"href":"https:\/\/vocal.erasmus.site\/pl\/wp-json\/wp\/v2\/pages\/176\/revisions\/543"}],"wp:attachment":[{"href":"https:\/\/vocal.erasmus.site\/pl\/wp-json\/wp\/v2\/media?parent=176"}],"curies":[{"name":"wp","href":"https:\/\/api.w.org\/{rel}","templated":true}]}}