{"id":176,"date":"2018-03-28T11:41:30","date_gmt":"2018-03-28T11:41:30","guid":{"rendered":"https:\/\/vocal.erasmus.site\/?page_id=176"},"modified":"2018-09-17T16:04:16","modified_gmt":"2018-09-17T16:04:16","slug":"partnership","status":"publish","type":"page","link":"https:\/\/vocal.erasmus.site\/tr\/partnership\/","title":{"rendered":"Ortakl\u0131k"},"content":{"rendered":"<p><\/p>\n<div>\n<div style=\"float: left; height: 403px; margin-right: 10px;\"><img loading=\"lazy\" decoding=\"async\" data-attachment-id=\"105\" data-permalink=\"https:\/\/vocal.erasmus.site\/tr\/partnership\/attachment\/iot_tralee_logo\/\" data-orig-file=\"https:\/\/i0.wp.com\/vocal.erasmus.site\/wp-content\/uploads\/2018\/03\/IoT_tralee_logo.jpg?fit=225%2C225&amp;ssl=1\" data-orig-size=\"225,225\" data-comments-opened=\"0\" data-image-meta=\"{&quot;aperture&quot;:&quot;0&quot;,&quot;credit&quot;:&quot;&quot;,&quot;camera&quot;:&quot;&quot;,&quot;caption&quot;:&quot;&quot;,&quot;created_timestamp&quot;:&quot;0&quot;,&quot;copyright&quot;:&quot;&quot;,&quot;focal_length&quot;:&quot;0&quot;,&quot;iso&quot;:&quot;0&quot;,&quot;shutter_speed&quot;:&quot;0&quot;,&quot;title&quot;:&quot;&quot;,&quot;orientation&quot;:&quot;0&quot;}\" data-image-title=\"IoT_tralee_logo\" data-image-description=\"\" data-image-caption=\"\" data-large-file=\"https:\/\/i0.wp.com\/vocal.erasmus.site\/wp-content\/uploads\/2018\/03\/IoT_tralee_logo.jpg?fit=225%2C225&amp;ssl=1\" class=\"alignnone wp-image-105\" src=\"\/wp-content\/uploads\/2018\/03\/IoT_tralee_logo.jpg\" alt=\"\" width=\"225\" height=\"225\" srcset=\"https:\/\/i0.wp.com\/vocal.erasmus.site\/wp-content\/uploads\/2018\/03\/IoT_tralee_logo.jpg?w=225&amp;ssl=1 225w, https:\/\/i0.wp.com\/vocal.erasmus.site\/wp-content\/uploads\/2018\/03\/IoT_tralee_logo.jpg?resize=150%2C150&amp;ssl=1 150w, https:\/\/i0.wp.com\/vocal.erasmus.site\/wp-content\/uploads\/2018\/03\/IoT_tralee_logo.jpg?resize=220%2C220&amp;ssl=1 220w, https:\/\/i0.wp.com\/vocal.erasmus.site\/wp-content\/uploads\/2018\/03\/IoT_tralee_logo.jpg?resize=50%2C50&amp;ssl=1 50w\" sizes=\"(max-width: 225px) 100vw, 225px\" \/><\/div>\n<div><strong style=\"font-size: 18px; color: #f4a86c;\">Institute of Technology Tralee (IE)<\/strong><br \/>\nTralee Teknoloji Enstit\u00fcs\u00fc kurulu\u015fundan bu yana \u00f6\u011frenmenin en \u00f6n saf\u0131nda yeralm\u0131\u015f ve e\u011fitim-\u00f6\u011fretim, \u00f6\u011frenme ve ara\u015ft\u0131rma i\u00e7in \u00f6nemli bir e\u011fitim merkezi olarak \u00fcn kazanm\u0131\u015ft\u0131r.Enstit\u00fcde tam ve yar\u0131 zamanl\u0131 olmak \u00fczere \u00e7e\u015fitli sertifika programlar\u0131ndan, y\u00fcksek lisans ve Doktora derecesine kadar \u00e7e\u015fitli programlar sunmaktad\u0131r. Enstit\u00fcde \u00f6\u011fretilen programlar\u0131n geli\u015ftirilmesi, d\u00fcnya \u00e7ap\u0131nda bir ara\u015ft\u0131rma program\u0131d\u0131r.\u015eehir merkezinde kolay ula\u015f\u0131m imkanlar\u0131na sahip Enstit\u00fc iki tane iyi tasarlanm\u0131\u015f kamp\u00fcse sahip olup kamp\u00fcsler bu y\u00f6nleriyle \u00fcn kazanm\u0131\u015ft\u0131r. Tralee Teknoloji Enstit\u00fcs\u00fc 3.500 \u00f6\u011frenci ve 250&#8217;den fazla Avrupa Birli\u011fi ve deniz a\u015f\u0131r\u0131 \u00fclkelerden gelen \u00f6\u011frenci ve akademik personellerden olu\u015fan \u00e7ok k\u00fclt\u00fcrl\u00fc bir topluluk olup okulda s\u0131cak kar\u015f\u0131lanman\u0131z garantidir. Kerry Teknoloji Park\u0131&#8217;n\u0131n yan\u0131nda bulunan Enstit\u00fc, Teknoloji park\u0131nda yeralan \u015firketlerle yak\u0131n ba\u011flant\u0131lar kurmu\u015ftur. Masterplan\u0131m\u0131z spor, e\u011fitim ve ara\u015ft\u0131rma alanlar\u0131nda<br \/>\n\u00f6nemli geli\u015fmeler kaydetmi\u015ftir. <\/p>\n<p>Detayl\u0131 Bilgi \u0130\u00e7in Okul WEB sayfas\u0131n\u0131 Ziyaret Edebilirsiniz: <a href=\"http:\/\/www.ittralee.ie\" target=\"_blank\" rel=\"noopener\">ittralee.ie<\/a><\/div>\n<\/div>\n<hr class=\"separator\" \/>\n<div>\n<div style=\"float: left; height: 348px; margin-right: 10px;\"><img loading=\"lazy\" decoding=\"async\" data-attachment-id=\"395\" data-permalink=\"https:\/\/vocal.erasmus.site\/tr\/partnership\/attachment\/logo_sachsen-2\/\" data-orig-file=\"https:\/\/i0.wp.com\/vocal.erasmus.site\/wp-content\/uploads\/2018\/05\/logo_sachsen.jpg?fit=225%2C225&amp;ssl=1\" data-orig-size=\"225,225\" data-comments-opened=\"0\" data-image-meta=\"{&quot;aperture&quot;:&quot;0&quot;,&quot;credit&quot;:&quot;&quot;,&quot;camera&quot;:&quot;&quot;,&quot;caption&quot;:&quot;&quot;,&quot;created_timestamp&quot;:&quot;1526491942&quot;,&quot;copyright&quot;:&quot;&quot;,&quot;focal_length&quot;:&quot;0&quot;,&quot;iso&quot;:&quot;0&quot;,&quot;shutter_speed&quot;:&quot;0&quot;,&quot;title&quot;:&quot;&quot;,&quot;orientation&quot;:&quot;0&quot;}\" data-image-title=\"logo_sachsen\" data-image-description=\"\" data-image-caption=\"\" data-large-file=\"https:\/\/i0.wp.com\/vocal.erasmus.site\/wp-content\/uploads\/2018\/05\/logo_sachsen.jpg?fit=225%2C225&amp;ssl=1\" src=\"\/wp-content\/uploads\/2018\/05\/logo_sachsen.jpg\" alt=\"\" width=\"225\" height=\"225\" class=\"alignnone size-full wp-image-395\" srcset=\"https:\/\/i0.wp.com\/vocal.erasmus.site\/wp-content\/uploads\/2018\/05\/logo_sachsen.jpg?w=225&amp;ssl=1 225w, https:\/\/i0.wp.com\/vocal.erasmus.site\/wp-content\/uploads\/2018\/05\/logo_sachsen.jpg?resize=150%2C150&amp;ssl=1 150w, https:\/\/i0.wp.com\/vocal.erasmus.site\/wp-content\/uploads\/2018\/05\/logo_sachsen.jpg?resize=220%2C220&amp;ssl=1 220w, https:\/\/i0.wp.com\/vocal.erasmus.site\/wp-content\/uploads\/2018\/05\/logo_sachsen.jpg?resize=50%2C50&amp;ssl=1 50w\" sizes=\"(max-width: 225px) 100vw, 225px\" \/><\/div>\n<div><strong style=\"font-size: 18px; color: #f4a86c;\">Hochschule der S\u00e4chsischen Polizei (FH) (DE)<\/strong><br \/>\nUygulamal\u0131 Polislik Bilimi \u00dcniversitesi, Almanya<br \/>\nSakson \u00dcniversitesi Uygulamal\u0131 Polislik Bilimleri (PolFH) Sakson federal b\u00f6lgesinde Polis E\u011fitimi sa\u011flayan bir kurumdur.<br \/>\nFederal Almanya Cumhuriyeti&#8217;nin en do\u011fusunda yer al\u0131p s\u0131n\u0131r \u00f6tesi ve transit su\u00e7 sorunlar\u0131yla kar\u015f\u0131 kar\u015f\u0131ya olup bu nedenle \u00fclkenin di\u011fer kom\u015fu polis kuvvetleriyle yak\u0131n i\u015fbirli\u011fi halinde \u00e7al\u0131\u015fmaktad\u0131r.Bu nedenle k\u00fclt\u00fcrleraras\u0131 problemler ve dil becerileri ile ilgili sorunlarla y\u00fczy\u00fcze bulunmaktad\u0131r. Sakson \u00dcniversitesi Uygulamal\u0131 Polislik Bilimi polislik \u00f6\u011frencilerine dil m\u00fcfredat\u0131na dayal\u0131 ve b\u00f6lgenin ko\u015fullar\u0131na uygun olarak \u0130ngilizce e\u011fitiminin yan\u0131nda \u00c7ek\u00e7e,Polonyaca ve Rus\u00e7a e\u011fitimi sa\u011flamaktad\u0131r.Mezunlar Sakson Polis kurumunun \u00e7e\u015fitli birimlerinde \u00fcniformal\u0131 ve sivil polis olarak \u00e7al\u0131\u015fmaktad\u0131r.<\/p>\n<p>Detayl\u0131 Bilgi \u0130\u00e7in Okul WEB sayfas\u0131n\u0131 Ziyaret Edebilirsiniz: <a href=\"https:\/\/www.polizei.sachsen.de\/de\/polfh.htm\" target=\"_blank\" rel=\"noopener\">polizei.sachsen.de<\/a><\/div>\n<\/div>\n<hr class=\"separator\" \/>\n<div>\n<div style=\"float: left; height: 450px; margin-right: 10px;\"><img loading=\"lazy\" decoding=\"async\" data-attachment-id=\"112\" data-permalink=\"https:\/\/vocal.erasmus.site\/tr\/partnership\/attachment\/danmar_logo\/\" data-orig-file=\"https:\/\/i0.wp.com\/vocal.erasmus.site\/wp-content\/uploads\/2018\/03\/danmar_logo.jpg?fit=225%2C225&amp;ssl=1\" data-orig-size=\"225,225\" data-comments-opened=\"0\" data-image-meta=\"{&quot;aperture&quot;:&quot;0&quot;,&quot;credit&quot;:&quot;&quot;,&quot;camera&quot;:&quot;&quot;,&quot;caption&quot;:&quot;&quot;,&quot;created_timestamp&quot;:&quot;0&quot;,&quot;copyright&quot;:&quot;&quot;,&quot;focal_length&quot;:&quot;0&quot;,&quot;iso&quot;:&quot;0&quot;,&quot;shutter_speed&quot;:&quot;0&quot;,&quot;title&quot;:&quot;&quot;,&quot;orientation&quot;:&quot;0&quot;}\" data-image-title=\"danmar_logo\" data-image-description=\"\" data-image-caption=\"\" data-large-file=\"https:\/\/i0.wp.com\/vocal.erasmus.site\/wp-content\/uploads\/2018\/03\/danmar_logo.jpg?fit=225%2C225&amp;ssl=1\" class=\"alignnone wp-image-112\" src=\"\/wp-content\/uploads\/2018\/03\/danmar_logo.jpg\" alt=\"\" width=\"225\" height=\"225\" srcset=\"https:\/\/i0.wp.com\/vocal.erasmus.site\/wp-content\/uploads\/2018\/03\/danmar_logo.jpg?w=225&amp;ssl=1 225w, https:\/\/i0.wp.com\/vocal.erasmus.site\/wp-content\/uploads\/2018\/03\/danmar_logo.jpg?resize=150%2C150&amp;ssl=1 150w, https:\/\/i0.wp.com\/vocal.erasmus.site\/wp-content\/uploads\/2018\/03\/danmar_logo.jpg?resize=220%2C220&amp;ssl=1 220w, https:\/\/i0.wp.com\/vocal.erasmus.site\/wp-content\/uploads\/2018\/03\/danmar_logo.jpg?resize=50%2C50&amp;ssl=1 50w\" sizes=\"(max-width: 225px) 100vw, 225px\" \/><\/div>\n<div><strong style=\"font-size: 18px; color: #f4a86c;\">Danmar Computers LLC (PL)<\/strong><br \/>\nDanmar Bili\u015fim e \u00f6\u011frenme ve \u00f6zelle\u015ftirilmi\u015f \u00e7\u00f6z\u00fcmler \u00fcreten \u00f6zel bir firmad\u0131r.Firma e\u011fitim,program ve e\u011fitim materyali geli\u015ftirme,web sayfas\u0131 tasar\u0131m\u0131 ve mobil uygulamalar alanlar\u0131nda faaliyet g\u00f6sterir. Danmar Bili\u015fim \u00e7al\u0131\u015fanlar\u0131 veritaban\u0131 teknolojileri, web sunucular\u0131 ve uygulama sunucular\u0131 kullanarak.modern web sayfalar\u0131 ve ak\u0131ll\u0131 telefon uygulamalar\u0131 konusunda yeterliliklere sahiptir. Bulut ve sosyal uygulamalar hem m\u00fc\u015fteri hemde sunucular\u0131 kapsar.Danmar Bili\u015fim AdminProject olarak adland\u0131r\u0131lan bir proje y\u00f6netim sistemi tasarlam\u0131\u015ft\u0131r.Bu tasar\u0131m \u015fu an sadece Avrupa Birli\u011fi projeleri y\u00f6netimine adanm\u0131\u015ft\u0131r.<br \/>\nUzmanlar\u0131n\u0131n Bili\u015fim Teknoljiler alan\u0131ndaki uzmanl\u0131\u011f\u0131ndan ba\u015fka Danmar Bili\u015fim Avrupa Birli\u011fi Projeleri alan\u0131nda tecr\u00fcbeye sahip olup bu programlar Yenilik Transferi Projeleri,Erasmus, Leonardo da Vinci ve Grundtvig ortakl\u0131k projeleridir.Danmar Bili\u015fim bulundu\u011fu konum gere\u011fi Bilgi Teknolojileri alan\u0131nda faaliyet y\u00fcr\u00fctmektedir.Bu faaliyetler genellikle y\u00fcr\u00fct\u00fclen AB projelerini destekleyen bili\u015fim ara\u00e7lar geli\u015ftirmektir.(\u00c7evrimi\u00e7i anketler,interaktif e\u011fitimler,ak\u0131ll\u0131 telefon uygulamalar\u0131 veya internet tabanl\u0131 yayma kampanyalar\u0131)<\/p>\n<p>Detayl\u0131 Bilgi \u0130\u00e7in kurum sayfas\u0131n\u0131 Ziyaret Edebilirsiniz: <a href=\"http:\/\/www.danmar-computers.com.pl\/\" target=\"_blank\" rel=\"noopener\">danmar-computers.com.pl<\/a><\/div>\n<\/div>\n<hr class=\"separator\" \/>\n<div style=\"clear: both;\">\n<div style=\"float: left; height: 230px; margin-right: 10px;\"><img loading=\"lazy\" decoding=\"async\" data-attachment-id=\"113\" data-permalink=\"https:\/\/vocal.erasmus.site\/tr\/partnership\/attachment\/assist_logo\/\" data-orig-file=\"https:\/\/i0.wp.com\/vocal.erasmus.site\/wp-content\/uploads\/2018\/03\/assist_Logo.jpg?fit=225%2C225&amp;ssl=1\" data-orig-size=\"225,225\" data-comments-opened=\"0\" data-image-meta=\"{&quot;aperture&quot;:&quot;0&quot;,&quot;credit&quot;:&quot;&quot;,&quot;camera&quot;:&quot;&quot;,&quot;caption&quot;:&quot;&quot;,&quot;created_timestamp&quot;:&quot;1522275520&quot;,&quot;copyright&quot;:&quot;&quot;,&quot;focal_length&quot;:&quot;0&quot;,&quot;iso&quot;:&quot;0&quot;,&quot;shutter_speed&quot;:&quot;0&quot;,&quot;title&quot;:&quot;&quot;,&quot;orientation&quot;:&quot;0&quot;}\" data-image-title=\"assist_Logo\" data-image-description=\"\" data-image-caption=\"\" data-large-file=\"https:\/\/i0.wp.com\/vocal.erasmus.site\/wp-content\/uploads\/2018\/03\/assist_Logo.jpg?fit=225%2C225&amp;ssl=1\" class=\"alignnone wp-image-113\" src=\"\/wp-content\/uploads\/2018\/03\/assist_Logo.jpg\" alt=\"\" width=\"225\" height=\"225\" srcset=\"https:\/\/i0.wp.com\/vocal.erasmus.site\/wp-content\/uploads\/2018\/03\/assist_Logo.jpg?w=225&amp;ssl=1 225w, https:\/\/i0.wp.com\/vocal.erasmus.site\/wp-content\/uploads\/2018\/03\/assist_Logo.jpg?resize=150%2C150&amp;ssl=1 150w, https:\/\/i0.wp.com\/vocal.erasmus.site\/wp-content\/uploads\/2018\/03\/assist_Logo.jpg?resize=220%2C220&amp;ssl=1 220w, https:\/\/i0.wp.com\/vocal.erasmus.site\/wp-content\/uploads\/2018\/03\/assist_Logo.jpg?resize=50%2C50&amp;ssl=1 50w\" sizes=\"(max-width: 225px) 100vw, 225px\" \/><\/div>\n<div><strong style=\"font-size: 18px; color: #f4a86c;\">assist GmbH (DE)<\/strong><br \/>\ninsan kaynaklar\u0131 geli\u015ftirme konusunda bilinen ve merkezi Almanya\u2019n\u0131n Paderborn b\u00f6lgesinde yeralan bir kurumdur.(D\u00fcnya \u00f6l\u00e7e\u011finde faaliyetlerini s\u00fcrd\u00fcrmektedir). Kurum k\u00fclt\u00fcrleraras\u0131 beceriler,liderlik becerileri ve ileti\u015fim becerilerinin yan\u0131nda k\u00fclt\u00fcrleraras\u0131 atelye \u00e7al\u0131\u015fmalar\u0131,k\u00fclt\u00fcrleraras\u0131 dan\u0131\u015fmanl\u0131k ve e\u011fitmenlerin e\u011fitimi ve k\u00fclt\u00fcrleraras\u0131 arabuluculuk konular\u0131nda e\u011fitim sa\u011flar.Assist kurumu karma e\u011fitim konusuna odaklanm\u0131\u015ft\u0131r.(e-learning, webinars, e-tutorials &amp; face-to-face).<\/p>\n<p>Detayl\u0131 Bilgi \u0130\u00e7in kurum sayfas\u0131n\u0131 Ziyaret Edebilirsiniz: <a href=\"http:\/\/www.international-hr.de\/\" target=\"_blank\" rel=\"noopener\">international-hr.de<\/a><\/p>\n<\/div>\n<\/div>\n<hr class=\"separator\" \/>\n<div style=\"clear: both;\">\n<div style=\"float: left; height: 350px; margin-right: 10px;\"><img loading=\"lazy\" decoding=\"async\" data-attachment-id=\"114\" data-permalink=\"https:\/\/vocal.erasmus.site\/tr\/partnership\/attachment\/mykolaromeris_university_logo\/\" data-orig-file=\"https:\/\/i0.wp.com\/vocal.erasmus.site\/wp-content\/uploads\/2018\/03\/MYKOLAROMERIS_UNIVERSITY_logo.jpg?fit=225%2C225&amp;ssl=1\" data-orig-size=\"225,225\" data-comments-opened=\"0\" data-image-meta=\"{&quot;aperture&quot;:&quot;0&quot;,&quot;credit&quot;:&quot;&quot;,&quot;camera&quot;:&quot;&quot;,&quot;caption&quot;:&quot;&quot;,&quot;created_timestamp&quot;:&quot;0&quot;,&quot;copyright&quot;:&quot;&quot;,&quot;focal_length&quot;:&quot;0&quot;,&quot;iso&quot;:&quot;0&quot;,&quot;shutter_speed&quot;:&quot;0&quot;,&quot;title&quot;:&quot;&quot;,&quot;orientation&quot;:&quot;0&quot;}\" data-image-title=\"MYKOLAROMERIS_UNIVERSITY_logo\" data-image-description=\"\" data-image-caption=\"\" data-large-file=\"https:\/\/i0.wp.com\/vocal.erasmus.site\/wp-content\/uploads\/2018\/03\/MYKOLAROMERIS_UNIVERSITY_logo.jpg?fit=225%2C225&amp;ssl=1\" class=\"alignnone wp-image-114\" src=\"\/wp-content\/uploads\/2018\/03\/MYKOLAROMERIS_UNIVERSITY_logo.jpg\" alt=\"\" width=\"225\" height=\"225\" srcset=\"https:\/\/i0.wp.com\/vocal.erasmus.site\/wp-content\/uploads\/2018\/03\/MYKOLAROMERIS_UNIVERSITY_logo.jpg?w=225&amp;ssl=1 225w, https:\/\/i0.wp.com\/vocal.erasmus.site\/wp-content\/uploads\/2018\/03\/MYKOLAROMERIS_UNIVERSITY_logo.jpg?resize=150%2C150&amp;ssl=1 150w, https:\/\/i0.wp.com\/vocal.erasmus.site\/wp-content\/uploads\/2018\/03\/MYKOLAROMERIS_UNIVERSITY_logo.jpg?resize=220%2C220&amp;ssl=1 220w, https:\/\/i0.wp.com\/vocal.erasmus.site\/wp-content\/uploads\/2018\/03\/MYKOLAROMERIS_UNIVERSITY_logo.jpg?resize=50%2C50&amp;ssl=1 50w\" sizes=\"(max-width: 225px) 100vw, 225px\" \/><\/div>\n<div><strong style=\"font-size: 18px; color: #f4a86c;\">Mycolas Romeris University (LT)<\/strong><br \/>\nLitvanya\u2019n\u0131n en b\u00fcy\u00fck \u00fcniversitelerinden biri olup Hukuk.Psikoloji,Siyaset,Ekonomi ve e\u011fitim bilimleri b\u00f6l\u00fcmleri ile akademik ve ara\u015ft\u0131rma konular\u0131na odaklanm\u0131\u015ft\u0131r.<br \/>\nMykolas Romeris bir devlet \u00fcniversitesi olup Kuzey Do\u011fu Avrupa\u2019da yeralmaktd\u0131r.\u00dcniversite her y\u0131l b\u00fcnyesine yarat\u0131c\u0131 ve yetenekli gen\u00e7leri katmaktad\u0131r. \u00dcniversite de\u011fi\u015fime a\u00e7\u0131k, entelekt\u00fcel olarak \u00e7al\u0131\u015fmalar\u0131 te\u015fvik eder ve tutarl\u0131 ara\u015ft\u0131rma faaliyetlerine odaklanmaktad\u0131r. Mykolas Romeris \u00fcnivesitesi iyi donan\u0131ml\u0131 bireyler;olgun,giri\u015fimci ve ba\u011f\u0131ms\u0131z d\u00fc\u015f\u00fcnebilen vatanda\u015f ve lider yeti\u015ftirme konusuna katk\u0131 vermektedir.\u00dcniversite se\u00e7ti\u011fi alanla ilgili olduk\u00e7a motive ve co\u015fkulu 10000 \u00f6\u011frenciye sahiptir.Programlar gen\u00e7lerin ihtiya\u00e7 duyduklar\u0131 gelecekle ilgili s\u00fcrekli \u015fekilde yenilenmekte olup toplumun ihtiya\u00e7lar\u0131na cevap verecek \u015fekilde tasarlanmaktad\u0131r.<\/p>\n<p>Detayl\u0131 Bilgi \u0130\u00e7in kurum sayfas\u0131n\u0131 Ziyaret Edebilirsiniz: <a href=\"http:\/\/www.mruni.eu\/\" target=\"_blank\" rel=\"noopener\">mruni.eu<\/a><\/p>\n<\/div>\n<\/div>\n<hr class=\"separator\" \/>\n<div>\n<div style=\"float: left; height: 330px; margin-right: 10px;\"><img loading=\"lazy\" decoding=\"async\" data-attachment-id=\"115\" data-permalink=\"https:\/\/vocal.erasmus.site\/tr\/partnership\/attachment\/formazione_logo\/\" data-orig-file=\"https:\/\/i0.wp.com\/vocal.erasmus.site\/wp-content\/uploads\/2018\/03\/formazione_logo.jpg?fit=225%2C225&amp;ssl=1\" data-orig-size=\"225,225\" data-comments-opened=\"0\" data-image-meta=\"{&quot;aperture&quot;:&quot;0&quot;,&quot;credit&quot;:&quot;&quot;,&quot;camera&quot;:&quot;&quot;,&quot;caption&quot;:&quot;&quot;,&quot;created_timestamp&quot;:&quot;1522276320&quot;,&quot;copyright&quot;:&quot;&quot;,&quot;focal_length&quot;:&quot;0&quot;,&quot;iso&quot;:&quot;0&quot;,&quot;shutter_speed&quot;:&quot;0&quot;,&quot;title&quot;:&quot;&quot;,&quot;orientation&quot;:&quot;0&quot;}\" data-image-title=\"formazione_logo\" data-image-description=\"\" data-image-caption=\"\" data-large-file=\"https:\/\/i0.wp.com\/vocal.erasmus.site\/wp-content\/uploads\/2018\/03\/formazione_logo.jpg?fit=225%2C225&amp;ssl=1\" class=\"alignnone wp-image-115\" src=\"\/wp-content\/uploads\/2018\/03\/formazione_logo.jpg\" alt=\"\" width=\"225\" height=\"225\" srcset=\"https:\/\/i0.wp.com\/vocal.erasmus.site\/wp-content\/uploads\/2018\/03\/formazione_logo.jpg?w=225&amp;ssl=1 225w, https:\/\/i0.wp.com\/vocal.erasmus.site\/wp-content\/uploads\/2018\/03\/formazione_logo.jpg?resize=150%2C150&amp;ssl=1 150w, https:\/\/i0.wp.com\/vocal.erasmus.site\/wp-content\/uploads\/2018\/03\/formazione_logo.jpg?resize=220%2C220&amp;ssl=1 220w, https:\/\/i0.wp.com\/vocal.erasmus.site\/wp-content\/uploads\/2018\/03\/formazione_logo.jpg?resize=50%2C50&amp;ssl=1 50w\" sizes=\"(max-width: 225px) 100vw, 225px\" \/><\/div>\n<div><strong style=\"font-size: 18px; color: #f4a86c;\">FormAzione Co&amp;So Network (IT)<\/strong><br \/>\nFormAzione Co&amp;So a\u011f\u0131 Floransa\u2019da yeralan bir ortak giri\u015fimdir. FormAzione Co&amp;So (FCN)A\u011f\u0131 kamu kurumlar\u0131 ad\u0131na \u00f6rne\u011fin belediyenn veya b\u00f6lge idaresinin de\u011fi\u015fik konularla ilgili yapt\u0131\u011f\u0131 \u00e7al\u0131\u015fmalarla ilgili faaliyet y\u00fcr\u00fct\u00fcr.( \u00d6rne\u011fin,i\u015fe yerle\u015ftirme, engelli ki\u015filerin e\u011fitimi, g\u00f6\u00e7menlere y\u00f6nelik uyum \u00f6nlemlerinin desteklenmesi). FCN personeli 10 ki\u015fiden olu\u015fuyor, ancak ilgili kooperatiflerimizle birlikte \u00e7al\u0131\u015fan yakla\u015f\u0131k 3,000 ki\u015fi vard\u0131r.Bu kurum ayr\u0131ca Tuscany B\u00f6lgesi taraf\u0131ndan yetkililendirilmi\u015f s\u0131\u011f\u0131nmac\u0131lar ve g\u00f6\u00e7menlerle ilgili e\u011fitim veren bir kurumudur.FCN 2004 yl\u0131ndan bu yana Avrupa Birli\u011fi programlar\u0131nda \u00f6zellikle Erasmus+, AMIF, LLP, EIF and Daphne\u2019de gerek ortak gerek koordinat\u00f6r olarak yeralm\u0131\u015ft\u0131r.Kalite belgesi numaras\u0131: UNI EN ISO 9001:2008.<\/p>\n<p>Detayl\u0131 Bilgi \u0130\u00e7in kurum sayfas\u0131n\u0131 Ziyaret Edebilirsiniz: <a href=\"http:\/\/www.formazionenet.eu\/\" target=\"_blank\" rel=\"noopener\">formazionenet.eu<\/a><\/p>\n<\/div>\n<\/div>\n<hr class=\"separator\" \/>\n<div>\n<div style=\"float: left; height: 355px; margin-right: 10px;\"><img loading=\"lazy\" decoding=\"async\" data-attachment-id=\"117\" data-permalink=\"https:\/\/vocal.erasmus.site\/tr\/partnership\/attachment\/plovdiv_logo\/\" data-orig-file=\"https:\/\/i0.wp.com\/vocal.erasmus.site\/wp-content\/uploads\/2018\/03\/plovdiv_logo.jpg?fit=225%2C225&amp;ssl=1\" data-orig-size=\"225,225\" data-comments-opened=\"0\" data-image-meta=\"{&quot;aperture&quot;:&quot;0&quot;,&quot;credit&quot;:&quot;&quot;,&quot;camera&quot;:&quot;&quot;,&quot;caption&quot;:&quot;&quot;,&quot;created_timestamp&quot;:&quot;0&quot;,&quot;copyright&quot;:&quot;&quot;,&quot;focal_length&quot;:&quot;0&quot;,&quot;iso&quot;:&quot;0&quot;,&quot;shutter_speed&quot;:&quot;0&quot;,&quot;title&quot;:&quot;&quot;,&quot;orientation&quot;:&quot;0&quot;}\" data-image-title=\"plovdiv_logo\" data-image-description=\"\" data-image-caption=\"\" data-large-file=\"https:\/\/i0.wp.com\/vocal.erasmus.site\/wp-content\/uploads\/2018\/03\/plovdiv_logo.jpg?fit=225%2C225&amp;ssl=1\" class=\"alignnone wp-image-117\" src=\"\/wp-content\/uploads\/2018\/03\/plovdiv_logo.jpg\" alt=\"\" width=\"225\" height=\"225\" srcset=\"https:\/\/i0.wp.com\/vocal.erasmus.site\/wp-content\/uploads\/2018\/03\/plovdiv_logo.jpg?w=225&amp;ssl=1 225w, https:\/\/i0.wp.com\/vocal.erasmus.site\/wp-content\/uploads\/2018\/03\/plovdiv_logo.jpg?resize=150%2C150&amp;ssl=1 150w, https:\/\/i0.wp.com\/vocal.erasmus.site\/wp-content\/uploads\/2018\/03\/plovdiv_logo.jpg?resize=220%2C220&amp;ssl=1 220w, https:\/\/i0.wp.com\/vocal.erasmus.site\/wp-content\/uploads\/2018\/03\/plovdiv_logo.jpg?resize=50%2C50&amp;ssl=1 50w\" sizes=\"(max-width: 225px) 100vw, 225px\" \/><\/div>\n<div><strong style=\"font-size: 18px; color: #f4a86c;\">UNIVERSITY OF PLOVDIV PAISII HILENDARSKI (BG)<\/strong><br \/>\nPlovdiv \u00dcniversitesi \u201cPaisii Hilendarski\u201d \u015fehrin ara\u015ft\u0131rma,bilim ve k\u00fclt\u00fcr merkezidir.Bulgarista\u2019n\u0131n ikinci b\u00fcy\u00fck \u00fcniversitesi olup Kuzey Bulgarista\u2019n\u0131n en b\u00fcy\u00fck y\u00fcksek\u00f6\u011fretm kurumudur.Be\u015f \u00f6nemli alanda \u00f6\u011frencilere e\u011fitim sunmaktad\u0131r.Bunlar:Do\u011fal Bilimler,Bilim,\u0130nsanl\u0131k,Sosyal ve Ekonomik \u00e7al\u0131\u015fmalar.\u00dcniversiteye her y\u0131l Erasmus veya di\u011fer \u00fclkelereden gelenler dahil 15000 \u00f6\u011frenci kay\u0131t olmaktad\u0131r.\u00dcniversite dokuz fak\u00fcltesinde Lisan seviyesinden Y\u00fcksek Lisans ve Doktoraya kadar geni\u015f bir alanda e\u011fitim sunulmaktad\u0131r. Dil ve k\u00fclt\u00fcrleraras\u0131 ileti\u015fim merkezi (CLIC) (Plovdiv \u00dcniversitesin\u2019den projede i\u015ftirak edenlerin kat\u0131l\u0131mc\u0131lar\u0131 sa\u011flad\u0131\u011f\u0131 ) yabanc\u0131 diller ve edebiyat fak\u00fcltelerinin yap\u0131s\u0131nda etkili \u00f6\u011frenmeyi ve ileti\u015fimi g\u00fc\u00e7lendirmek amac\u0131yla kurulmu\u015ftur.Bu merkez dilde ara\u015ft\u0131rma,k\u00fclt\u00fcr ve ileti\u015fim temelinde y\u00fcksek kalitede hizmet sa\u011flamaktad\u0131r.<\/p>\n<p>Detayl\u0131 Bilgi \u0130\u00e7in kurum sayfas\u0131n\u0131 Ziyaret Edebilirsiniz: <a href=\"http:\/\/www.uni-plovdiv.bg\/\" target=\"_blank\" rel=\"noopener\">uni-plovdiv.bg<\/a><\/p>\n<\/div>\n<\/div>\n<hr class=\"separator\" \/>\n<div>\n<div style=\"float: left; height: 353px; margin-right: 10px;\"><img loading=\"lazy\" decoding=\"async\" data-attachment-id=\"398\" data-permalink=\"https:\/\/vocal.erasmus.site\/tr\/partnership\/attachment\/meb_logo-2\/\" data-orig-file=\"https:\/\/i0.wp.com\/vocal.erasmus.site\/wp-content\/uploads\/2018\/05\/meb_logo.jpg?fit=225%2C225&amp;ssl=1\" data-orig-size=\"225,225\" data-comments-opened=\"0\" data-image-meta=\"{&quot;aperture&quot;:&quot;0&quot;,&quot;credit&quot;:&quot;&quot;,&quot;camera&quot;:&quot;&quot;,&quot;caption&quot;:&quot;&quot;,&quot;created_timestamp&quot;:&quot;1526492667&quot;,&quot;copyright&quot;:&quot;&quot;,&quot;focal_length&quot;:&quot;0&quot;,&quot;iso&quot;:&quot;0&quot;,&quot;shutter_speed&quot;:&quot;0&quot;,&quot;title&quot;:&quot;&quot;,&quot;orientation&quot;:&quot;0&quot;}\" data-image-title=\"meb_logo\" data-image-description=\"\" data-image-caption=\"\" data-large-file=\"https:\/\/i0.wp.com\/vocal.erasmus.site\/wp-content\/uploads\/2018\/05\/meb_logo.jpg?fit=225%2C225&amp;ssl=1\" src=\"\/wp-content\/uploads\/2018\/05\/meb_logo.jpg\" alt=\"\" width=\"225\" height=\"225\" class=\"alignnone size-full wp-image-398\" srcset=\"https:\/\/i0.wp.com\/vocal.erasmus.site\/wp-content\/uploads\/2018\/05\/meb_logo.jpg?w=225&amp;ssl=1 225w, https:\/\/i0.wp.com\/vocal.erasmus.site\/wp-content\/uploads\/2018\/05\/meb_logo.jpg?resize=150%2C150&amp;ssl=1 150w, https:\/\/i0.wp.com\/vocal.erasmus.site\/wp-content\/uploads\/2018\/05\/meb_logo.jpg?resize=220%2C220&amp;ssl=1 220w, https:\/\/i0.wp.com\/vocal.erasmus.site\/wp-content\/uploads\/2018\/05\/meb_logo.jpg?resize=50%2C50&amp;ssl=1 50w\" sizes=\"(max-width: 225px) 100vw, 225px\" \/><\/div>\n<div><strong style=\"font-size: 18px; color: #f4a86c;\">Esenler Mesleki ve Teknik Anadolu Lisesi (TR)<\/strong><br \/>\n2011 y\u0131l\u0131nda kurulmu\u015f olup Esenler i\u00e7erisinde yeralmaktad\u0131r.Okul 66 \u00f6\u011fretmen ve 890 \u00f6\u011frenciye sahip olup mesleki e\u011fitimi s\u00fcrd\u00fcrmektedir.Okul \u00f6zellikle Bilgisayar,Elektrik Elektronik ve Tekstil teknolojisi alan\u0131nda faaliyetini s\u00fcrd\u00fcrmekte olup yeti\u015fkinlere y\u00f6nelik okulun ilgi alan\u0131na giren konularda kurslar d\u00fczenlemektedir.Okul k\u00fc\u00e7\u00fck ve orta \u00f6l\u00e7ekli i\u015fletmelerle \u00f6zellikle pyasan\u0131n arad\u0131\u011f\u0131 nitelikli elamanlar\u0131 yeti\u015ftirme amac\u0131yla i\u015fbirli\u011fi yapmaktad\u0131r.okulun son s\u0131n\u0131f \u00f6\u011frencileri bu orta ve k\u00fc\u00e7\u00fck \u00f6l\u00e7ekli i\u015fletmelere i\u015fletmede beceri e\u011fitimi yapmaktad\u0131rlar.Mesleki e\u011fitim s\u00fcresi T\u00fcrkiye\u2019de d\u00f6rt y\u0131l olup e\u011fitimin ilk y\u0131l\u0131 mesle\u011fe haz\u0131rlayan genel dersleri alarak ge\u00e7er.\u0130lk y\u0131l sonunda \u00f6\u011frenci ilgi duydu\u011fu meslek alan\u0131n\u0131 ya kendi okulundan veya ba\u015fka bir okuldan se\u00e7er.Bu se\u00e7im yap\u0131l\u0131rken okul Rehberlik servisi \u00f6\u011frencinin do\u011fru mesle\u011fi se\u00e7mesi konusunda \u00f6\u011frenciye yard\u0131mc\u0131 olur.<\/p>\n<p>Detayl\u0131 Bilgi \u0130\u00e7in kurum sayfas\u0131n\u0131 Ziyaret Edebilirsiniz: <a href=\"http:\/\/www.esenlermtal.meb.k12.tr\/\" target=\"_blank\" rel=\"noopener\">esenlermtal.meb.k12.tr<\/a><\/div>\n<\/div>\n<hr class=\"separator\" \/>\n<div>\n<div style=\"float: left; height: 570px; margin-right: 10px;\"><img loading=\"lazy\" decoding=\"async\" data-attachment-id=\"120\" data-permalink=\"https:\/\/vocal.erasmus.site\/tr\/partnership\/attachment\/berater_logo\/\" data-orig-file=\"https:\/\/i0.wp.com\/vocal.erasmus.site\/wp-content\/uploads\/2018\/03\/berater_logo.jpg?fit=225%2C225&amp;ssl=1\" data-orig-size=\"225,225\" data-comments-opened=\"0\" data-image-meta=\"{&quot;aperture&quot;:&quot;0&quot;,&quot;credit&quot;:&quot;&quot;,&quot;camera&quot;:&quot;&quot;,&quot;caption&quot;:&quot;&quot;,&quot;created_timestamp&quot;:&quot;0&quot;,&quot;copyright&quot;:&quot;&quot;,&quot;focal_length&quot;:&quot;0&quot;,&quot;iso&quot;:&quot;0&quot;,&quot;shutter_speed&quot;:&quot;0&quot;,&quot;title&quot;:&quot;&quot;,&quot;orientation&quot;:&quot;0&quot;}\" data-image-title=\"berater_logo\" data-image-description=\"\" data-image-caption=\"\" data-large-file=\"https:\/\/i0.wp.com\/vocal.erasmus.site\/wp-content\/uploads\/2018\/03\/berater_logo.jpg?fit=225%2C225&amp;ssl=1\" class=\"alignnone wp-image-120\" src=\"\/wp-content\/uploads\/2018\/03\/berater_logo.jpg\" alt=\"\" width=\"225\" height=\"225\" srcset=\"https:\/\/i0.wp.com\/vocal.erasmus.site\/wp-content\/uploads\/2018\/03\/berater_logo.jpg?w=225&amp;ssl=1 225w, https:\/\/i0.wp.com\/vocal.erasmus.site\/wp-content\/uploads\/2018\/03\/berater_logo.jpg?resize=150%2C150&amp;ssl=1 150w, https:\/\/i0.wp.com\/vocal.erasmus.site\/wp-content\/uploads\/2018\/03\/berater_logo.jpg?resize=220%2C220&amp;ssl=1 220w, https:\/\/i0.wp.com\/vocal.erasmus.site\/wp-content\/uploads\/2018\/03\/berater_logo.jpg?resize=50%2C50&amp;ssl=1 50w\" sizes=\"(max-width: 225px) 100vw, 225px\" \/><\/div>\n<div><strong style=\"font-size: 18px; color: #f4a86c;\">dieBerater (AT)<\/strong><br \/>\ndieBerater Unternehmensberatungs GmbH (www.dieberater.com) insan kaynaklar\u0131n\u0131n geli\u015ftirilmesi,mesleki e\u011fitim ve yeti\u015fkin e\u011fimine odaklanm\u0131\u015ft\u0131r.1998\u2019de kurulmu\u015f olan die Berater\u00ae \u015fimdi Avusturya\u2019da 30 farkl\u0131 nokta\u2019da 350 \u00e7al\u0131\u015fana sahiptir.Her y\u0131l 20000 kat\u0131l\u0131mc\u0131ya planlama,personel geli\u015ftirme ve e\u011fitim organizasyonu konular\u0131nda e\u011fitimler veren ve devlet taraf\u0131ndan yeti\u015fkin e\u011fitimi konular\u0131nda yetklendirilen ((\u00d6sterreichischer Staatspreis f\u00fcr Erwachsenenbildung) Avusturya\u2019daki en b\u00fcy\u00fck \u00f6zel e\u011fitim kurumudur.<br \/>\nHizmetler bireylerin, t\u00fcm sekt\u00f6rlerdeki farkl\u0131 b\u00fcy\u00fckl\u00fckteki ulusal ve uluslararas\u0131 firmalar\u0131n ve organizasyonlar\u0131 ayr\u0131ca Avusturya \u0130\u015f Kurumunu (AMS) hedeflemektedir.<\/p>\n<p>dieBerater\u00ae Avrupa\u2019ya k\u00f6pr\u00fc olan b\u00f6l\u00fcmleriyle 120\u2019den fazla Avrupa Birli\u011fi finansl\u0131 projesinde proje koordinat\u00f6r\u00fc,orta\u011f\u0131 ve de\u011ferlendiricisi olarak de\u011fi\u015fik rollerde bulunmu\u015ftur.<br \/>\nBu projeler arac\u0131l\u0131\u011f\u0131yla 500&#8217;den fazla kurulu\u015fla s\u00fcrd\u00fcr\u00fclebilir bir Avrupa ortak a\u011f\u0131nda geli\u015ftirildi.Bu geni\u015f tecr\u00fcbe temelinde pek \u00e7ok AB finansman program\u0131 ile m\u00fc\u015fterler i\u00e7in AB projeleri hakk\u0131nda dan\u0131\u015fmanl\u0131k sunmaktad\u0131r.<\/p>\n<p>die Berater bas\u0131n birimi ki\u015fiye \u00f6zel e-\u00f6\u011frenme ak\u0131ll\u0131 telefon uygulamalar\u0131 gibi e\u011fitim mimarileri geli\u015ftirir ve e-\u00f6\u011frenme konular\u0131 \u00fcretir<\/p>\n<p>Detayl\u0131 Bilgi \u0130\u00e7in kurum sayfas\u0131n\u0131 Ziyaret Edebilirsiniz: <a href=\"http:\/\/www.dieberater.com\/\" target=\"_blank\" rel=\"noopener\">dieberater.com<\/a>, <a href=\"http:\/\/www.bridgestoeurope.com\/en\/bridges-to-europe\/\" target=\"_blank\">bridgestoeurope.com<\/a><\/p>\n<\/div>\n<\/div>\n<p><\/p>","protected":false},"excerpt":{"rendered":"<p>Institute of Technology Tralee (IE) Tralee Teknoloji Enstit\u00fcs\u00fc kurulu\u015fundan bu yana \u00f6\u011frenmenin en \u00f6n saf\u0131nda yeralm\u0131\u015f ve e\u011fitim-\u00f6\u011fretim, \u00f6\u011frenme ve ara\u015ft\u0131rma i\u00e7in \u00f6nemli bir e\u011fitim merkezi olarak \u00fcn kazanm\u0131\u015ft\u0131r.Enstit\u00fcde tam ve yar\u0131 zamanl\u0131 olmak \u00fczere \u00e7e\u015fitli sertifika programlar\u0131ndan, y\u00fcksek lisans ve Doktora derecesine kadar \u00e7e\u015fitli programlar sunmaktad\u0131r. Enstit\u00fcde \u00f6\u011fretilen programlar\u0131n geli\u015ftirilmesi, d\u00fcnya \u00e7ap\u0131nda bir ara\u015ft\u0131rma [&hellip;]<\/p>\n","protected":false},"author":1,"featured_media":0,"parent":0,"menu_order":0,"comment_status":"closed","ping_status":"closed","template":"","meta":{"jetpack_post_was_ever_published":false,"footnotes":""},"class_list":["post-176","page","type-page","status-publish","hentry"],"yoast_head":"<!-- This site is optimized with the Yoast SEO plugin v27.4 - https:\/\/yoast.com\/product\/yoast-seo-wordpress\/ -->\n<title>Ortakl\u0131k - Vocal in Need<\/title>\n<meta name=\"robots\" content=\"index, follow, max-snippet:-1, max-image-preview:large, max-video-preview:-1\" \/>\n<link rel=\"canonical\" href=\"https:\/\/vocal.erasmus.site\/de\/partnership\/\" \/>\n<meta property=\"og:locale\" content=\"tr_TR\" \/>\n<meta property=\"og:type\" content=\"article\" \/>\n<meta property=\"og:title\" content=\"Ortakl\u0131k - Vocal in Need\" \/>\n<meta property=\"og:description\" content=\"Institute of Technology Tralee (IE) Tralee Teknoloji Enstit\u00fcs\u00fc kurulu\u015fundan bu yana \u00f6\u011frenmenin en \u00f6n saf\u0131nda yeralm\u0131\u015f ve e\u011fitim-\u00f6\u011fretim, \u00f6\u011frenme ve ara\u015ft\u0131rma i\u00e7in \u00f6nemli bir e\u011fitim merkezi olarak \u00fcn kazanm\u0131\u015ft\u0131r.Enstit\u00fcde tam ve yar\u0131 zamanl\u0131 olmak \u00fczere \u00e7e\u015fitli sertifika programlar\u0131ndan, y\u00fcksek lisans ve Doktora derecesine kadar \u00e7e\u015fitli programlar sunmaktad\u0131r. Enstit\u00fcde \u00f6\u011fretilen programlar\u0131n geli\u015ftirilmesi, d\u00fcnya \u00e7ap\u0131nda bir ara\u015ft\u0131rma [&hellip;]\" \/>\n<meta property=\"og:url\" content=\"https:\/\/vocal.erasmus.site\/de\/partnership\/\" \/>\n<meta property=\"og:site_name\" content=\"Vocal in Need\" \/>\n<meta property=\"article:modified_time\" content=\"2018-09-17T16:04:16+00:00\" \/>\n<meta property=\"og:image\" content=\"https:\/\/vocal.erasmus.site\/wp-content\/uploads\/2018\/03\/IoT_tralee_logo.jpg\" \/>\n<meta name=\"twitter:card\" content=\"summary_large_image\" \/>\n<meta name=\"twitter:label1\" content=\"Tahmini okuma s\u00fcresi\" \/>\n\t<meta name=\"twitter:data1\" content=\"43 dakika\" \/>\n<script type=\"application\/ld+json\" class=\"yoast-schema-graph\">{\"@context\":\"https:\\\/\\\/schema.org\",\"@graph\":[{\"@type\":\"WebPage\",\"@id\":\"https:\\\/\\\/vocal.erasmus.site\\\/de\\\/partnership\\\/\",\"url\":\"https:\\\/\\\/vocal.erasmus.site\\\/de\\\/partnership\\\/\",\"name\":\"Ortakl\u0131k - Vocal in Need\",\"isPartOf\":{\"@id\":\"https:\\\/\\\/vocal.erasmus.site\\\/#website\"},\"primaryImageOfPage\":{\"@id\":\"https:\\\/\\\/vocal.erasmus.site\\\/de\\\/partnership\\\/#primaryimage\"},\"image\":{\"@id\":\"https:\\\/\\\/vocal.erasmus.site\\\/de\\\/partnership\\\/#primaryimage\"},\"thumbnailUrl\":\"https:\\\/\\\/vocal.erasmus.site\\\/wp-content\\\/uploads\\\/2018\\\/03\\\/MYKOLAROMERIS_UNIVERSITY_logo.jpg\",\"datePublished\":\"2018-03-28T11:41:30+00:00\",\"dateModified\":\"2018-09-17T16:04:16+00:00\",\"breadcrumb\":{\"@id\":\"https:\\\/\\\/vocal.erasmus.site\\\/de\\\/partnership\\\/#breadcrumb\"},\"inLanguage\":\"tr\",\"potentialAction\":[{\"@type\":\"ReadAction\",\"target\":[\"https:\\\/\\\/vocal.erasmus.site\\\/de\\\/partnership\\\/\"]}]},{\"@type\":\"ImageObject\",\"inLanguage\":\"tr\",\"@id\":\"https:\\\/\\\/vocal.erasmus.site\\\/de\\\/partnership\\\/#primaryimage\",\"url\":\"https:\\\/\\\/vocal.erasmus.site\\\/wp-content\\\/uploads\\\/2018\\\/03\\\/MYKOLAROMERIS_UNIVERSITY_logo.jpg\",\"contentUrl\":\"https:\\\/\\\/vocal.erasmus.site\\\/wp-content\\\/uploads\\\/2018\\\/03\\\/MYKOLAROMERIS_UNIVERSITY_logo.jpg\"},{\"@type\":\"BreadcrumbList\",\"@id\":\"https:\\\/\\\/vocal.erasmus.site\\\/de\\\/partnership\\\/#breadcrumb\",\"itemListElement\":[{\"@type\":\"ListItem\",\"position\":1,\"name\":\"Home\",\"item\":\"https:\\\/\\\/vocal.erasmus.site\\\/\"},{\"@type\":\"ListItem\",\"position\":2,\"name\":\"Partner\"}]},{\"@type\":\"WebSite\",\"@id\":\"https:\\\/\\\/vocal.erasmus.site\\\/#website\",\"url\":\"https:\\\/\\\/vocal.erasmus.site\\\/\",\"name\":\"Vocal in Need\",\"description\":\"\",\"publisher\":{\"@id\":\"https:\\\/\\\/vocal.erasmus.site\\\/#organization\"},\"potentialAction\":[{\"@type\":\"SearchAction\",\"target\":{\"@type\":\"EntryPoint\",\"urlTemplate\":\"https:\\\/\\\/vocal.erasmus.site\\\/?s={search_term_string}\"},\"query-input\":{\"@type\":\"PropertyValueSpecification\",\"valueRequired\":true,\"valueName\":\"search_term_string\"}}],\"inLanguage\":\"tr\"},{\"@type\":\"Organization\",\"@id\":\"https:\\\/\\\/vocal.erasmus.site\\\/#organization\",\"name\":\"Vocal in Need\",\"url\":\"https:\\\/\\\/vocal.erasmus.site\\\/\",\"logo\":{\"@type\":\"ImageObject\",\"inLanguage\":\"tr\",\"@id\":\"https:\\\/\\\/vocal.erasmus.site\\\/#\\\/schema\\\/logo\\\/image\\\/\",\"url\":\"https:\\\/\\\/i0.wp.com\\\/vocal.erasmus.site\\\/wp-content\\\/uploads\\\/2018\\\/03\\\/LOGO_FINAL-300x75.png?fit=300%2C75&ssl=1\",\"contentUrl\":\"https:\\\/\\\/i0.wp.com\\\/vocal.erasmus.site\\\/wp-content\\\/uploads\\\/2018\\\/03\\\/LOGO_FINAL-300x75.png?fit=300%2C75&ssl=1\",\"width\":300,\"height\":75,\"caption\":\"Vocal in Need\"},\"image\":{\"@id\":\"https:\\\/\\\/vocal.erasmus.site\\\/#\\\/schema\\\/logo\\\/image\\\/\"}}]}<\/script>\n<!-- \/ Yoast SEO plugin. -->","yoast_head_json":{"title":"Ortakl\u0131k - Vocal in Need","robots":{"index":"index","follow":"follow","max-snippet":"max-snippet:-1","max-image-preview":"max-image-preview:large","max-video-preview":"max-video-preview:-1"},"canonical":"https:\/\/vocal.erasmus.site\/de\/partnership\/","og_locale":"tr_TR","og_type":"article","og_title":"Ortakl\u0131k - Vocal in Need","og_description":"Institute of Technology Tralee (IE) Tralee Teknoloji Enstit\u00fcs\u00fc kurulu\u015fundan bu yana \u00f6\u011frenmenin en \u00f6n saf\u0131nda yeralm\u0131\u015f ve e\u011fitim-\u00f6\u011fretim, \u00f6\u011frenme ve ara\u015ft\u0131rma i\u00e7in \u00f6nemli bir e\u011fitim merkezi olarak \u00fcn kazanm\u0131\u015ft\u0131r.Enstit\u00fcde tam ve yar\u0131 zamanl\u0131 olmak \u00fczere \u00e7e\u015fitli sertifika programlar\u0131ndan, y\u00fcksek lisans ve Doktora derecesine kadar \u00e7e\u015fitli programlar sunmaktad\u0131r. Enstit\u00fcde \u00f6\u011fretilen programlar\u0131n geli\u015ftirilmesi, d\u00fcnya \u00e7ap\u0131nda bir ara\u015ft\u0131rma [&hellip;]","og_url":"https:\/\/vocal.erasmus.site\/de\/partnership\/","og_site_name":"Vocal in Need","article_modified_time":"2018-09-17T16:04:16+00:00","og_image":[{"url":"https:\/\/vocal.erasmus.site\/wp-content\/uploads\/2018\/03\/IoT_tralee_logo.jpg","type":"","width":"","height":""}],"twitter_card":"summary_large_image","twitter_misc":{"Tahmini okuma s\u00fcresi":"43 dakika"},"schema":{"@context":"https:\/\/schema.org","@graph":[{"@type":"WebPage","@id":"https:\/\/vocal.erasmus.site\/de\/partnership\/","url":"https:\/\/vocal.erasmus.site\/de\/partnership\/","name":"Ortakl\u0131k - Vocal in Need","isPartOf":{"@id":"https:\/\/vocal.erasmus.site\/#website"},"primaryImageOfPage":{"@id":"https:\/\/vocal.erasmus.site\/de\/partnership\/#primaryimage"},"image":{"@id":"https:\/\/vocal.erasmus.site\/de\/partnership\/#primaryimage"},"thumbnailUrl":"https:\/\/vocal.erasmus.site\/wp-content\/uploads\/2018\/03\/MYKOLAROMERIS_UNIVERSITY_logo.jpg","datePublished":"2018-03-28T11:41:30+00:00","dateModified":"2018-09-17T16:04:16+00:00","breadcrumb":{"@id":"https:\/\/vocal.erasmus.site\/de\/partnership\/#breadcrumb"},"inLanguage":"tr","potentialAction":[{"@type":"ReadAction","target":["https:\/\/vocal.erasmus.site\/de\/partnership\/"]}]},{"@type":"ImageObject","inLanguage":"tr","@id":"https:\/\/vocal.erasmus.site\/de\/partnership\/#primaryimage","url":"https:\/\/vocal.erasmus.site\/wp-content\/uploads\/2018\/03\/MYKOLAROMERIS_UNIVERSITY_logo.jpg","contentUrl":"https:\/\/vocal.erasmus.site\/wp-content\/uploads\/2018\/03\/MYKOLAROMERIS_UNIVERSITY_logo.jpg"},{"@type":"BreadcrumbList","@id":"https:\/\/vocal.erasmus.site\/de\/partnership\/#breadcrumb","itemListElement":[{"@type":"ListItem","position":1,"name":"Home","item":"https:\/\/vocal.erasmus.site\/"},{"@type":"ListItem","position":2,"name":"Partner"}]},{"@type":"WebSite","@id":"https:\/\/vocal.erasmus.site\/#website","url":"https:\/\/vocal.erasmus.site\/","name":"Vocal in Need","description":"","publisher":{"@id":"https:\/\/vocal.erasmus.site\/#organization"},"potentialAction":[{"@type":"SearchAction","target":{"@type":"EntryPoint","urlTemplate":"https:\/\/vocal.erasmus.site\/?s={search_term_string}"},"query-input":{"@type":"PropertyValueSpecification","valueRequired":true,"valueName":"search_term_string"}}],"inLanguage":"tr"},{"@type":"Organization","@id":"https:\/\/vocal.erasmus.site\/#organization","name":"Vocal in Need","url":"https:\/\/vocal.erasmus.site\/","logo":{"@type":"ImageObject","inLanguage":"tr","@id":"https:\/\/vocal.erasmus.site\/#\/schema\/logo\/image\/","url":"https:\/\/i0.wp.com\/vocal.erasmus.site\/wp-content\/uploads\/2018\/03\/LOGO_FINAL-300x75.png?fit=300%2C75&ssl=1","contentUrl":"https:\/\/i0.wp.com\/vocal.erasmus.site\/wp-content\/uploads\/2018\/03\/LOGO_FINAL-300x75.png?fit=300%2C75&ssl=1","width":300,"height":75,"caption":"Vocal in Need"},"image":{"@id":"https:\/\/vocal.erasmus.site\/#\/schema\/logo\/image\/"}}]}},"jetpack_sharing_enabled":true,"jetpack_shortlink":"https:\/\/wp.me\/P9PcbK-2Q","jetpack-related-posts":[],"_links":{"self":[{"href":"https:\/\/vocal.erasmus.site\/tr\/wp-json\/wp\/v2\/pages\/176","targetHints":{"allow":["GET"]}}],"collection":[{"href":"https:\/\/vocal.erasmus.site\/tr\/wp-json\/wp\/v2\/pages"}],"about":[{"href":"https:\/\/vocal.erasmus.site\/tr\/wp-json\/wp\/v2\/types\/page"}],"author":[{"embeddable":true,"href":"https:\/\/vocal.erasmus.site\/tr\/wp-json\/wp\/v2\/users\/1"}],"replies":[{"embeddable":true,"href":"https:\/\/vocal.erasmus.site\/tr\/wp-json\/wp\/v2\/comments?post=176"}],"version-history":[{"count":55,"href":"https:\/\/vocal.erasmus.site\/tr\/wp-json\/wp\/v2\/pages\/176\/revisions"}],"predecessor-version":[{"id":543,"href":"https:\/\/vocal.erasmus.site\/tr\/wp-json\/wp\/v2\/pages\/176\/revisions\/543"}],"wp:attachment":[{"href":"https:\/\/vocal.erasmus.site\/tr\/wp-json\/wp\/v2\/media?parent=176"}],"curies":[{"name":"wp","href":"https:\/\/api.w.org\/{rel}","templated":true}]}}